{"id":4220,"date":"2024-03-11T19:16:28","date_gmt":"2024-03-11T22:16:28","guid":{"rendered":"https:\/\/rededor2023.blendon.com.br\/capital-social-e-de-relacionamento\/sociedade-e-comunidade\/"},"modified":"2024-07-11T10:22:13","modified_gmt":"2024-07-11T13:22:13","slug":"society-and-community","status":"publish","type":"page","link":"https:\/\/rededor2023.blendon.com.br\/en\/social-and-relationship-capital\/society-and-community\/","title":{"rendered":"Society and community"},"content":{"rendered":"<div class=\"kb-row-layout-wrap kb-row-layout-id4220_ca3cc8-e5 alignnone wp-block-kadence-rowlayout\"><div class=\"kt-row-column-wrap kt-has-2-columns kt-row-layout-row kt-tab-layout-inherit kt-mobile-layout-row kt-row-valign-top\">\n\n<div class=\"wp-block-kadence-column kadence-column4220_d5f0b1-69\"><div class=\"kt-inside-inner-col\">\n<p class=\"has-kb-palette-4-color has-text-color has-link-color has-small-font-size wp-elements-6b31646d410c8d6b48dd8e7d5265ad63\">GRI 3-3<\/p>\n\n\n\n<p>We are mindful of the direct and indirect impacts\u00b9 we have on the communities where we operate, the stakeholders we engage with, and society as a whole. We also recognize that, given our size and nationwide presence, we serve as a catalyst for economic and social development in our area of operation.<\/p>\n\n\n\n<p class=\"has-kb-palette-4-color has-text-color has-link-color wp-elements-1513d0f6747c1e6bc0ebc39abd8d0622\">In line with our commitment to transparency and sustainability best practices, we strive to make a difference for the different stakeholders we engage with. An example is our hiring of local labor and suppliers, which, combined with tax contributions and investments in infrastructure, lead to the improvement of the quality of life for the communities surrounding our units. Our contributions have consistently contributed to the enhancement of national norms, protocols, and policy agendas over the years.<\/p>\n\n\n\n<p>In 2023 alone, about 7,500 indirect jobs were created, and over BRL 400 million were invested in four major projects in the final construction stage: Memorial Star, Complexo Alian\u00e7a, Maca\u00e9 and Vila Nova Star II (Itaim Tower). Municipal tax collections amounted to about BRL 20.6 million, estimated based on the total expenditure on services compared to the municipal ISS (Service Tax) rate for the city where the project was carried out.<\/p>\n\n\n\n<p class=\"has-small-font-size\"><sup>1<\/sup>only positive and real economic impacts on the community and society were identified.<\/p>\n<\/div><\/div>\n\n\n\n<div class=\"wp-block-kadence-column kadence-column4220_c5a57c-f4\"><div class=\"kt-inside-inner-col\"><div class=\"kb-row-layout-wrap kb-row-layout-id4220_40876a-71 alignnone wp-block-kadence-rowlayout\"><div class=\"kt-row-column-wrap kt-has-2-columns kt-row-layout-equal kt-tab-layout-inherit kt-mobile-layout-row kt-row-valign-bottom\">\n\n<div class=\"wp-block-kadence-column kadence-column4220_788443-c1\"><div class=\"kt-inside-inner-col\">\n<p style=\"margin-top:0px;margin-bottom:0px\">Were generated<\/p>\n\n\n\n<p style=\"margin-top:0px;margin-bottom:0px;font-size:50px\">7.500<\/p>\n\n\n\n<p style=\"margin-top:0px;margin-bottom:0px\">INDIRECT JOBS<\/p>\n<\/div><\/div>\n\n\n\n<div class=\"wp-block-kadence-column kadence-column4220_5a6fea-5c\"><div class=\"kt-inside-inner-col\">\n<p style=\"margin-top:0px;margin-bottom:0px;font-size:50px\">+400<\/p>\n\n\n\n<p style=\"margin-top:0px;margin-bottom:0px\">BRL - MILLION<\/p>\n\n\n\n<p style=\"margin-top:0px;margin-bottom:0px\">invested in the construction stage of four hospitals<\/p>\n<\/div><\/div>\n\n<\/div><\/div><\/div><\/div>\n\n<\/div><\/div>\n\n\n<div style=\"height:80px\" aria-hidden=\"true\" class=\"wp-block-spacer\"><\/div>\n\n\n\n<h2 class=\"wp-block-heading has-text-color has-link-color wp-elements-6fd791de9fb525d6ce612ee616dcea5c\" style=\"color:#7d2248\">Contribution to the Brazilian Healthcare System<\/h2>\n\n\n\n<p class=\"has-text-color has-link-color has-small-font-size wp-elements-43670b9e84abfee89101f3521b359153\" style=\"color:#f99fc9\">GRI 3-3, 203-1, 203-2, 413-2<\/p>\n\n\n\n<div class=\"wp-block-kadence-column kadence-column4220_a3ee3d-e0\"><div class=\"kt-inside-inner-col\">\n<p>Our contribution to the advancement and improvement of the Brazilian healthcare system is undeniable, extending beyond our significant contribution evident in the provision of quality healthcare services through a comprehensive network of hospitals and clinics (learn more at Rede D\u2019Or).<\/p>\n\n\n\n<p>In terms of innovation, we are responsible for introducing numerous advancements in medical technology to the market (such as Tomotherapy and CyberKnife radiotherapy equipment), and we account for approximately 20% of Brazil\u2019s robotic surgery infrastructure. In research and education, we operate one of the country\u2019s leading institutes funded by a private healthcare company, the D\u2019Or Institute. Through this institute, we generate knowledge and promote the training of physicians, healthcare professionals, and researchers, not only for our benefit but also for society as a whole. <a href=\"#_bookmark35\">(Learn more in Intellectual Capital).<\/a><\/p>\n\n\n\n<p>Additionally, we are also affiliated with the D\u2019Or Institute for Public Health Management, a non-profit association classified as a Social Health Organization (OSS in Portuguese), which manages the Hospital da Crian\u00e7a in Rio de Janeiro (RJ), a hospital exclusively dedicated to providing free public healthcare services to underprivileged children.<\/p>\n<\/div><\/div>\n\n\n\n<div style=\"height:50px\" aria-hidden=\"true\" class=\"wp-block-spacer\"><\/div>\n\n\n<div class=\"kb-row-layout-wrap kb-row-layout-id4220_1e3a09-5b alignnone wp-block-kadence-rowlayout\"><div class=\"kt-row-column-wrap kt-has-2-columns kt-row-layout-row kt-tab-layout-inherit kt-mobile-layout-row kt-row-valign-top\">\n\n<div class=\"wp-block-kadence-column kadence-column4220_26aeb5-8b\"><div class=\"kt-inside-inner-col\">\n<h2 class=\"wp-block-heading has-text-color has-link-color wp-elements-7f712671a0d0f20ea31dda080503e635\" style=\"color:#7d2248\">Tax collection<\/h2>\n\n\n\n<p class=\"has-text-color has-link-color wp-elements-8358fafc6ed4e58429832b845dbaf299\" style=\"color:#f99fc9\">GRI 207-1<\/p>\n\n\n\n<p>We systematically monitor the regulations of all municipalities and states where we operate, as well as federal laws, to ensure compliance. Rede D\u2019Or\u2019s adherence to tax regulations and legal standards is comprehensive, as is our alignment with tax authorities. Additionally, we regularly monitor any changes in the legislation to which we are subject, allowing us to anticipate any potential impacts on our operations.<\/p>\n<\/div><\/div>\n\n\n\n<div class=\"wp-block-kadence-column kadence-column4220_e0e7ba-06\"><div class=\"kt-inside-inner-col\">\n<p><strong>Allocation of taxes<\/strong> (BRL)<\/p>\n\n\n\n<div class=\"wpdt-c row wpDataTableContainerSimpleTable wpDataTables wpDataTablesWrapper\n wdtscroll\"\n    >\n        <table id=\"wpdtSimpleTable-112\"\n           style=\"border-collapse:collapse;\n                   border-spacing:0px;\"\n           class=\"wpdtSimpleTable wpDataTable\"\n           data-column=\"4\"\n           data-rows=\"5\"\n           data-wpID=\"112\"\n           data-responsive=\"0\"\n           data-has-header=\"1\">\n\n                    <thead>        <tr class=\"wpdt-cell-row \" >\n                            <th class=\"wpdt-cell wpdt-align-left wpdt-bold\"\n                                    data-cell-id=\"A1\"\n                data-col-index=\"0\"\n                data-row-index=\"0\"\n                style=\" width:194px;                padding:10px;\n                \"\n                >\n                                From the Government                <\/th>\n                                            <th class=\"wpdt-cell wpdt-align-right wpdt-bold\"\n                                    data-cell-id=\"B1\"\n                data-col-index=\"1\"\n                data-row-index=\"0\"\n                style=\" width:194px;                padding:10px;\n                \"\n                >\n                                2023                <\/th>\n                                            <th class=\"wpdt-cell wpdt-align-right wpdt-bold\"\n                                    data-cell-id=\"C1\"\n                data-col-index=\"2\"\n                data-row-index=\"0\"\n                style=\" width:194px;                padding:10px;\n                \"\n                >\n                                2022                <\/th>\n                                            <th class=\"wpdt-cell wpdt-align-right wpdt-bold\"\n                                    data-cell-id=\"D1\"\n                data-col-index=\"3\"\n                data-row-index=\"0\"\n                style=\" width:194px;                padding:10px;\n                \"\n                >\n                                2021                <\/th>\n                                        <\/tr>\n                    <tbody>        <tr class=\"wpdt-cell-row \" >\n                            <td class=\"wpdt-cell wpdt-align-left\"\n                                    data-cell-id=\"A2\"\n                data-col-index=\"0\"\n                data-row-index=\"1\"\n                style=\"                padding:10px;\n                \"\n                >\n                                Taxes,\n  federal taxes and contributions                <\/td>\n                                            <td class=\"wpdt-cell wpdt-align-right\"\n                                    data-cell-id=\"B2\"\n                data-col-index=\"1\"\n                data-row-index=\"1\"\n                style=\"                padding:10px;\n                \"\n                >\n                                2,316,822,175 (81.1%)                <\/td>\n                                            <td class=\"wpdt-cell wpdt-align-right\"\n                                    data-cell-id=\"C2\"\n                data-col-index=\"2\"\n                data-row-index=\"1\"\n                style=\"                padding:10px;\n                \"\n                >\n                                2,312,357,224 (84.3%)                <\/td>\n                                            <td class=\"wpdt-cell wpdt-align-right\"\n                                    data-cell-id=\"D2\"\n                data-col-index=\"3\"\n                data-row-index=\"1\"\n                style=\"                padding:10px;\n                \"\n                >\n                                2,283,793,723 (85.2%)                <\/td>\n                                        <\/tr>\n                            <tr class=\"wpdt-cell-row \" >\n                            <td class=\"wpdt-cell wpdt-align-left\"\n                                    data-cell-id=\"A3\"\n                data-col-index=\"0\"\n                data-row-index=\"2\"\n                style=\"                padding:10px;\n                \"\n                >\n                                Taxes and\n  state fees                <\/td>\n                                            <td class=\"wpdt-cell wpdt-align-right\"\n                                    data-cell-id=\"B3\"\n                data-col-index=\"1\"\n                data-row-index=\"2\"\n                style=\"                padding:10px;\n                \"\n                >\n                                905,263 (0.0%)                <\/td>\n                                            <td class=\"wpdt-cell wpdt-align-right\"\n                                    data-cell-id=\"C3\"\n                data-col-index=\"2\"\n                data-row-index=\"2\"\n                style=\"                padding:10px;\n                \"\n                >\n                                1,880,227 (0.1%)                <\/td>\n                                            <td class=\"wpdt-cell wpdt-align-right\"\n                                    data-cell-id=\"D3\"\n                data-col-index=\"3\"\n                data-row-index=\"2\"\n                style=\"                padding:10px;\n                \"\n                >\n                                2,217,023 (0.1%)                <\/td>\n                                        <\/tr>\n                            <tr class=\"wpdt-cell-row \" >\n                            <td class=\"wpdt-cell wpdt-align-left\"\n                                    data-cell-id=\"A4\"\n                data-col-index=\"0\"\n                data-row-index=\"3\"\n                style=\"                padding:10px;\n                \"\n                >\n                                Taxes and\n  municipal taxes and others                <\/td>\n                                            <td class=\"wpdt-cell wpdt-align-right\"\n                                    data-cell-id=\"B4\"\n                data-col-index=\"1\"\n                data-row-index=\"3\"\n                style=\"                padding:10px;\n                \"\n                >\n                                540,881,393 (18.9%)                <\/td>\n                                            <td class=\"wpdt-cell wpdt-align-right\"\n                                    data-cell-id=\"C4\"\n                data-col-index=\"2\"\n                data-row-index=\"3\"\n                style=\"                padding:10px;\n                \"\n                >\n                                429,931,448 (15.6%)                <\/td>\n                                            <td class=\"wpdt-cell wpdt-align-right\"\n                                    data-cell-id=\"D4\"\n                data-col-index=\"3\"\n                data-row-index=\"3\"\n                style=\"                padding:10px;\n                \"\n                >\n                                393,321,172 (14.7%)                <\/td>\n                                        <\/tr>\n                            <tr class=\"wpdt-cell-row \" >\n                            <td class=\"wpdt-cell wpdt-align-left wpdt-bold\"\n                                    data-cell-id=\"A5\"\n                data-col-index=\"0\"\n                data-row-index=\"4\"\n                style=\"                padding:10px;\n                \"\n                >\n                                Total                <\/td>\n                                            <td class=\"wpdt-cell wpdt-align-right wpdt-bold\"\n                                    data-cell-id=\"B5\"\n                data-col-index=\"1\"\n                data-row-index=\"4\"\n                style=\"                padding:10px;\n                \"\n                >\n                                2,858,608,830                <\/td>\n                                            <td class=\"wpdt-cell wpdt-align-right wpdt-bold\"\n                                    data-cell-id=\"C5\"\n                data-col-index=\"2\"\n                data-row-index=\"4\"\n                style=\"                padding:10px;\n                \"\n                >\n                                2,744,068,900                <\/td>\n                                            <td class=\"wpdt-cell wpdt-align-right wpdt-bold\"\n                                    data-cell-id=\"D5\"\n                data-col-index=\"3\"\n                data-row-index=\"4\"\n                style=\"                padding:10px;\n                \"\n                >\n                                2,679,331,918                <\/td>\n                                        <\/tr>\n                    <\/table>\n<\/div><style id='wpdt-custom-style-112'>\ntable.wpdtSimpleTable {\n    font-family: 'gotham-book';\n    font-style: normal;\n    font-weight: ;\n    width: 100% !important;\n\n}\n\n.wpdt-cell {\n    border-bottom: 1px solid  rgba(124, 124, 124, 0.25) !important;\n    border-left: none !important;\n    border-right: none !important;\n}.wpDataTablesWrapper table.wpDataTable > thead > tr > th{ border: none !important; }\n<\/style>\n<style>\n\/* th background color *\/\n.wpdt-c.wpDataTablesWrapper table.wpdtSimpleTable.bt[data-has-header='1'] td.wpdt-header-classes,\n.wpdt-c.wpDataTablesWrapper table.wpdtSimpleTable thead th,\n.wpdt-c .wpDataTablesWrapper table.wpDataTable thead th,\n.wpdt-c .wpDataTablesWrapper table.wpDataTable thead th.sorting {\n\tbackground-color: #005eb8 !important;\n    background-image: none !important;\n}\n\/* th font color *\/\n.wpdt-c.wpDataTablesWrapper table.wpdtSimpleTable.bt[data-has-header='1'] td.wpdt-header-classes,\n.wpdt-c.wpDataTablesWrapper table.wpdtSimpleTable thead th,\n.wpdt-c .wpDataTablesWrapper table.wpDataTable thead th {\n\tcolor: #fff !important;\n}\n.wpdt-c .wpDataTablesWrapper table.wpDataTable thead th.sorting:after,\n.wpdt-c .wpDataTablesWrapper table.wpDataTable thead th.sorting_asc:after {\n\tborder-bottom-color: #fff !important;\n}\n.wpdt-c .wpDataTablesWrapper table.wpDataTable thead th.sorting_desc:after {\n\tborder-top-color: #fff !important;\n}\n\n\/* odd rows background color *\/\n.wpdt-c.wpDataTablesWrapper table.wpdtSimpleTable tr.odd td,\n.wpdt-c .wpDataTablesWrapper table.wpDataTable tr.odd td {\n\tbackground-color: #F3F1EF !important;\n}\n\/* even rows background color *\/\n.wpdt-c.wpDataTablesWrapper table.wpdtSimpleTable tr.even td,\n.wpdt-c .wpDataTablesWrapper table.wpDataTable tr.even td,\n.wpdt-c .wpDataTablesWrapper table.has-columns-hidden tr.row-detail > td {\n\tbackground-color: #F3F1EF !important;\n}\n\/* odd rows active background color *\/\n.wpdt-c .wpDataTablesWrapper table.wpDataTable tr.odd td.sorting_1 {\n\tbackground-color: #FFFFFF00 !important;\n}\n\/* even rows active background color *\/\n.wpdt-c .wpDataTablesWrapper table.wpDataTable tr.even td.sorting_1 {\n\tbackground-color: #FFFFFF00 !important;\n}\n\/* rows hover background color *\/\n.wpdt-c.wpDataTablesWrapper table.wpdtSimpleTable tr.odd:hover > td,\n.wpdt-c .wpDataTablesWrapper table.wpDataTable tr.odd:hover > td,\n.wpdt-c .wpDataTablesWrapper table.wpDataTable tr.odd:hover > td.sorting_1,\n.wpdt-c .wpDataTablesWrapper table.wpDataTable tr.even:hover > td,\n.wpdt-c.wpDataTablesWrapper table.wpdtSimpleTable tr.even:hover > td,\n.wpdt-c .wpDataTablesWrapper table.wpDataTable tr.even:hover > td.sorting_1 {\n\tbackground-color: rgba(0, 0, 0, 0.05) !important;\n}\n\/* table font size *\/\n.wpdt-c.wpDataTablesWrapper table.wpdtSimpleTable,\n.wpdt-c .wpDataTablesWrapper table.wpDataTable {\n    font-size:14px !important;\n}\n \n<\/style>\n\n<\/div><\/div>\n\n<\/div><\/div>\n\n\n<div style=\"height:50px\" aria-hidden=\"true\" class=\"wp-block-spacer\"><\/div>\n\n\n\n<h2 class=\"wp-block-heading has-text-color has-link-color wp-elements-dc26948dcf99a9a12baca53592488c0c\" style=\"color:#7d2248\">Community projects<\/h2>\n\n\n\n<p class=\"has-text-color has-link-color has-small-font-size wp-elements-6035e4a00c54ccfd1e77e91998eb4506\" style=\"color:#f99fc9\">GRI 3-3, 201-4, 203-1, 203-2<\/p>\n\n\n\n<div class=\"wp-block-kadence-column kadence-column4220_5a0ee3-df\"><div class=\"kt-inside-inner-col\">\n<p>Guided by our principles and values, we contribute to the development of local communities where we operate and encourage the implementation of various projects, including cultural and sports initiatives, as well as initiatives supporting children, youth, and the elderly, and healthcare assistance nationwide. These actions are sponsored by tax incentive policies and aligned with our stance on the ESG agenda, addressing the eight <a href=\"https:\/\/brasil.un.org\/pt-br\/sdgs\">Sustainable Development Goals<\/a> (SDGs) that we prioritize:<\/p>\n<\/div><\/div>\n\n\n\n<div style=\"height:40px\" aria-hidden=\"true\" class=\"wp-block-spacer\"><\/div>\n\n\n\n<div class=\"wp-block-kadence-column kadence-column4220_444fbb-4f\"><div class=\"kt-inside-inner-col\">\n<div class=\"wp-block-group is-content-justification-center is-layout-flex wp-container-core-group-is-layout-1 wp-block-group-is-layout-flex\">\n<figure class=\"wp-block-image size-full\"><img loading=\"lazy\" decoding=\"async\" width=\"141\" height=\"141\" src=\"https:\/\/rededor2023.blendon.com.br\/wp-content\/uploads\/2024\/06\/SDG3.png\" alt=\"\" class=\"wp-image-4924\"\/><\/figure>\n\n\n\n<figure class=\"wp-block-image size-full\"><img loading=\"lazy\" decoding=\"async\" width=\"141\" height=\"141\" src=\"https:\/\/rededor2023.blendon.com.br\/wp-content\/uploads\/2024\/06\/SDG4.png\" alt=\"\" class=\"wp-image-4927\"\/><\/figure>\n\n\n\n<figure class=\"wp-block-image size-full\"><img loading=\"lazy\" decoding=\"async\" width=\"141\" height=\"141\" src=\"https:\/\/rededor2023.blendon.com.br\/wp-content\/uploads\/2024\/06\/SDG5.png\" alt=\"\" class=\"wp-image-4929\"\/><\/figure>\n\n\n\n<figure class=\"wp-block-image size-full\"><img loading=\"lazy\" decoding=\"async\" width=\"142\" height=\"141\" src=\"https:\/\/rededor2023.blendon.com.br\/wp-content\/uploads\/2024\/06\/SDG8.png\" alt=\"\" class=\"wp-image-4935\"\/><\/figure>\n\n\n\n<figure class=\"wp-block-image size-full\"><img loading=\"lazy\" decoding=\"async\" width=\"141\" height=\"140\" src=\"https:\/\/rededor2023.blendon.com.br\/wp-content\/uploads\/2024\/06\/SDG9.png\" alt=\"\" class=\"wp-image-4937\"\/><\/figure>\n\n\n\n<figure class=\"wp-block-image size-full\"><img loading=\"lazy\" decoding=\"async\" width=\"141\" height=\"141\" src=\"https:\/\/rededor2023.blendon.com.br\/wp-content\/uploads\/2024\/06\/SDG12.png\" alt=\"\" class=\"wp-image-4943\"\/><\/figure>\n\n\n\n<figure class=\"wp-block-image size-full\"><img loading=\"lazy\" decoding=\"async\" width=\"141\" height=\"141\" src=\"https:\/\/rededor2023.blendon.com.br\/wp-content\/uploads\/2024\/06\/SDG13.png\" alt=\"\" class=\"wp-image-4945\"\/><\/figure>\n\n\n\n<figure class=\"wp-block-image size-full\"><img loading=\"lazy\" decoding=\"async\" width=\"142\" height=\"141\" src=\"https:\/\/rededor2023.blendon.com.br\/wp-content\/uploads\/2024\/06\/SDG16.png\" alt=\"\" class=\"wp-image-4951\"\/><\/figure>\n<\/div>\n<\/div><\/div>\n\n\n\n<div style=\"height:40px\" aria-hidden=\"true\" class=\"wp-block-spacer\"><\/div>\n\n\n<div class=\"kb-row-layout-wrap kb-row-layout-id4220_3ba8e0-c6 alignnone wp-block-kadence-rowlayout\"><div class=\"kt-row-column-wrap kt-has-2-columns kt-row-layout-left-golden kt-tab-layout-inherit kt-mobile-layout-row kt-row-valign-top\">\n\n<div class=\"wp-block-kadence-column kadence-column4220_9aee6b-ea\"><div class=\"kt-inside-inner-col\">\n<p>Our participation in these actions is governed by our <a href=\"https:\/\/api.mziq.com\/mzfilemanager\/v2\/d\/5ecded6f-d02b-4439-bd60-b78400f01f1e\/fa21169a-4509-f28c-11ea-e93a02fdeefd?origin=1\">Social Responsibility Policy<\/a>, which sets the goals of our private social investment initiatives. In 2023, these projects involved nearly 1.6 million direct and indirect beneficiaries and represented an investment of about BRL 17.5 million.<\/p>\n<\/div><\/div>\n\n\n\n<div class=\"wp-block-kadence-column kadence-column4220_015d19-9d\"><div class=\"kt-inside-inner-col\">\n<p class=\"has-kb-palette-4-color has-text-color has-link-color wp-elements-d31887c849aa945f1bc93d4852aa1480\" style=\"margin-top:0px;margin-bottom:0px\">Investiment of<\/p>\n\n\n\n<p style=\"margin-top:0px;margin-bottom:0px;font-size:50px\">BRL17.5<\/p>\n\n\n\n<p style=\"margin-top:0px;margin-bottom:0px\">million<\/p>\n\n\n\n<p class=\"has-kb-palette-4-color has-text-color has-link-color wp-elements-356f8897fa7c3467e662dc2b64b04cfc\" style=\"margin-top:0px;margin-bottom:0px\">in social projects<\/p>\n<\/div><\/div>\n\n<\/div><\/div>\n\n\n<div style=\"height:40px\" aria-hidden=\"true\" class=\"wp-block-spacer\"><\/div>\n\n\n\n<p>In 2023, we used the amounts described in the table below resulting from tax benefits provided for in the Brazilian legislation. | GRI 201-4<\/p>\n\n\n<div class=\"kb-row-layout-wrap kb-row-layout-id4220_9ad15f-9d alignnone wp-block-kadence-rowlayout\"><div class=\"kt-row-column-wrap kt-has-2-columns kt-row-layout-row kt-tab-layout-inherit kt-mobile-layout-row kt-row-valign-top\">\n\n<div class=\"wp-block-kadence-column kadence-column4220_78ca99-89\"><div class=\"kt-inside-inner-col\">\n<div class=\"wpdt-c row wpDataTableContainerSimpleTable wpDataTables wpDataTablesWrapper\n wdtscroll\"\n    >\n        <table id=\"wpdtSimpleTable-113\"\n           style=\"border-collapse:collapse;\n                   border-spacing:0px;\"\n           class=\"wpdtSimpleTable wpDataTable\"\n           data-column=\"4\"\n           data-rows=\"11\"\n           data-wpID=\"113\"\n           data-responsive=\"0\"\n           data-has-header=\"1\">\n\n                    <thead>        <tr class=\"wpdt-cell-row \" >\n                            <th class=\"wpdt-cell wpdt-align-left wpdt-bold\"\n                                    data-cell-id=\"A1\"\n                data-col-index=\"0\"\n                data-row-index=\"0\"\n                style=\" width:461px;                padding:10px;\n                \"\n                >\n                                Tax incentives (BRL thousand)                <\/th>\n                                            <th class=\"wpdt-cell wpdt-align-right wpdt-bold\"\n                                    data-cell-id=\"B1\"\n                data-col-index=\"1\"\n                data-row-index=\"0\"\n                style=\" width:100px;                padding:10px;\n                \"\n                >\n                                2023                <\/th>\n                                            <th class=\"wpdt-cell wpdt-align-right wpdt-bold\"\n                                    data-cell-id=\"C1\"\n                data-col-index=\"2\"\n                data-row-index=\"0\"\n                style=\" width:100px;                padding:10px;\n                \"\n                >\n                                2022                <\/th>\n                                            <th class=\"wpdt-cell wpdt-align-right wpdt-bold\"\n                                    data-cell-id=\"D1\"\n                data-col-index=\"3\"\n                data-row-index=\"0\"\n                style=\" width:100px;                padding:10px;\n                \"\n                >\n                                2021                <\/th>\n                                        <\/tr>\n                    <tbody>        <tr class=\"wpdt-cell-row \" >\n                            <td class=\"wpdt-cell wpdt-align-left\"\n                                    data-cell-id=\"A2\"\n                data-col-index=\"0\"\n                data-row-index=\"1\"\n                style=\"                padding:10px;\n                \"\n                >\n                                Cultural Incentive Law - Rouanet Act                <\/td>\n                                            <td class=\"wpdt-cell wpdt-align-right\"\n                                    data-cell-id=\"B2\"\n                data-col-index=\"1\"\n                data-row-index=\"1\"\n                style=\"                padding:10px;\n                \"\n                >\n                                6,180                <\/td>\n                                            <td class=\"wpdt-cell wpdt-align-right\"\n                                    data-cell-id=\"C2\"\n                data-col-index=\"2\"\n                data-row-index=\"1\"\n                style=\"                padding:10px;\n                \"\n                >\n                                5,940                <\/td>\n                                            <td class=\"wpdt-cell wpdt-align-right\"\n                                    data-cell-id=\"D2\"\n                data-col-index=\"3\"\n                data-row-index=\"1\"\n                style=\"                padding:10px;\n                \"\n                >\n                                5,550                <\/td>\n                                        <\/tr>\n                            <tr class=\"wpdt-cell-row \" >\n                            <td class=\"wpdt-cell wpdt-align-left\"\n                                    data-cell-id=\"A3\"\n                data-col-index=\"0\"\n                data-row-index=\"2\"\n                style=\"                padding:10px;\n                \"\n                >\n                                Cultural Incentive Law - Service Tax (ISS)                <\/td>\n                                            <td class=\"wpdt-cell wpdt-align-right\"\n                                    data-cell-id=\"B3\"\n                data-col-index=\"1\"\n                data-row-index=\"2\"\n                style=\"                padding:10px;\n                \"\n                >\n                                4,669                <\/td>\n                                            <td class=\"wpdt-cell wpdt-align-right\"\n                                    data-cell-id=\"C3\"\n                data-col-index=\"2\"\n                data-row-index=\"2\"\n                style=\"                padding:10px;\n                \"\n                >\n                                1,371                <\/td>\n                                            <td class=\"wpdt-cell wpdt-align-right\"\n                                    data-cell-id=\"D3\"\n                data-col-index=\"3\"\n                data-row-index=\"2\"\n                style=\"                padding:10px;\n                \"\n                >\n                                788                <\/td>\n                                        <\/tr>\n                            <tr class=\"wpdt-cell-row \" >\n                            <td class=\"wpdt-cell wpdt-align-left\"\n                                    data-cell-id=\"A4\"\n                data-col-index=\"0\"\n                data-row-index=\"3\"\n                style=\"                padding:10px;\n                \"\n                >\n                                Audiovisual Incentive Law                <\/td>\n                                            <td class=\"wpdt-cell wpdt-align-right\"\n                                    data-cell-id=\"B4\"\n                data-col-index=\"1\"\n                data-row-index=\"3\"\n                style=\"                padding:10px;\n                \"\n                >\n                                NA\u00b9                <\/td>\n                                            <td class=\"wpdt-cell wpdt-align-right\"\n                                    data-cell-id=\"C4\"\n                data-col-index=\"2\"\n                data-row-index=\"3\"\n                style=\"                padding:10px;\n                \"\n                >\n                                600                <\/td>\n                                            <td class=\"wpdt-cell wpdt-align-right\"\n                                    data-cell-id=\"D4\"\n                data-col-index=\"3\"\n                data-row-index=\"3\"\n                style=\"                padding:10px;\n                \"\n                >\n                                1,347                <\/td>\n                                        <\/tr>\n                            <tr class=\"wpdt-cell-row \" >\n                            <td class=\"wpdt-cell wpdt-align-left\"\n                                    data-cell-id=\"A5\"\n                data-col-index=\"0\"\n                data-row-index=\"4\"\n                style=\"                padding:10px;\n                \"\n                >\n                                Sports Incentive Law                <\/td>\n                                            <td class=\"wpdt-cell wpdt-align-right\"\n                                    data-cell-id=\"B5\"\n                data-col-index=\"1\"\n                data-row-index=\"4\"\n                style=\"                padding:10px;\n                \"\n                >\n                                3,079                <\/td>\n                                            <td class=\"wpdt-cell wpdt-align-right\"\n                                    data-cell-id=\"C5\"\n                data-col-index=\"2\"\n                data-row-index=\"4\"\n                style=\"                padding:10px;\n                \"\n                >\n                                1,558                <\/td>\n                                            <td class=\"wpdt-cell wpdt-align-right\"\n                                    data-cell-id=\"D5\"\n                data-col-index=\"3\"\n                data-row-index=\"4\"\n                style=\"                padding:10px;\n                \"\n                >\n                                2,090                <\/td>\n                                        <\/tr>\n                            <tr class=\"wpdt-cell-row \" >\n                            <td class=\"wpdt-cell wpdt-align-left\"\n                                    data-cell-id=\"A6\"\n                data-col-index=\"0\"\n                data-row-index=\"5\"\n                style=\"                padding:10px;\n                \"\n                >\n                                Municipal Fund for the Rights of Children and Adolescents (FUMCAD)                <\/td>\n                                            <td class=\"wpdt-cell wpdt-align-right\"\n                                    data-cell-id=\"B6\"\n                data-col-index=\"1\"\n                data-row-index=\"5\"\n                style=\"                padding:10px;\n                \"\n                >\n                                902                <\/td>\n                                            <td class=\"wpdt-cell wpdt-align-right\"\n                                    data-cell-id=\"C6\"\n                data-col-index=\"2\"\n                data-row-index=\"5\"\n                style=\"                padding:10px;\n                \"\n                >\n                                1,531                <\/td>\n                                            <td class=\"wpdt-cell wpdt-align-right\"\n                                    data-cell-id=\"D6\"\n                data-col-index=\"3\"\n                data-row-index=\"5\"\n                style=\"                padding:10px;\n                \"\n                >\n                                NA \u00b9                <\/td>\n                                        <\/tr>\n                            <tr class=\"wpdt-cell-row \" >\n                            <td class=\"wpdt-cell wpdt-align-left\"\n                                    data-cell-id=\"A7\"\n                data-col-index=\"0\"\n                data-row-index=\"6\"\n                style=\"                padding:10px;\n                \"\n                >\n                                State Council for the Rights of Children and Adolescents (CONDECA)                <\/td>\n                                            <td class=\"wpdt-cell wpdt-align-right\"\n                                    data-cell-id=\"B7\"\n                data-col-index=\"1\"\n                data-row-index=\"6\"\n                style=\"                padding:10px;\n                \"\n                >\n                                106                <\/td>\n                                            <td class=\"wpdt-cell wpdt-align-right\"\n                                    data-cell-id=\"C7\"\n                data-col-index=\"2\"\n                data-row-index=\"6\"\n                style=\"                padding:10px;\n                \"\n                >\n                                NA \u00b9                <\/td>\n                                            <td class=\"wpdt-cell wpdt-align-right\"\n                                    data-cell-id=\"D7\"\n                data-col-index=\"3\"\n                data-row-index=\"6\"\n                style=\"                padding:10px;\n                \"\n                >\n                                NA \u00b9                <\/td>\n                                        <\/tr>\n                            <tr class=\"wpdt-cell-row \" >\n                            <td class=\"wpdt-cell wpdt-align-left\"\n                                    data-cell-id=\"A8\"\n                data-col-index=\"0\"\n                data-row-index=\"7\"\n                style=\"                padding:10px;\n                \"\n                >\n                                Municipal Council for the Rights of Children and Adolescents (FUNCRIA) and Children and Adolescent Municipal Fund (FMIA)                <\/td>\n                                            <td class=\"wpdt-cell wpdt-align-right\"\n                                    data-cell-id=\"B8\"\n                data-col-index=\"1\"\n                data-row-index=\"7\"\n                style=\"                padding:10px;\n                \"\n                >\n                                530                <\/td>\n                                            <td class=\"wpdt-cell wpdt-align-right\"\n                                    data-cell-id=\"C8\"\n                data-col-index=\"2\"\n                data-row-index=\"7\"\n                style=\"                padding:10px;\n                \"\n                >\n                                NA \u00b9                <\/td>\n                                            <td class=\"wpdt-cell wpdt-align-right\"\n                                    data-cell-id=\"D8\"\n                data-col-index=\"3\"\n                data-row-index=\"7\"\n                style=\"                padding:10px;\n                \"\n                >\n                                2,090                <\/td>\n                                        <\/tr>\n                            <tr class=\"wpdt-cell-row \" >\n                            <td class=\"wpdt-cell wpdt-align-left\"\n                                    data-cell-id=\"A9\"\n                data-col-index=\"0\"\n                data-row-index=\"8\"\n                style=\"                padding:10px;\n                \"\n                >\n                                National Elderly\n  Support Fund                <\/td>\n                                            <td class=\"wpdt-cell wpdt-align-right\"\n                                    data-cell-id=\"B9\"\n                data-col-index=\"1\"\n                data-row-index=\"8\"\n                style=\"                padding:10px;\n                \"\n                >\n                                1,499                <\/td>\n                                            <td class=\"wpdt-cell wpdt-align-right\"\n                                    data-cell-id=\"C9\"\n                data-col-index=\"2\"\n                data-row-index=\"8\"\n                style=\"                padding:10px;\n                \"\n                >\n                                1,531                <\/td>\n                                            <td class=\"wpdt-cell wpdt-align-right\"\n                                    data-cell-id=\"D9\"\n                data-col-index=\"3\"\n                data-row-index=\"8\"\n                style=\"                padding:10px;\n                \"\n                >\n                                1,957                <\/td>\n                                        <\/tr>\n                            <tr class=\"wpdt-cell-row \" >\n                            <td class=\"wpdt-cell wpdt-align-left\"\n                                    data-cell-id=\"A10\"\n                data-col-index=\"0\"\n                data-row-index=\"9\"\n                style=\"                padding:10px;\n                \"\n                >\n                                National Cancer Care Program (PRONON)                <\/td>\n                                            <td class=\"wpdt-cell wpdt-align-right\"\n                                    data-cell-id=\"B10\"\n                data-col-index=\"1\"\n                data-row-index=\"9\"\n                style=\"                padding:10px;\n                \"\n                >\n                                500                <\/td>\n                                            <td class=\"wpdt-cell wpdt-align-right\"\n                                    data-cell-id=\"C10\"\n                data-col-index=\"2\"\n                data-row-index=\"9\"\n                style=\"                padding:10px;\n                \"\n                >\n                                NA\u00b9                <\/td>\n                                            <td class=\"wpdt-cell wpdt-align-right\"\n                                    data-cell-id=\"D10\"\n                data-col-index=\"3\"\n                data-row-index=\"9\"\n                style=\"                padding:10px;\n                \"\n                >\n                                500                <\/td>\n                                        <\/tr>\n                            <tr class=\"wpdt-cell-row \" >\n                            <td class=\"wpdt-cell wpdt-align-left wpdt-bold\"\n                                    data-cell-id=\"A11\"\n                data-col-index=\"0\"\n                data-row-index=\"10\"\n                style=\"                padding:10px;\n                \"\n                >\n                                Total                <\/td>\n                                            <td class=\"wpdt-cell wpdt-align-right wpdt-bold\"\n                                    data-cell-id=\"B11\"\n                data-col-index=\"1\"\n                data-row-index=\"10\"\n                style=\"                padding:10px;\n                \"\n                >\n                                17,465                <\/td>\n                                            <td class=\"wpdt-cell wpdt-align-right wpdt-bold\"\n                                    data-cell-id=\"C11\"\n                data-col-index=\"2\"\n                data-row-index=\"10\"\n                style=\"                padding:10px;\n                \"\n                >\n                                12,531                <\/td>\n                                            <td class=\"wpdt-cell wpdt-align-right wpdt-bold\"\n                                    data-cell-id=\"D11\"\n                data-col-index=\"3\"\n                data-row-index=\"10\"\n                style=\"                padding:10px;\n                \"\n                >\n                                14,322                <\/td>\n                                        <\/tr>\n                    <\/table>\n<\/div><style id='wpdt-custom-style-113'>\ntable.wpdtSimpleTable {\n    font-family: 'gotham-book';\n    font-style: normal;\n    font-weight: ;\n    width: 100% !important;\n\n}\n\n.wpdt-cell {\n    border-bottom: 1px solid  rgba(124, 124, 124, 0.25) !important;\n    border-left: none !important;\n    border-right: none !important;\n}.wpDataTablesWrapper table.wpDataTable > thead > tr > th{ border: none !important; }\n<\/style>\n<style>\n\/* th background color *\/\n.wpdt-c.wpDataTablesWrapper table.wpdtSimpleTable.bt[data-has-header='1'] td.wpdt-header-classes,\n.wpdt-c.wpDataTablesWrapper table.wpdtSimpleTable thead th,\n.wpdt-c .wpDataTablesWrapper table.wpDataTable thead th,\n.wpdt-c .wpDataTablesWrapper table.wpDataTable thead th.sorting {\n\tbackground-color: #005eb8 !important;\n    background-image: none !important;\n}\n\/* th font color *\/\n.wpdt-c.wpDataTablesWrapper table.wpdtSimpleTable.bt[data-has-header='1'] td.wpdt-header-classes,\n.wpdt-c.wpDataTablesWrapper table.wpdtSimpleTable thead th,\n.wpdt-c .wpDataTablesWrapper table.wpDataTable thead th {\n\tcolor: #fff !important;\n}\n.wpdt-c .wpDataTablesWrapper table.wpDataTable thead th.sorting:after,\n.wpdt-c .wpDataTablesWrapper table.wpDataTable thead th.sorting_asc:after {\n\tborder-bottom-color: #fff !important;\n}\n.wpdt-c .wpDataTablesWrapper table.wpDataTable thead th.sorting_desc:after {\n\tborder-top-color: #fff !important;\n}\n\n\/* odd rows background color *\/\n.wpdt-c.wpDataTablesWrapper table.wpdtSimpleTable tr.odd td,\n.wpdt-c .wpDataTablesWrapper table.wpDataTable tr.odd td {\n\tbackground-color: #F3F1EF !important;\n}\n\/* even rows background color *\/\n.wpdt-c.wpDataTablesWrapper table.wpdtSimpleTable tr.even td,\n.wpdt-c .wpDataTablesWrapper table.wpDataTable tr.even td,\n.wpdt-c .wpDataTablesWrapper table.has-columns-hidden tr.row-detail > td {\n\tbackground-color: #F3F1EF !important;\n}\n\/* odd rows active background color *\/\n.wpdt-c .wpDataTablesWrapper table.wpDataTable tr.odd td.sorting_1 {\n\tbackground-color: #FFFFFF00 !important;\n}\n\/* even rows active background color *\/\n.wpdt-c .wpDataTablesWrapper table.wpDataTable tr.even td.sorting_1 {\n\tbackground-color: #FFFFFF00 !important;\n}\n\/* rows hover background color *\/\n.wpdt-c.wpDataTablesWrapper table.wpdtSimpleTable tr.odd:hover > td,\n.wpdt-c .wpDataTablesWrapper table.wpDataTable tr.odd:hover > td,\n.wpdt-c .wpDataTablesWrapper table.wpDataTable tr.odd:hover > td.sorting_1,\n.wpdt-c .wpDataTablesWrapper table.wpDataTable tr.even:hover > td,\n.wpdt-c.wpDataTablesWrapper table.wpdtSimpleTable tr.even:hover > td,\n.wpdt-c .wpDataTablesWrapper table.wpDataTable tr.even:hover > td.sorting_1 {\n\tbackground-color: rgba(0, 0, 0, 0.05) !important;\n}\n\/* table font size *\/\n.wpdt-c.wpDataTablesWrapper table.wpdtSimpleTable,\n.wpdt-c .wpDataTablesWrapper table.wpDataTable {\n    font-size:14px !important;\n}\n \n<\/style>\n\n\n\n\n<p class=\"has-small-font-size\">\u00b9Does not apply for the year.<\/p>\n<\/div><\/div>\n\n\n\n<div class=\"wp-block-kadence-column kadence-column4220_0772d1-16\"><div class=\"kt-inside-inner-col\"><div class=\"wp-block-image\">\n<figure class=\"aligncenter size-full\"><img loading=\"lazy\" decoding=\"async\" width=\"807\" height=\"386\" src=\"https:\/\/rededor2023.blendon.com.br\/wp-content\/uploads\/2024\/04\/projetos-com-a-comunidade.webp\" alt=\"\" class=\"wp-image-2716\" srcset=\"https:\/\/rededor2023.blendon.com.br\/wp-content\/uploads\/2024\/04\/projetos-com-a-comunidade.webp 807w, https:\/\/rededor2023.blendon.com.br\/wp-content\/uploads\/2024\/04\/projetos-com-a-comunidade-300x143.webp 300w, https:\/\/rededor2023.blendon.com.br\/wp-content\/uploads\/2024\/04\/projetos-com-a-comunidade-768x367.webp 768w\" sizes=\"(max-width: 807px) 100vw, 807px\" \/><\/figure><\/div><\/div><\/div>\n\n<\/div><\/div>\n\n\n<div style=\"height:40px\" aria-hidden=\"true\" class=\"wp-block-spacer\"><\/div>\n\n\n\n<h2 class=\"wp-block-heading has-kb-palette-17-color has-text-color has-link-color wp-elements-6a1394bd2b37c9a03f987ea4960a3676\">Key Projects Sponsored by Rede D\u2019Or in 2023<\/h2>\n\n\n<div class=\"kb-row-layout-wrap kb-row-layout-id4220_f07f8f-b9 alignnone wp-block-kadence-rowlayout\"><div class=\"kt-row-column-wrap kt-has-2-columns kt-row-layout-equal kt-tab-layout-inherit kt-mobile-layout-row kt-row-valign-top\">\n\n<div class=\"wp-block-kadence-column kadence-column4220_66db42-be\"><div class=\"kt-inside-inner-col\">\n<div class=\"wp-block-kadence-accordion alignnone\"><div class=\"kt-accordion-wrap kt-accordion-id4220_a7f2d6-90 kt-accordion-has-36-panes kt-active-pane-0 kt-accordion-block kt-pane-header-alignment-left kt-accodion-icon-style-basic kt-accodion-icon-side-right\" style=\"max-width:none\"><div class=\"kt-accordion-inner-wrap\" data-allow-multiple-open=\"true\" data-start-open=\"none\">\n<div class=\"wp-block-kadence-pane kt-accordion-pane kt-accordion-pane-1 kt-pane4220_8d5a87-35\"><div class=\"kt-accordion-header-wrap\"><button class=\"kt-blocks-accordion-header kt-acccordion-button-label-show\"><span class=\"kt-blocks-accordion-title-wrap\"><span class=\"kt-blocks-accordion-title\">Aprendendo com Arte (Fortaleza e Or\u00f3s\/ CE)<\/span><\/span><span class=\"kt-blocks-accordion-icon-trigger\"><\/span><\/button><\/div><div class=\"kt-accordion-panel kt-accordion-panel-hidden\"><div class=\"kt-accordion-panel-inner\">\n<p class=\"has-kb-palette-19-color has-text-color has-link-color wp-elements-029c24b8310f867d22337a115fbd52ca\"><em>Municipal Fund for Children and Adolescents (CMDCA de Or\u00f3s)<\/em><\/p>\n\n\n\n<p>In partnership with the Raimundo Fagner Social Foundation, the project promotes activities designed within the pedagogical framework aimed at integrating culture, technology, formal education, and fostering reflective awareness through workshops on singing, choir, flute, guitar, music theory, musicalization, ensemble practice, theater, computer science, reading and writing, literature, and art history.<\/p>\n\n\n<div class=\"kb-row-layout-wrap kb-row-layout-id4220_916d23-38 alignnone wp-block-kadence-rowlayout\"><div class=\"kt-row-column-wrap kt-has-2-columns kt-row-layout-equal kt-tab-layout-inherit kt-mobile-layout-row kt-row-valign-top\">\n\n<div class=\"wp-block-kadence-column kadence-column4220_d86d4a-e4\"><div class=\"kt-inside-inner-col\">\n<p style=\"font-style:normal;font-weight:700\">Audience reached: 200<\/p>\n\n\n\n<p><strong>Investment: BRL 100 thousand<\/strong><\/p>\n<\/div><\/div>\n\n\n\n<div class=\"wp-block-kadence-column kadence-column4220_983c74-99\"><div class=\"kt-inside-inner-col\">\n<p class=\"has-kb-palette-3-color has-text-color has-link-color wp-elements-59368d7fc6e05caac3b3a05a0c450bb1\" style=\"font-size:18px\"><strong>SDG:<\/strong><\/p>\n\n\n\n<div class=\"wp-block-group is-layout-flex wp-block-group-is-layout-flex\">\n<figure class=\"wp-block-image size-full is-resized\"><img loading=\"lazy\" decoding=\"async\" width=\"141\" height=\"141\" src=\"https:\/\/rededor2023.blendon.com.br\/wp-content\/uploads\/2024\/06\/SDG4.png\" alt=\"\" class=\"wp-image-4927\" style=\"width:80px\"\/><\/figure>\n\n\n\n<figure class=\"wp-block-image size-full is-resized\"><img loading=\"lazy\" decoding=\"async\" width=\"142\" height=\"141\" src=\"https:\/\/rededor2023.blendon.com.br\/wp-content\/uploads\/2024\/06\/SDG16.png\" alt=\"\" class=\"wp-image-4951\" style=\"width:80px\"\/><\/figure>\n<\/div>\n<\/div><\/div>\n\n<\/div><\/div><\/div><\/div><\/div>\n\n\n\n<div class=\"wp-block-kadence-pane kt-accordion-pane kt-accordion-pane-18 kt-pane4220_5912ac-17\"><div class=\"kt-accordion-header-wrap\"><button class=\"kt-blocks-accordion-header kt-acccordion-button-label-show\"><span class=\"kt-blocks-accordion-title-wrap\"><span class=\"kt-blocks-accordion-title\">Storytelling in Hospitals (Rio de Janeiro, RJ)<\/span><\/span><span class=\"kt-blocks-accordion-icon-trigger\"><\/span><\/button><\/div><div class=\"kt-accordion-panel kt-accordion-panel-hidden\"><div class=\"kt-accordion-panel-inner\">\n<p class=\"has-kb-palette-19-color has-text-color has-link-color wp-elements-4e33575e9e4fd9720eee6486d082dc49\"><em>Culture Incentive Law (Rouanet Law)<\/em><\/p>\n\n\n\n<p>Through the Viva e Let Viver Project, training and qualification of volunteers to exercise storytelling and play activities in hospitals.<\/p>\n\n\n<div class=\"kb-row-layout-wrap kb-row-layout-id4220_453d65-27 alignnone wp-block-kadence-rowlayout\"><div class=\"kt-row-column-wrap kt-has-2-columns kt-row-layout-equal kt-tab-layout-inherit kt-mobile-layout-row kt-row-valign-top\">\n\n<div class=\"wp-block-kadence-column kadence-column4220_f55aa7-f5\"><div class=\"kt-inside-inner-col\">\n<p style=\"font-style:normal;font-weight:700\">Audience reached: 30 thousand<\/p>\n\n\n\n<p><strong>Investment: BRL 210 thousand<\/strong><\/p>\n<\/div><\/div>\n\n\n\n<div class=\"wp-block-kadence-column kadence-column4220_0bc7d9-79\"><div class=\"kt-inside-inner-col\">\n<p class=\"has-kb-palette-3-color has-text-color has-link-color wp-elements-59368d7fc6e05caac3b3a05a0c450bb1\" style=\"font-size:18px\"><strong>SDG:<\/strong><\/p>\n\n\n\n<div class=\"wp-block-group is-layout-flex wp-block-group-is-layout-flex\">\n<figure class=\"wp-block-image size-full is-resized\"><img loading=\"lazy\" decoding=\"async\" width=\"141\" height=\"141\" src=\"https:\/\/rededor2023.blendon.com.br\/wp-content\/uploads\/2024\/06\/SDG3.png\" alt=\"\" class=\"wp-image-4924\" style=\"width:80px\"\/><\/figure>\n\n\n\n<figure class=\"wp-block-image size-full is-resized\"><img loading=\"lazy\" decoding=\"async\" width=\"141\" height=\"141\" src=\"https:\/\/rededor2023.blendon.com.br\/wp-content\/uploads\/2024\/06\/SDG4.png\" alt=\"\" class=\"wp-image-4927\" style=\"width:80px\"\/><\/figure>\n<\/div>\n<\/div><\/div>\n\n<\/div><\/div><\/div><\/div><\/div>\n\n\n\n<div class=\"wp-block-kadence-pane kt-accordion-pane kt-accordion-pane-19 kt-pane4220_135da2-8f\"><div class=\"kt-accordion-header-wrap\"><button class=\"kt-blocks-accordion-header kt-acccordion-button-label-show\"><span class=\"kt-blocks-accordion-title-wrap\"><span class=\"kt-blocks-accordion-title\">Um dia 5 Estrelas \/ Meu nome \u00e9 Gal movies (Rio de Janeiro, RJ)<\/span><\/span><span class=\"kt-blocks-accordion-icon-trigger\"><\/span><\/button><\/div><div class=\"kt-accordion-panel kt-accordion-panel-hidden\"><div class=\"kt-accordion-panel-inner\">\n<p class=\"has-kb-palette-19-color has-text-color has-link-color wp-elements-4e33575e9e4fd9720eee6486d082dc49\"><em>Culture Incentive Law (Rouanet Law)<\/em><\/p>\n\n\n\n<p>With Paris Filmes, production of feature-length films to be shown on the national cinema circuit and access to culture for people in social vulnerability by offering free tickets.<\/p>\n\n\n<div class=\"kb-row-layout-wrap kb-row-layout-id4220_3774db-f6 alignnone wp-block-kadence-rowlayout\"><div class=\"kt-row-column-wrap kt-has-2-columns kt-row-layout-equal kt-tab-layout-inherit kt-mobile-layout-row kt-row-valign-top\">\n\n<div class=\"wp-block-kadence-column kadence-column4220_91264d-16\"><div class=\"kt-inside-inner-col\">\n<p style=\"font-style:normal;font-weight:700\">Audience reached: 13 thousand (audience for the film Um Dia 5 Estrelas until December\/23)<\/p>\n\n\n\n<p><strong>Investment: BRL 597 thousand<\/strong><\/p>\n<\/div><\/div>\n\n\n\n<div class=\"wp-block-kadence-column kadence-column4220_0def38-8b\"><div class=\"kt-inside-inner-col\">\n<p class=\"has-kb-palette-3-color has-text-color has-link-color wp-elements-59368d7fc6e05caac3b3a05a0c450bb1\" style=\"font-size:18px\"><strong>SDG:<\/strong><\/p>\n\n\n\n<div class=\"wp-block-group is-layout-flex wp-block-group-is-layout-flex\">\n<figure class=\"wp-block-image size-full is-resized\"><img loading=\"lazy\" decoding=\"async\" width=\"141\" height=\"141\" src=\"https:\/\/rededor2023.blendon.com.br\/wp-content\/uploads\/2024\/06\/SDG4.png\" alt=\"\" class=\"wp-image-4927\" style=\"width:80px\"\/><\/figure>\n\n\n\n<figure class=\"wp-block-image size-full is-resized\"><img loading=\"lazy\" decoding=\"async\" width=\"141\" height=\"140\" src=\"https:\/\/rededor2023.blendon.com.br\/wp-content\/uploads\/2024\/06\/SDG9.png\" alt=\"\" class=\"wp-image-4937\" style=\"width:80px\"\/><\/figure>\n<\/div>\n<\/div><\/div>\n\n<\/div><\/div><\/div><\/div><\/div>\n\n\n\n<div class=\"wp-block-kadence-pane kt-accordion-pane kt-accordion-pane-20 kt-pane4220_605faa-54\"><div class=\"kt-accordion-header-wrap\"><button class=\"kt-blocks-accordion-header kt-acccordion-button-label-show\"><span class=\"kt-blocks-accordion-title-wrap\"><span class=\"kt-blocks-accordion-title\">Perdida\/ Love Kills\/ Victor Hugo movies (S\u00e3o Paulo\/ SP)<\/span><\/span><span class=\"kt-blocks-accordion-icon-trigger\"><\/span><\/button><\/div><div class=\"kt-accordion-panel kt-accordion-panel-hidden\"><div class=\"kt-accordion-panel-inner\">\n<p class=\"has-kb-palette-19-color has-text-color has-link-color wp-elements-4e33575e9e4fd9720eee6486d082dc49\"><em>Culture Incentive Law (Rouanet Law)<\/em><\/p>\n\n\n\n<p>With Filmland, production of feature-length films for screening on the national cinema circuit and access to culture for people in social vulnerability by offering free tickets. The sponsorship was renewed, through the Audiovisual Law, and this time the sponsored film is \u201cJungle Jungle\u201d.<\/p>\n\n\n<div class=\"kb-row-layout-wrap kb-row-layout-id4220_67c0d7-82 alignnone wp-block-kadence-rowlayout\"><div class=\"kt-row-column-wrap kt-has-2-columns kt-row-layout-equal kt-tab-layout-inherit kt-mobile-layout-row kt-row-valign-top\">\n\n<div class=\"wp-block-kadence-column kadence-column4220_b99193-e0\"><div class=\"kt-inside-inner-col\">\n<p style=\"font-style:normal;font-weight:700\">Audience reached: 100 thousand spectators<\/p>\n\n\n\n<p><strong>Investment: BRL 1 million<\/strong><\/p>\n<\/div><\/div>\n\n\n\n<div class=\"wp-block-kadence-column kadence-column4220_79e84f-64\"><div class=\"kt-inside-inner-col\">\n<p class=\"has-kb-palette-3-color has-text-color has-link-color wp-elements-59368d7fc6e05caac3b3a05a0c450bb1\" style=\"font-size:18px\"><strong>SDG:<\/strong><\/p>\n\n\n\n<div class=\"wp-block-group is-layout-flex wp-block-group-is-layout-flex\">\n<figure class=\"wp-block-image size-full is-resized\"><img loading=\"lazy\" decoding=\"async\" width=\"141\" height=\"141\" src=\"https:\/\/rededor2023.blendon.com.br\/wp-content\/uploads\/2024\/06\/SDG4.png\" alt=\"\" class=\"wp-image-4927\" style=\"width:80px\"\/><\/figure>\n\n\n\n<figure class=\"wp-block-image size-full is-resized\"><img loading=\"lazy\" decoding=\"async\" width=\"141\" height=\"140\" src=\"https:\/\/rededor2023.blendon.com.br\/wp-content\/uploads\/2024\/06\/SDG9.png\" alt=\"\" class=\"wp-image-4937\" style=\"width:80px\"\/><\/figure>\n<\/div>\n<\/div><\/div>\n\n<\/div><\/div><\/div><\/div><\/div>\n\n\n\n<div class=\"wp-block-kadence-pane kt-accordion-pane kt-accordion-pane-21 kt-pane4220_41d216-a7\"><div class=\"kt-accordion-header-wrap\"><button class=\"kt-blocks-accordion-header kt-acccordion-button-label-show\"><span class=\"kt-blocks-accordion-title-wrap\"><span class=\"kt-blocks-accordion-title\">Riachuelo Theater Rio 2023 (Rio de Janeiro, RJ)<\/span><\/span><span class=\"kt-blocks-accordion-icon-trigger\"><\/span><\/button><\/div><div class=\"kt-accordion-panel kt-accordion-panel-hidden\"><div class=\"kt-accordion-panel-inner\">\n<p class=\"has-kb-palette-19-color has-text-color has-link-color wp-elements-4e33575e9e4fd9720eee6486d082dc49\"><em>Culture Incentive Law (Rouanet Law)<\/em><\/p>\n\n\n\n<p>In collaboration with Instituto Evo\u00e9, we have developed a physical and digital experience to celebrate the history of Clube de Regatas do Flamengo. The exhibition is permanent, holds significant emotional value, and delivers a significant visual impact with its interactive elements.<\/p>\n\n\n<div class=\"kb-row-layout-wrap kb-row-layout-id4220_a604d5-1a alignnone wp-block-kadence-rowlayout\"><div class=\"kt-row-column-wrap kt-has-2-columns kt-row-layout-equal kt-tab-layout-inherit kt-mobile-layout-row kt-row-valign-top\">\n\n<div class=\"wp-block-kadence-column kadence-column4220_10fcdd-39\"><div class=\"kt-inside-inner-col\">\n<p><strong>Audience reached: 120,000,including 5,000 complimentary tickets for socially<\/strong><\/p>\n\n\n\n<p><strong>Investment: BRL 1.3 million<\/strong><\/p>\n<\/div><\/div>\n\n\n\n<div class=\"wp-block-kadence-column kadence-column4220_d77065-d0\"><div class=\"kt-inside-inner-col\">\n<p class=\"has-kb-palette-3-color has-text-color has-link-color wp-elements-59368d7fc6e05caac3b3a05a0c450bb1\" style=\"font-size:18px\"><strong>SDG:<\/strong><\/p>\n\n\n\n<div class=\"wp-block-group is-layout-flex wp-block-group-is-layout-flex\">\n<figure class=\"wp-block-image size-full is-resized\"><img loading=\"lazy\" decoding=\"async\" width=\"141\" height=\"141\" src=\"https:\/\/rededor2023.blendon.com.br\/wp-content\/uploads\/2024\/06\/SDG4.png\" alt=\"\" class=\"wp-image-4927\" style=\"width:80px\"\/><\/figure>\n<\/div>\n<\/div><\/div>\n\n<\/div><\/div><\/div><\/div><\/div>\n\n\n\n<div class=\"wp-block-kadence-pane kt-accordion-pane kt-accordion-pane-22 kt-pane4220_079d71-ed\"><div class=\"kt-accordion-header-wrap\"><button class=\"kt-blocks-accordion-header kt-acccordion-button-label-show\"><span class=\"kt-blocks-accordion-title-wrap\"><span class=\"kt-blocks-accordion-title\">High-Performance Athlete Support Program (Curitiba, PR, and S\u00e3o Paulo, SP)<\/span><\/span><span class=\"kt-blocks-accordion-icon-trigger\"><\/span><\/button><\/div><div class=\"kt-accordion-panel kt-accordion-panel-hidden\"><div class=\"kt-accordion-panel-inner\">\n<p class=\"has-kb-palette-19-color has-text-color has-link-color wp-elements-f86b8f9c44c4462fa951a8d65c8a58ba\">Sports Incentive Law<\/p>\n\n\n\n<p>In partnership with the Paran\u00e1 State Triathlon Federation, sponsorship of triathlete Fernando Toldi, providing all the necessary resources for a high-performance athlete: equipment, participation in national and international championships, training, and other costs associated with his professional triathlete career.<\/p>\n\n\n<div class=\"kb-row-layout-wrap kb-row-layout-id4220_8de68e-5c alignnone wp-block-kadence-rowlayout\"><div class=\"kt-row-column-wrap kt-has-2-columns kt-row-layout-equal kt-tab-layout-inherit kt-mobile-layout-row kt-row-valign-top\">\n\n<div class=\"wp-block-kadence-column kadence-column4220_845341-28\"><div class=\"kt-inside-inner-col\">\n<p style=\"font-style:normal;font-weight:700\">Audience reached: 1<\/p>\n\n\n\n<p><strong>Investment: BRL 250,000<\/strong><\/p>\n<\/div><\/div>\n\n\n\n<div class=\"wp-block-kadence-column kadence-column4220_c5d911-a4\"><div class=\"kt-inside-inner-col\">\n<p class=\"has-kb-palette-3-color has-text-color has-link-color wp-elements-59368d7fc6e05caac3b3a05a0c450bb1\" style=\"font-size:18px\"><strong>SDG:<\/strong><\/p>\n\n\n\n<div class=\"wp-block-group is-layout-flex wp-block-group-is-layout-flex\">\n<figure class=\"wp-block-image size-full is-resized\"><img loading=\"lazy\" decoding=\"async\" width=\"141\" height=\"141\" src=\"https:\/\/rededor2023.blendon.com.br\/wp-content\/uploads\/2024\/06\/SDG3.png\" alt=\"\" class=\"wp-image-4924\" style=\"width:80px\"\/><\/figure>\n<\/div>\n<\/div><\/div>\n\n<\/div><\/div><\/div><\/div><\/div>\n\n\n\n<div class=\"wp-block-kadence-pane kt-accordion-pane kt-accordion-pane-23 kt-pane4220_144f80-e7\"><div class=\"kt-accordion-header-wrap\"><button class=\"kt-blocks-accordion-header kt-acccordion-button-label-show\"><span class=\"kt-blocks-accordion-title-wrap\"><span class=\"kt-blocks-accordion-title\">Golf as a social inclusion instrument (Japeri, RJ)<\/span><\/span><span class=\"kt-blocks-accordion-icon-trigger\"><\/span><\/button><\/div><div class=\"kt-accordion-panel kt-accordion-panel-hidden\"><div class=\"kt-accordion-panel-inner\">\n<p class=\"has-kb-palette-19-color has-text-color has-link-color wp-elements-927e7fd93eb1e56724890cd2a1000c3c\"><em>\u200cSports Encouragement<\/em><\/p>\n\n\n\n<p>In collaboration with the Japeri Public Golf Association, we offer free golf lessons to children and adolescents from public schools, with support and guidance from psychologists and P.E. professionals for functional training, as well as golf instructors.<\/p>\n\n\n<div class=\"kb-row-layout-wrap kb-row-layout-id4220_c35df6-c3 alignnone wp-block-kadence-rowlayout\"><div class=\"kt-row-column-wrap kt-has-2-columns kt-row-layout-equal kt-tab-layout-inherit kt-mobile-layout-row kt-row-valign-top\">\n\n<div class=\"wp-block-kadence-column kadence-column4220_a4e057-ef\"><div class=\"kt-inside-inner-col\">\n<p style=\"font-style:normal;font-weight:700\">Audience reached: 100<\/p>\n\n\n\n<p><strong>Investment: BRL 120,000<\/strong><\/p>\n<\/div><\/div>\n\n\n\n<div class=\"wp-block-kadence-column kadence-column4220_1e72fe-a6\"><div class=\"kt-inside-inner-col\">\n<p class=\"has-kb-palette-3-color has-text-color has-link-color wp-elements-59368d7fc6e05caac3b3a05a0c450bb1\" style=\"font-size:18px\"><strong>SDG:<\/strong><\/p>\n\n\n\n<div class=\"wp-block-group is-layout-flex wp-block-group-is-layout-flex\">\n<figure class=\"wp-block-image size-full is-resized\"><img loading=\"lazy\" decoding=\"async\" width=\"141\" height=\"141\" src=\"https:\/\/rededor2023.blendon.com.br\/wp-content\/uploads\/2024\/06\/SDG3.png\" alt=\"\" class=\"wp-image-4924\" style=\"width:80px\"\/><\/figure>\n\n\n\n<figure class=\"wp-block-image size-full is-resized\"><img loading=\"lazy\" decoding=\"async\" width=\"141\" height=\"141\" src=\"https:\/\/rededor2023.blendon.com.br\/wp-content\/uploads\/2024\/06\/SDG4.png\" alt=\"\" class=\"wp-image-4927\" style=\"width:80px\"\/><\/figure>\n<\/div>\n<\/div><\/div>\n\n<\/div><\/div><\/div><\/div><\/div>\n\n\n\n<div class=\"wp-block-kadence-pane kt-accordion-pane kt-accordion-pane-24 kt-pane4220_af370e-52\"><div class=\"kt-accordion-header-wrap\"><button class=\"kt-blocks-accordion-header kt-acccordion-button-label-show\"><span class=\"kt-blocks-accordion-title-wrap\"><span class=\"kt-blocks-accordion-title\">Flamengo Museum (Rio de Janeiro\/RJ)<\/span><\/span><span class=\"kt-blocks-accordion-icon-trigger\"><\/span><\/button><\/div><div class=\"kt-accordion-panel kt-accordion-panel-hidden\"><div class=\"kt-accordion-panel-inner\">\n<p class=\"has-kb-palette-19-color has-text-color has-link-color wp-elements-5882b254b9807ccfafa15cdff21c7b86\"><em>Cultural Incentive <em>Law (Rouanet Act)<\/em><\/em><\/p>\n\n\n\n<p>In collaboration with MUDE, development, construction, and management of the Flamengo Museum, inaugurated in 2023.<\/p>\n\n\n<div class=\"kb-row-layout-wrap kb-row-layout-id4220_f1e939-0c alignnone wp-block-kadence-rowlayout\"><div class=\"kt-row-column-wrap kt-has-2-columns kt-row-layout-equal kt-tab-layout-inherit kt-mobile-layout-row kt-row-valign-top\">\n\n<div class=\"wp-block-kadence-column kadence-column4220_8ddb65-33\"><div class=\"kt-inside-inner-col\">\n<p><strong>Audience reached: 30,000, including 2,000 complimentary tickets for social<\/strong><\/p>\n\n\n\n<p><strong>Investment: BRL 550,000<\/strong><\/p>\n<\/div><\/div>\n\n\n\n<div class=\"wp-block-kadence-column kadence-column4220_d82f27-fd\"><div class=\"kt-inside-inner-col\">\n<p class=\"has-kb-palette-3-color has-text-color has-link-color wp-elements-59368d7fc6e05caac3b3a05a0c450bb1\" style=\"font-size:18px\"><strong>SDG:<\/strong><\/p>\n\n\n\n<div class=\"wp-block-group is-layout-flex wp-block-group-is-layout-flex\">\n<figure class=\"wp-block-image size-full is-resized\"><img loading=\"lazy\" decoding=\"async\" width=\"141\" height=\"141\" src=\"https:\/\/rededor2023.blendon.com.br\/wp-content\/uploads\/2024\/06\/SDG4.png\" alt=\"\" class=\"wp-image-4927\" style=\"width:80px\"\/><\/figure>\n<\/div>\n<\/div><\/div>\n\n<\/div><\/div><\/div><\/div><\/div>\n\n\n\n<div class=\"wp-block-kadence-pane kt-accordion-pane kt-accordion-pane-25 kt-pane4220_473089-5f\"><div class=\"kt-accordion-header-wrap\"><button class=\"kt-blocks-accordion-header kt-acccordion-button-label-show\"><span class=\"kt-blocks-accordion-title-wrap\"><span class=\"kt-blocks-accordion-title\">Ser Crian\u00e7a (To Be a Child - Recife, PE)<\/span><\/span><span class=\"kt-blocks-accordion-icon-trigger\"><\/span><\/button><\/div><div class=\"kt-accordion-panel kt-accordion-panel-hidden\"><div class=\"kt-accordion-panel-inner\">\n<p class=\"has-kb-palette-19-color has-text-color has-link-color wp-elements-7377061334e5fefb0306338a9525013f\"><br><em>Municipal Fund for the Rights of Children and Adolescents <em>(FUMCAD)<\/em><\/em><\/p>\n\n\n\n<p>In collaboration with the Educand\u00e1rio Nossa Senhora do Ros\u00e1rio, the project promotes the comprehensive development of early childhood through family-oriented initiatives fostering positive parenting practices.<\/p>\n\n\n<div class=\"kb-row-layout-wrap kb-row-layout-id4220_3dc393-c8 alignnone wp-block-kadence-rowlayout\"><div class=\"kt-row-column-wrap kt-has-2-columns kt-row-layout-equal kt-tab-layout-inherit kt-mobile-layout-row kt-row-valign-top\">\n\n<div class=\"wp-block-kadence-column kadence-column4220_e06f6a-cf\"><div class=\"kt-inside-inner-col\">\n<p style=\"font-style:normal;font-weight:700\">Audience reached: 165<\/p>\n\n\n\n<p><strong>Investment: BRL 100,000<\/strong><\/p>\n<\/div><\/div>\n\n\n\n<div class=\"wp-block-kadence-column kadence-column4220_51ef69-66\"><div class=\"kt-inside-inner-col\">\n<p class=\"has-kb-palette-3-color has-text-color has-link-color wp-elements-8ac3b7d10424c225a54e184261c6765c\" style=\"font-size:18px\"><strong>ODS:<\/strong><\/p>\n\n\n\n<div class=\"wp-block-group is-layout-flex wp-block-group-is-layout-flex\">\n<figure class=\"wp-block-image size-full is-resized\"><img loading=\"lazy\" decoding=\"async\" width=\"141\" height=\"141\" src=\"https:\/\/rededor2023.blendon.com.br\/wp-content\/uploads\/2024\/06\/SDG4.png\" alt=\"\" class=\"wp-image-4927\" style=\"width:80px\"\/><\/figure>\n<\/div>\n<\/div><\/div>\n\n<\/div><\/div><\/div><\/div><\/div>\n<\/div><\/div><\/div>\n<\/div><\/div>\n\n\n\n<div class=\"wp-block-kadence-column kadence-column4220_04594e-32 kb-section-is-sticky\"><div class=\"kt-inside-inner-col\"><div class=\"wp-block-image\">\n<figure class=\"aligncenter size-large\"><img loading=\"lazy\" decoding=\"async\" width=\"869\" height=\"1024\" src=\"https:\/\/rededor2023.blendon.com.br\/wp-content\/uploads\/2024\/04\/principais-projetos-incentivados-3-869x1024.webp\" alt=\"\" class=\"wp-image-2927\" srcset=\"https:\/\/rededor2023.blendon.com.br\/wp-content\/uploads\/2024\/04\/principais-projetos-incentivados-3-869x1024.webp 869w, https:\/\/rededor2023.blendon.com.br\/wp-content\/uploads\/2024\/04\/principais-projetos-incentivados-3-254x300.webp 254w, https:\/\/rededor2023.blendon.com.br\/wp-content\/uploads\/2024\/04\/principais-projetos-incentivados-3-768x905.webp 768w, https:\/\/rededor2023.blendon.com.br\/wp-content\/uploads\/2024\/04\/principais-projetos-incentivados-3-1303x1536.webp 1303w, https:\/\/rededor2023.blendon.com.br\/wp-content\/uploads\/2024\/04\/principais-projetos-incentivados-3.webp 1459w\" sizes=\"(max-width: 869px) 100vw, 869px\" \/><\/figure><\/div><\/div><\/div>\n\n<\/div><\/div>\n\n\n<div style=\"height:50px\" aria-hidden=\"true\" class=\"wp-block-spacer\"><\/div>\n\n\n<div class=\"kb-row-layout-wrap kb-row-layout-id4220_ffc395-29 alignnone wp-block-kadence-rowlayout\"><div class=\"kt-row-column-wrap kt-has-2-columns kt-row-layout-equal kt-tab-layout-inherit kt-mobile-layout-row kt-row-valign-top\">\n\n<div class=\"wp-block-kadence-column kadence-column4220_ae2dbb-8e kb-section-is-sticky\"><div class=\"kt-inside-inner-col\"><div class=\"wp-block-image\">\n<figure class=\"aligncenter size-large\"><img loading=\"lazy\" decoding=\"async\" width=\"1024\" height=\"878\" src=\"https:\/\/rededor2023.blendon.com.br\/wp-content\/uploads\/2024\/04\/principais-projetos-incentivados-1-1024x878.webp\" alt=\"\" class=\"wp-image-2907\" srcset=\"https:\/\/rededor2023.blendon.com.br\/wp-content\/uploads\/2024\/04\/principais-projetos-incentivados-1-1024x878.webp 1024w, https:\/\/rededor2023.blendon.com.br\/wp-content\/uploads\/2024\/04\/principais-projetos-incentivados-1-300x257.webp 300w, https:\/\/rededor2023.blendon.com.br\/wp-content\/uploads\/2024\/04\/principais-projetos-incentivados-1-768x659.webp 768w, https:\/\/rededor2023.blendon.com.br\/wp-content\/uploads\/2024\/04\/principais-projetos-incentivados-1.webp 1054w\" sizes=\"(max-width: 1024px) 100vw, 1024px\" \/><\/figure><\/div><\/div><\/div>\n\n\n\n<div class=\"wp-block-kadence-column kadence-column4220_bd46fe-b5\"><div class=\"kt-inside-inner-col\">\n<div class=\"wp-block-kadence-accordion alignnone\"><div class=\"kt-accordion-wrap kt-accordion-id4220_8142ad-62 kt-accordion-has-36-panes kt-active-pane-0 kt-accordion-block kt-pane-header-alignment-left kt-accodion-icon-style-basic kt-accodion-icon-side-right\" style=\"max-width:none\"><div class=\"kt-accordion-inner-wrap\" data-allow-multiple-open=\"true\" data-start-open=\"none\">\n<div class=\"wp-block-kadence-pane kt-accordion-pane kt-accordion-pane-26 kt-pane4220_65b461-b4\"><div class=\"kt-accordion-header-wrap\"><button class=\"kt-blocks-accordion-header kt-acccordion-button-label-show\"><span class=\"kt-blocks-accordion-title-wrap\"><span class=\"kt-blocks-accordion-title\">Longevidade: Articula\u00e7\u00e3o e Promo\u00e7\u00e3o do Envelhecimento Ativo (Longevity: Advocating for and Promoting Active Aging - Recife, PE)<\/span><\/span><span class=\"kt-blocks-accordion-icon-trigger\"><\/span><\/button><\/div><div class=\"kt-accordion-panel kt-accordion-panel-hidden\"><div class=\"kt-accordion-panel-inner\">\n<p class=\"has-kb-palette-19-color has-text-color has-link-color wp-elements-46c73adcf9bc30b647483bb349f1d2fe\"><em>National Elderly Support Fund<\/em><\/p>\n\n\n\n<p>In partnership with the Center for Development and Citizenship, the project offers activities aimed at active aging across nine long-term care institutions, providing training for staff to support the health and well-being of the elderly.<\/p>\n\n\n<div class=\"kb-row-layout-wrap kb-row-layout-id4220_6768ce-ae alignnone wp-block-kadence-rowlayout\"><div class=\"kt-row-column-wrap kt-has-2-columns kt-row-layout-equal kt-tab-layout-inherit kt-mobile-layout-row kt-row-valign-top\">\n\n<div class=\"wp-block-kadence-column kadence-column4220_e6ed6f-1b\"><div class=\"kt-inside-inner-col\">\n<p style=\"font-style:normal;font-weight:700\">Audience reached: 350<\/p>\n\n\n\n<p><strong>Investment: BRL 260 thousand<\/strong><\/p>\n<\/div><\/div>\n\n\n\n<div class=\"wp-block-kadence-column kadence-column4220_975801-a9\"><div class=\"kt-inside-inner-col\">\n<p class=\"has-kb-palette-3-color has-text-color has-link-color wp-elements-59368d7fc6e05caac3b3a05a0c450bb1\" style=\"font-size:18px\"><strong>SDG:<\/strong><\/p>\n\n\n\n<div class=\"wp-block-group is-layout-flex wp-block-group-is-layout-flex\">\n<figure class=\"wp-block-image size-full is-resized\"><img loading=\"lazy\" decoding=\"async\" width=\"141\" height=\"141\" src=\"https:\/\/rededor2023.blendon.com.br\/wp-content\/uploads\/2024\/06\/SDG3.png\" alt=\"\" class=\"wp-image-4924\" style=\"width:80px\"\/><\/figure>\n\n\n\n<figure class=\"wp-block-image size-full is-resized\"><img loading=\"lazy\" decoding=\"async\" width=\"141\" height=\"141\" src=\"https:\/\/rededor2023.blendon.com.br\/wp-content\/uploads\/2024\/06\/SDG4.png\" alt=\"\" class=\"wp-image-4927\" style=\"width:80px\"\/><\/figure>\n\n\n\n<figure class=\"wp-block-image size-full is-resized\"><img loading=\"lazy\" decoding=\"async\" width=\"141\" height=\"141\" src=\"https:\/\/rededor2023.blendon.com.br\/wp-content\/uploads\/2024\/06\/SDG5.png\" alt=\"\" class=\"wp-image-4929\" style=\"width:80px\"\/><\/figure>\n\n\n\n<figure class=\"wp-block-image size-full is-resized\"><img loading=\"lazy\" decoding=\"async\" width=\"142\" height=\"141\" src=\"https:\/\/rededor2023.blendon.com.br\/wp-content\/uploads\/2024\/06\/SDG8.png\" alt=\"\" class=\"wp-image-4935\" style=\"width:80px\"\/><\/figure>\n<\/div>\n<\/div><\/div>\n\n<\/div><\/div><\/div><\/div><\/div>\n\n\n\n<div class=\"wp-block-kadence-pane kt-accordion-pane kt-accordion-pane-27 kt-pane4220_3e487c-0d\"><div class=\"kt-accordion-header-wrap\"><button class=\"kt-blocks-accordion-header kt-acccordion-button-label-show\"><span class=\"kt-blocks-accordion-title-wrap\"><span class=\"kt-blocks-accordion-title\">Bem Viver nos Bairros (Living well in your neighborhood - Recife, PE)<\/span><\/span><span class=\"kt-blocks-accordion-icon-trigger\"><\/span><\/button><\/div><div class=\"kt-accordion-panel kt-accordion-panel-hidden\"><div class=\"kt-accordion-panel-inner\">\n<p class=\"has-kb-palette-19-color has-text-color has-link-color wp-elements-46c73adcf9bc30b647483bb349f1d2fe\"><em>National Elderly Support Fund<\/em><\/p>\n\n\n\n<p>In partnership with the Alternative Technology Service (SERTA in Portuguese), the project implemented 600 eco- productive backyards and two community gardens in Alto Jos\u00e9 do Pinho and the Santa Luzia community.<\/p>\n\n\n<div class=\"kb-row-layout-wrap kb-row-layout-id4220_0cd725-62 alignnone wp-block-kadence-rowlayout\"><div class=\"kt-row-column-wrap kt-has-2-columns kt-row-layout-equal kt-tab-layout-inherit kt-mobile-layout-row kt-row-valign-top\">\n\n<div class=\"wp-block-kadence-column kadence-column4220_7398fb-2a\"><div class=\"kt-inside-inner-col\">\n<p><strong>Audience reached: 600<\/strong><\/p>\n\n\n\n<p><strong>Investment: BRL 260,000<\/strong><\/p>\n<\/div><\/div>\n\n\n\n<div class=\"wp-block-kadence-column kadence-column4220_f4aed7-2a\"><div class=\"kt-inside-inner-col\">\n<p class=\"has-kb-palette-3-color has-text-color has-link-color wp-elements-59368d7fc6e05caac3b3a05a0c450bb1\" style=\"font-size:18px\"><strong>SDG:<\/strong><\/p>\n\n\n\n<div class=\"wp-block-group is-layout-flex wp-block-group-is-layout-flex\">\n<figure class=\"wp-block-image size-full is-resized\"><img loading=\"lazy\" decoding=\"async\" width=\"141\" height=\"141\" src=\"https:\/\/rededor2023.blendon.com.br\/wp-content\/uploads\/2024\/06\/SDG3.png\" alt=\"\" class=\"wp-image-4924\" style=\"width:80px\"\/><\/figure>\n\n\n\n<figure class=\"wp-block-image size-full is-resized\"><img loading=\"lazy\" decoding=\"async\" width=\"142\" height=\"141\" src=\"https:\/\/rededor2023.blendon.com.br\/wp-content\/uploads\/2024\/06\/SDG8.png\" alt=\"\" class=\"wp-image-4935\" style=\"width:80px\"\/><\/figure>\n\n\n\n<figure class=\"wp-block-image size-full is-resized\"><img loading=\"lazy\" decoding=\"async\" width=\"141\" height=\"141\" src=\"https:\/\/rededor2023.blendon.com.br\/wp-content\/uploads\/2024\/06\/SDG13.png\" alt=\"\" class=\"wp-image-4945\" style=\"width:80px\"\/><\/figure>\n<\/div>\n<\/div><\/div>\n\n<\/div><\/div><\/div><\/div><\/div>\n\n\n\n<div class=\"wp-block-kadence-pane kt-accordion-pane kt-accordion-pane-28 kt-pane4220_9f9949-01\"><div class=\"kt-accordion-header-wrap\"><button class=\"kt-blocks-accordion-header kt-acccordion-button-label-show\"><span class=\"kt-blocks-accordion-title-wrap\"><span class=\"kt-blocks-accordion-title\">Catavento (Recife, PE)<\/span><\/span><span class=\"kt-blocks-accordion-icon-trigger\"><\/span><\/button><\/div><div class=\"kt-accordion-panel kt-accordion-panel-hidden\"><div class=\"kt-accordion-panel-inner\">\n<p class=\"has-kb-palette-19-color has-text-color has-link-color wp-elements-97a74fae8457605246c342ae71f88131\"><em>Municipal Fund for the Rights of Children and Adolescents <em>(FUMCAD)<\/em><\/em><\/p>\n\n\n\n<p>In collaboration with the F\u00e9 e Alegria do Brasil Foundation, the project offers cultural, artistic, sports, leisure, and human development activities as a means of preventing situations of vulnerability and social risk, fostering individual potential and strengthening family and community ties.<\/p>\n\n\n<div class=\"kb-row-layout-wrap kb-row-layout-id4220_953050-c1 alignnone wp-block-kadence-rowlayout\"><div class=\"kt-row-column-wrap kt-has-2-columns kt-row-layout-equal kt-tab-layout-inherit kt-mobile-layout-row kt-row-valign-top\">\n\n<div class=\"wp-block-kadence-column kadence-column4220_360e9b-97\"><div class=\"kt-inside-inner-col\">\n<p style=\"font-style:normal;font-weight:700\">Audience reached: 70<\/p>\n\n\n\n<p style=\"font-style:normal;font-weight:700\">Investment: BRL 100,000<\/p>\n<\/div><\/div>\n\n\n\n<div class=\"wp-block-kadence-column kadence-column4220_62536c-58\"><div class=\"kt-inside-inner-col\">\n<p class=\"has-kb-palette-3-color has-text-color has-link-color wp-elements-59368d7fc6e05caac3b3a05a0c450bb1\" style=\"font-size:18px\"><strong>SDG:<\/strong><\/p>\n\n\n\n<div class=\"wp-block-group is-layout-flex wp-block-group-is-layout-flex\">\n<figure class=\"wp-block-image size-full is-resized\"><img loading=\"lazy\" decoding=\"async\" width=\"141\" height=\"141\" src=\"https:\/\/rededor2023.blendon.com.br\/wp-content\/uploads\/2024\/06\/SDG4.png\" alt=\"\" class=\"wp-image-4927\" style=\"width:80px\"\/><\/figure>\n<\/div>\n<\/div><\/div>\n\n<\/div><\/div><\/div><\/div><\/div>\n\n\n\n<div class=\"wp-block-kadence-pane kt-accordion-pane kt-accordion-pane-29 kt-pane4220_d2d989-85\"><div class=\"kt-accordion-header-wrap\"><button class=\"kt-blocks-accordion-header kt-acccordion-button-label-show\"><span class=\"kt-blocks-accordion-title-wrap\"><span class=\"kt-blocks-accordion-title\">Jovens Criativos (Creative Youth - S\u00e3o Paulo, SP)<\/span><\/span><span class=\"kt-blocks-accordion-icon-trigger\"><\/span><\/button><\/div><div class=\"kt-accordion-panel kt-accordion-panel-hidden\"><div class=\"kt-accordion-panel-inner\">\n<p class=\"has-kb-palette-19-color has-text-color has-link-color wp-elements-4d2ead2e38e78a4060c1f88d46430466\"><em><em>Municipal Fund for the Rights of Children and Adolescents (FUMCAD)<\/em><\/em><\/p>\n\n\n\n<p>In collaboration with Instituto Jatob\u00e1s, fostering the comprehensive development of adolescents aged 13 and 17, promoting self-awareness, socio-emotional and cognitive skills development, mentoring, technical training for creative and social entrepreneurship, career exploration, and exposure to new forms of work.<\/p>\n\n\n<div class=\"kb-row-layout-wrap kb-row-layout-id4220_4a4971-40 alignnone wp-block-kadence-rowlayout\"><div class=\"kt-row-column-wrap kt-has-2-columns kt-row-layout-equal kt-tab-layout-inherit kt-mobile-layout-row kt-row-valign-top\">\n\n<div class=\"wp-block-kadence-column kadence-column4220_8c0bc6-81\"><div class=\"kt-inside-inner-col\">\n<p style=\"font-style:normal;font-weight:700\">Audience reached: 500<\/p>\n\n\n\n<p><strong>Investment: BRL 110,000<\/strong><\/p>\n<\/div><\/div>\n\n\n\n<div class=\"wp-block-kadence-column kadence-column4220_86a6c5-38\"><div class=\"kt-inside-inner-col\">\n<p class=\"has-kb-palette-3-color has-text-color has-link-color wp-elements-59368d7fc6e05caac3b3a05a0c450bb1\" style=\"font-size:18px\"><strong>SDG:<\/strong><\/p>\n\n\n\n<div class=\"wp-block-group is-layout-flex wp-block-group-is-layout-flex\">\n<figure class=\"wp-block-image size-full is-resized\"><img loading=\"lazy\" decoding=\"async\" width=\"141\" height=\"141\" src=\"https:\/\/rededor2023.blendon.com.br\/wp-content\/uploads\/2024\/06\/SDG4.png\" alt=\"\" class=\"wp-image-4927\" style=\"width:80px\"\/><\/figure>\n\n\n\n<figure class=\"wp-block-image size-full is-resized\"><img loading=\"lazy\" decoding=\"async\" width=\"142\" height=\"141\" src=\"https:\/\/rededor2023.blendon.com.br\/wp-content\/uploads\/2024\/06\/SDG8.png\" alt=\"\" class=\"wp-image-4935\" style=\"width:80px\"\/><\/figure>\n<\/div>\n<\/div><\/div>\n\n<\/div><\/div><\/div><\/div><\/div>\n\n\n\n<div class=\"wp-block-kadence-pane kt-accordion-pane kt-accordion-pane-30 kt-pane4220_bec8cc-d2\"><div class=\"kt-accordion-header-wrap\"><button class=\"kt-blocks-accordion-header kt-acccordion-button-label-show\"><span class=\"kt-blocks-accordion-title-wrap\"><span class=\"kt-blocks-accordion-title\">Assistance to Elderly Oncological Patients at Hospital de C\u00e2ncer (Recife, PE)<\/span><\/span><span class=\"kt-blocks-accordion-icon-trigger\"><\/span><\/button><\/div><div class=\"kt-accordion-panel kt-accordion-panel-hidden\"><div class=\"kt-accordion-panel-inner\">\n<p class=\"has-kb-palette-19-color has-text-color has-link-color wp-elements-46c73adcf9bc30b647483bb349f1d2fe\"><em>National Elderly Support Fund<\/em><\/p>\n\n\n\n<p>Financing of clinical and outpatient care expenses for elderly cancer patients at Hospital do C\u00e2ncer de Pernambuco, as well as the acquisition of medical supplies and chemotherapy drugs for curative cancer treatment, ensuring quality, compassionate, safe, and sensitive care while respecting local culture and patient privacy.<\/p>\n\n\n<div class=\"kb-row-layout-wrap kb-row-layout-id4220_d4cf54-aa alignnone wp-block-kadence-rowlayout\"><div class=\"kt-row-column-wrap kt-has-2-columns kt-row-layout-equal kt-tab-layout-inherit kt-mobile-layout-row kt-row-valign-top\">\n\n<div class=\"wp-block-kadence-column kadence-column4220_bdee01-27\"><div class=\"kt-inside-inner-col\">\n<p style=\"font-style:normal;font-weight:700\">Audience reached: 12,000<\/p>\n\n\n\n<p><strong>Investment: BRL 465,000<\/strong><\/p>\n<\/div><\/div>\n\n\n\n<div class=\"wp-block-kadence-column kadence-column4220_e2b72d-d8\"><div class=\"kt-inside-inner-col\">\n<p class=\"has-kb-palette-3-color has-text-color has-link-color wp-elements-59368d7fc6e05caac3b3a05a0c450bb1\" style=\"font-size:18px\"><strong>SDG:<\/strong><\/p>\n\n\n\n<div class=\"wp-block-group is-layout-flex wp-block-group-is-layout-flex\">\n<figure class=\"wp-block-image size-full is-resized\"><img loading=\"lazy\" decoding=\"async\" width=\"141\" height=\"141\" src=\"https:\/\/rededor2023.blendon.com.br\/wp-content\/uploads\/2024\/06\/SDG3.png\" alt=\"\" class=\"wp-image-4924\" style=\"width:80px\"\/><\/figure>\n\n\n\n<figure class=\"wp-block-image size-full is-resized\"><img loading=\"lazy\" decoding=\"async\" width=\"141\" height=\"141\" src=\"https:\/\/rededor2023.blendon.com.br\/wp-content\/uploads\/2024\/06\/SDG5.png\" alt=\"\" class=\"wp-image-4929\" style=\"width:80px\"\/><\/figure>\n\n\n\n<figure class=\"wp-block-image size-full is-resized\"><img loading=\"lazy\" decoding=\"async\" width=\"141\" height=\"141\" src=\"https:\/\/rededor2023.blendon.com.br\/wp-content\/uploads\/2024\/06\/SDG12.png\" alt=\"\" class=\"wp-image-4943\" style=\"width:80px\"\/><\/figure>\n<\/div>\n<\/div><\/div>\n\n<\/div><\/div><\/div><\/div><\/div>\n\n\n\n<div class=\"wp-block-kadence-pane kt-accordion-pane kt-accordion-pane-31 kt-pane4220_d6d3ec-b4\"><div class=\"kt-accordion-header-wrap\"><button class=\"kt-blocks-accordion-header kt-acccordion-button-label-show\"><span class=\"kt-blocks-accordion-title-wrap\"><span class=\"kt-blocks-accordion-title\">Longevidade com Dignidade: Cuidar, Proteger e Promover (Dignified Longevity: Care, Protect and Promote - Fortaleza, CE)<\/span><\/span><span class=\"kt-blocks-accordion-icon-trigger\"><\/span><\/button><\/div><div class=\"kt-accordion-panel kt-accordion-panel-hidden\"><div class=\"kt-accordion-panel-inner\">\n<p class=\"has-kb-palette-19-color has-text-color has-link-color wp-elements-605559de6a4a014fee0ab6f2d152d768\"><em><em>National Elderly Support Fund<\/em><\/em><\/p>\n\n\n\n<p>In partnership with Lar Torres de Melo, the project provides institutional care for the elderly, ensuring comprehensive care to ensure a dignified and high- quality life.<\/p>\n\n\n<div class=\"kb-row-layout-wrap kb-row-layout-id4220_9d7d29-dc alignnone wp-block-kadence-rowlayout\"><div class=\"kt-row-column-wrap kt-has-2-columns kt-row-layout-equal kt-tab-layout-inherit kt-mobile-layout-row kt-row-valign-top\">\n\n<div class=\"wp-block-kadence-column kadence-column4220_821584-e3\"><div class=\"kt-inside-inner-col\">\n<p style=\"font-style:normal;font-weight:700\">Audience reached: 200<\/p>\n\n\n\n<p><strong>Investment: BRL 260,000<\/strong><\/p>\n<\/div><\/div>\n\n\n\n<div class=\"wp-block-kadence-column kadence-column4220_bab183-03\"><div class=\"kt-inside-inner-col\">\n<p class=\"has-kb-palette-3-color has-text-color has-link-color wp-elements-59368d7fc6e05caac3b3a05a0c450bb1\" style=\"font-size:18px\"><strong>SDG:<\/strong><\/p>\n\n\n\n<div class=\"wp-block-group is-layout-flex wp-block-group-is-layout-flex\">\n<figure class=\"wp-block-image size-full is-resized\"><img loading=\"lazy\" decoding=\"async\" width=\"141\" height=\"141\" src=\"https:\/\/rededor2023.blendon.com.br\/wp-content\/uploads\/2024\/06\/SDG3.png\" alt=\"\" class=\"wp-image-4924\" style=\"width:80px\"\/><\/figure>\n<\/div>\n<\/div><\/div>\n\n<\/div><\/div><\/div><\/div><\/div>\n\n\n\n<div class=\"wp-block-kadence-pane kt-accordion-pane kt-accordion-pane-32 kt-pane4220_723daa-cc\"><div class=\"kt-accordion-header-wrap\"><button class=\"kt-blocks-accordion-header kt-acccordion-button-label-show\"><span class=\"kt-blocks-accordion-title-wrap\"><span class=\"kt-blocks-accordion-title\">Ricardo Brennand Institute (Recife, PE)<\/span><\/span><span class=\"kt-blocks-accordion-icon-trigger\"><\/span><\/button><\/div><div class=\"kt-accordion-panel kt-accordion-panel-hidden\"><div class=\"kt-accordion-panel-inner\">\n<p class=\"has-kb-palette-19-color has-text-color has-link-color wp-elements-5f16b24d1a8e1edbde79b924b5569217\"><em>Cultural Incentive Law <em>(Rouanet Act)<\/em><\/em><\/p>\n\n\n\n<p>The Institute\u2019s Annual Plan, which includes the continuation of exhibitions, courses, lectures, research, and artistic performances, as well as the implementation of new pedagogical and cultural initiatives to expand audiences and promote access for all.<\/p>\n\n\n<div class=\"kb-row-layout-wrap kb-row-layout-id4220_ec84a2-41 alignnone wp-block-kadence-rowlayout\"><div class=\"kt-row-column-wrap kt-has-2-columns kt-row-layout-equal kt-tab-layout-inherit kt-mobile-layout-row kt-row-valign-top\">\n\n<div class=\"wp-block-kadence-column kadence-column4220_727bde-93\"><div class=\"kt-inside-inner-col\">\n<p style=\"font-style:normal;font-weight:700\">Audience reached: 150,000<\/p>\n\n\n\n<p><strong>Investment: 300 thousand<\/strong><\/p>\n<\/div><\/div>\n\n\n\n<div class=\"wp-block-kadence-column kadence-column4220_8f3435-ad\"><div class=\"kt-inside-inner-col\">\n<p class=\"has-kb-palette-3-color has-text-color has-link-color wp-elements-59368d7fc6e05caac3b3a05a0c450bb1\" style=\"font-size:18px\"><strong>SDG:<\/strong><\/p>\n\n\n\n<div class=\"wp-block-group is-layout-flex wp-block-group-is-layout-flex\">\n<figure class=\"wp-block-image size-full is-resized\"><img loading=\"lazy\" decoding=\"async\" width=\"141\" height=\"141\" src=\"https:\/\/rededor2023.blendon.com.br\/wp-content\/uploads\/2024\/06\/SDG4.png\" alt=\"\" class=\"wp-image-4927\" style=\"width:80px\"\/><\/figure>\n<\/div>\n<\/div><\/div>\n\n<\/div><\/div><\/div><\/div><\/div>\n\n\n\n<div class=\"wp-block-kadence-pane kt-accordion-pane kt-accordion-pane-33 kt-pane4220_effd08-77\"><div class=\"kt-accordion-header-wrap\"><button class=\"kt-blocks-accordion-header kt-acccordion-button-label-show\"><span class=\"kt-blocks-accordion-title-wrap\"><span class=\"kt-blocks-accordion-title\">Rio Open (Rio de Janeiro\/ RJ)<\/span><\/span><span class=\"kt-blocks-accordion-icon-trigger\"><\/span><\/button><\/div><div class=\"kt-accordion-panel kt-accordion-panel-hidden\"><div class=\"kt-accordion-panel-inner\">\n<p class=\"has-kb-palette-19-color has-text-color has-link-color wp-elements-286eaa496964ccfcc5d87da0d33fcd38\"><em><em>Lei de Incentivo ao Esporte<\/em><\/em><\/p>\n\n\n\n<p>With IMMBR, we organize a sporting event that promotes the practice of tennis and encourages a healthy and active lifestyle, using tennis as a tool for inclusion.<\/p>\n\n\n<div class=\"kb-row-layout-wrap kb-row-layout-id4220_6a18da-dd alignnone wp-block-kadence-rowlayout\"><div class=\"kt-row-column-wrap kt-has-2-columns kt-row-layout-equal kt-tab-layout-inherit kt-mobile-layout-row kt-row-valign-top\">\n\n<div class=\"wp-block-kadence-column kadence-column4220_835ce5-37\"><div class=\"kt-inside-inner-col\">\n<p style=\"font-style:normal;font-weight:700\">Audience reached: 63 thousand tournament spectators, 700 young people in social projects<\/p>\n\n\n\n<p><strong>Investment: BRL 535,000<\/strong><\/p>\n<\/div><\/div>\n\n\n\n<div class=\"wp-block-kadence-column kadence-column4220_a5cdb3-7e\"><div class=\"kt-inside-inner-col\">\n<p class=\"has-kb-palette-3-color has-text-color has-link-color wp-elements-59368d7fc6e05caac3b3a05a0c450bb1\" style=\"font-size:18px\"><strong>SDG:<\/strong><\/p>\n\n\n\n<div class=\"wp-block-group is-layout-flex wp-block-group-is-layout-flex\">\n<figure class=\"wp-block-image size-full is-resized\"><img loading=\"lazy\" decoding=\"async\" width=\"141\" height=\"141\" src=\"https:\/\/rededor2023.blendon.com.br\/wp-content\/uploads\/2024\/06\/SDG3.png\" alt=\"\" class=\"wp-image-4924\" style=\"width:80px\"\/><\/figure>\n\n\n\n<figure class=\"wp-block-image size-full is-resized\"><img loading=\"lazy\" decoding=\"async\" width=\"142\" height=\"141\" src=\"https:\/\/rededor2023.blendon.com.br\/wp-content\/uploads\/2024\/06\/SDG8.png\" alt=\"\" class=\"wp-image-4935\" style=\"width:80px\"\/><\/figure>\n\n\n\n<figure class=\"wp-block-image size-full is-resized\"><img loading=\"lazy\" decoding=\"async\" width=\"141\" height=\"141\" src=\"https:\/\/rededor2023.blendon.com.br\/wp-content\/uploads\/2024\/06\/SDG12.png\" alt=\"\" class=\"wp-image-4943\" style=\"width:80px\"\/><\/figure>\n\n\n\n<figure class=\"wp-block-image size-full is-resized\"><img loading=\"lazy\" decoding=\"async\" width=\"141\" height=\"141\" src=\"https:\/\/rededor2023.blendon.com.br\/wp-content\/uploads\/2024\/06\/SDG13.png\" alt=\"\" class=\"wp-image-4945\" style=\"width:80px\"\/><\/figure>\n<\/div>\n<\/div><\/div>\n\n<\/div><\/div><\/div><\/div><\/div>\n\n\n\n<div class=\"wp-block-kadence-pane kt-accordion-pane kt-accordion-pane-34 kt-pane4220_7ae799-1f\"><div class=\"kt-accordion-header-wrap\"><button class=\"kt-blocks-accordion-header kt-acccordion-button-label-show\"><span class=\"kt-blocks-accordion-title-wrap\"><span class=\"kt-blocks-accordion-title\">Revitaliza Rio \u2013 Pra\u00e7a Paris (Revitalize Rio \u2013 Paris Square - Rio de Janeiro, RJ)<\/span><\/span><span class=\"kt-blocks-accordion-icon-trigger\"><\/span><\/button><\/div><div class=\"kt-accordion-panel kt-accordion-panel-hidden\"><div class=\"kt-accordion-panel-inner\">\n<p class=\"has-kb-palette-19-color has-text-color has-link-color wp-elements-908cd6080b100c68a891656193c3e536\"><em><em>\u200cLaw of Incentive to Culture (Rouanet Law)<\/em><\/em><\/p>\n\n\n\n<p>In partnership with Das Lima Produ\u00e7\u00e3o e Promo\u00e7\u00e3o de Eventos, revitalization of iconic cultural heritage spaces in the city of Rio de Janeiro, such as Pra\u00e7a Paris. Production of a video with the history of space.<\/p>\n\n\n<div class=\"kb-row-layout-wrap kb-row-layout-id4220_ea6a11-53 alignnone wp-block-kadence-rowlayout\"><div class=\"kt-row-column-wrap kt-has-2-columns kt-row-layout-equal kt-tab-layout-inherit kt-mobile-layout-row kt-row-valign-top\">\n\n<div class=\"wp-block-kadence-column kadence-column4220_f10cd9-91\"><div class=\"kt-inside-inner-col\">\n<p style=\"font-style:normal;font-weight:700\">Audience reached: 3,000<\/p>\n\n\n\n<p style=\"font-style:normal;font-weight:700\">Investment:       BRL 500,000<\/p>\n<\/div><\/div>\n\n\n\n<div class=\"wp-block-kadence-column kadence-column4220_7fdb38-63\"><div class=\"kt-inside-inner-col\">\n<p class=\"has-kb-palette-3-color has-text-color has-link-color wp-elements-8ac3b7d10424c225a54e184261c6765c\" style=\"font-size:18px\"><strong>ODS:<\/strong><\/p>\n\n\n\n<div class=\"wp-block-group is-layout-flex wp-block-group-is-layout-flex\">\n<figure class=\"wp-block-image size-full is-resized\"><img loading=\"lazy\" decoding=\"async\" width=\"141\" height=\"141\" src=\"https:\/\/rededor2023.blendon.com.br\/wp-content\/uploads\/2024\/06\/SDG4.png\" alt=\"\" class=\"wp-image-4927\" style=\"width:80px\"\/><\/figure>\n<\/div>\n<\/div><\/div>\n\n<\/div><\/div><\/div><\/div><\/div>\n\n\n\n<div class=\"wp-block-kadence-pane kt-accordion-pane kt-accordion-pane-35 kt-pane4220_99a0ba-9e\"><div class=\"kt-accordion-header-wrap\"><button class=\"kt-blocks-accordion-header kt-acccordion-button-label-show\"><span class=\"kt-blocks-accordion-title-wrap\"><span class=\"kt-blocks-accordion-title\">Claro Theater (Rio de Janeiro, RJ)<\/span><\/span><span class=\"kt-blocks-accordion-icon-trigger\"><\/span><\/button><\/div><div class=\"kt-accordion-panel kt-accordion-panel-hidden\"><div class=\"kt-accordion-panel-inner\">\n<p class=\"has-kb-palette-19-color has-text-color has-link-color wp-elements-24235c54184f008143d7658268ec6f86\"><em><em>\u200cCultural Incentive Law - ISS<\/em><\/em><\/p>\n\n\n\n<p>In collaboration with Brain+, implementation of the Rede D\u2019Or\u2019s Accessibility project, promoting cultural accessibility and improving the access to performances. This includes physical accessibility, sign language interpretation, audio description, and subtitled videos.<\/p>\n\n\n<div class=\"kb-row-layout-wrap kb-row-layout-id4220_846b8d-4f alignnone wp-block-kadence-rowlayout\"><div class=\"kt-row-column-wrap kt-has-2-columns kt-row-layout-equal kt-tab-layout-inherit kt-mobile-layout-row kt-row-valign-top\">\n\n<div class=\"wp-block-kadence-column kadence-column4220_0f3d05-e6\"><div class=\"kt-inside-inner-col\">\n<p style=\"font-style:normal;font-weight:700\">Audience reached: 350,000 (including the audience of Teatro Bangu)<\/p>\n\n\n\n<p><strong>Investment: BRL 500,000<\/strong><\/p>\n<\/div><\/div>\n\n\n\n<div class=\"wp-block-kadence-column kadence-column4220_a1480f-55\"><div class=\"kt-inside-inner-col\">\n<p class=\"has-kb-palette-3-color has-text-color has-link-color wp-elements-59368d7fc6e05caac3b3a05a0c450bb1\" style=\"font-size:18px\"><strong>SDG:<\/strong><\/p>\n\n\n\n<div class=\"wp-block-group is-layout-flex wp-block-group-is-layout-flex\">\n<figure class=\"wp-block-image size-full is-resized\"><img loading=\"lazy\" decoding=\"async\" width=\"141\" height=\"141\" src=\"https:\/\/rededor2023.blendon.com.br\/wp-content\/uploads\/2024\/06\/SDG4.png\" alt=\"\" class=\"wp-image-4927\" style=\"width:80px\"\/><\/figure>\n\n\n\n<figure class=\"wp-block-image size-full is-resized\"><img loading=\"lazy\" decoding=\"async\" width=\"141\" height=\"141\" src=\"https:\/\/rededor2023.blendon.com.br\/wp-content\/uploads\/2024\/06\/SDG5.png\" alt=\"\" class=\"wp-image-4929\" style=\"width:80px\"\/><\/figure>\n\n\n\n<figure class=\"wp-block-image size-full is-resized\"><img loading=\"lazy\" decoding=\"async\" width=\"142\" height=\"141\" src=\"https:\/\/rededor2023.blendon.com.br\/wp-content\/uploads\/2024\/06\/SDG8.png\" alt=\"\" class=\"wp-image-4935\" style=\"width:80px\"\/><\/figure>\n\n\n\n<figure class=\"wp-block-image size-full is-resized\"><img loading=\"lazy\" decoding=\"async\" width=\"142\" height=\"141\" src=\"https:\/\/rededor2023.blendon.com.br\/wp-content\/uploads\/2024\/06\/SDG16.png\" alt=\"\" class=\"wp-image-4951\" style=\"width:80px\"\/><\/figure>\n<\/div>\n<\/div><\/div>\n\n<\/div><\/div><\/div><\/div><\/div>\n<\/div><\/div><\/div>\n<\/div><\/div>\n\n<\/div><\/div>\n\n\n<div style=\"height:50px\" aria-hidden=\"true\" class=\"wp-block-spacer\"><\/div>\n\n\n\n<h2 class=\"wp-block-heading has-kb-palette-17-color has-text-color has-link-color wp-elements-ec22d1a8c2cadbe19b30190647c4938b\">Social actions<\/h2>\n\n\n\n<p class=\"has-kb-palette-18-color has-text-color has-link-color has-small-font-size wp-elements-1e5e04fcce42a9694ec30bb0b2ad9426\">GRI 3-3<\/p>\n\n\n\n<div style=\"height:40px\" aria-hidden=\"true\" class=\"wp-block-spacer\"><\/div>\n\n\n<div class=\"kb-row-layout-wrap kb-row-layout-id4220_76160c-ac alignnone wp-block-kadence-rowlayout\"><div class=\"kt-row-column-wrap kt-has-2-columns kt-row-layout-row kt-tab-layout-inherit kt-mobile-layout-row kt-row-valign-top\">\n\n<div class=\"wp-block-kadence-column kadence-column4220_c80644-f9\"><div class=\"kt-inside-inner-col\">\n<p>Over the year, we encouraged our employees and physicians to participate in over 50 social initiatives nationwide. Here are some highlights:<\/p>\n\n\n<div class=\"kb-row-layout-wrap kb-row-layout-id4220_3ffe1b-0f alignnone wp-block-kadence-rowlayout\"><div class=\"kt-row-column-wrap kt-has-4-columns kt-row-layout-row kt-tab-layout-inherit kt-mobile-layout-row kt-row-valign-top\">\n\n<div class=\"wp-block-kadence-column kadence-column4220_03190b-5b\"><div class=\"kt-inside-inner-col\">\n<p style=\"text-transform:uppercase\"><strong>BLANKET DONATION:<\/strong><\/p>\n\n\n\n<p>Hospital Vila Nova Star (S\u00e3o Paulo, SP) donated 1,335 blankets to the Pastoral do Povo da Rua, part of the Archdiocese of S\u00e3o Paulo. The donation included one thousand affordable blankets made from two tons of textile waste from the unit\u2019s activities and 335 unused blankets. Additionally, 200 new quilts were donated.<\/p>\n<\/div><\/div>\n\n\n\n<div class=\"wp-block-kadence-column kadence-column4220_04f460-8e\"><div class=\"kt-inside-inner-col\">\n<p style=\"text-transform:uppercase\"><strong>BREAST MILK DONATION:<\/strong><\/p>\n\n\n\n<p>In celebration of World Human Milk Donation Day in May and to honor the donors, Hospital e Maternidade S\u00e3o Luiz An\u00e1lia Franco (S\u00e3o Paulo, SP) organized a gathering for sharing stories and expressing gratitude for this act of kindness. In 2023, the unit marked over 15 years of partnership with the Leonor Mendes de Barros State Hospital, leading to the donation of over 3,000 liters of surplus human breast milk throughout the period.<\/p>\n<\/div><\/div>\n\n\n\n<div class=\"wp-block-kadence-column kadence-column4220_6316b3-22\"><div class=\"kt-inside-inner-col\">\n<p style=\"text-transform:uppercase\"><strong>BLOOD DONATION:<\/strong><\/p>\n\n\n\n<p>In July, Rede D\u2019Or and GSH Banco de Sangue Serum held a new edition of the #SeuTipoSalvaVidas campaign at the Riachuelo Theater in downtown Rio de Janeiro (RJ). The aim of the partnership is to raise awareness and engage the population in the importance of blood donation.<\/p>\n<\/div><\/div>\n\n\n\n<div class=\"wp-block-kadence-column kadence-column4220_ffb3e4-67\"><div class=\"kt-inside-inner-col\">\n<p style=\"text-transform:uppercase\"><strong>FOOD DONATION:<\/strong><\/p>\n\n\n\n<p>We launched a non-perishable food items collection campaign at our year-end celebrations nationwide in partnership with Rede D\u2019Or physicians. In 2023, we collected 5,196 tons of food items, which were sent to local institutions.<\/p>\n<\/div><\/div>\n\n\n\n<div class=\"wp-block-kadence-column kadence-column4220_433048-27\"><div class=\"kt-inside-inner-col\">\n<p style=\"text-transform:uppercase\"><strong>LOST AND FOUND DONATION:<\/strong><\/p>\n\n\n\n<p>Pre-registered and approved philanthropic institutions received donations of lost and unclaimed items left by visitors at some of our hospital units. The items undergo a predefined process, with a maximum storage time per type, and if not claimed, they are sorted, sanitized, and packaged for donation.<\/p>\n\n\n\n<p>In 2023, Vila Nova Star (SP), Memorial S\u00e3o Jos\u00e9 (PE), Santa Helena (DF), and Copa Star (DF) hospitals have displayed a notable commitment to such initiative. Beneficiaries included institutions such as Salvation Army (RJ), Casa dos Artistas (RJ), and Abrigo Cristo Redentor (PE), as well as schools and religious entities like the Social Pastoral do Povo da Rua project, part of the Archdiocese of S\u00e3o Paulo, led by Father J\u00falio Lancelotti, known nationally for assisting and serving homeless people in the city of S\u00e3o Paulo.<\/p>\n<\/div><\/div>\n\n\n\n<div class=\"wp-block-kadence-column kadence-column4220_f56b52-fe\"><div class=\"kt-inside-inner-col\"><\/div><\/div>\n\n<\/div><\/div>\n\n<div class=\"kb-row-layout-wrap kb-row-layout-id4220_763bdb-4f alignnone wp-block-kadence-rowlayout\"><div class=\"kt-row-column-wrap kt-has-2-columns kt-row-layout-row kt-tab-layout-inherit kt-mobile-layout-row kt-row-valign-top\">\n\n<div class=\"wp-block-kadence-column kadence-column4220_2d46a5-50\"><div class=\"kt-inside-inner-col\">\n<p style=\"font-size:18px;font-style:normal;font-weight:700\">PREGNANT COURSE:<\/p>\n\n\n\n<p>The objective is to promote and provide guidance to pregnant women in pregnancy and postpartum care.<\/p>\n<\/div><\/div>\n\n\n\n<div class=\"wp-block-kadence-column kadence-column4220_699ae6-2e\"><div class=\"kt-inside-inner-col\">\n<p style=\"font-size:18px;font-style:normal;font-weight:700\">HANDWASHING<\/p>\n\n\n\n<p>Actions to raise awareness about the importance of hand hygiene and personal hygiene in everyday life.<\/p>\n<\/div><\/div>\n\n\n\n<div class=\"wp-block-kadence-column kadence-column4220_8eceb7-b2\"><div class=\"kt-inside-inner-col\">\n<p style=\"font-size:18px;font-style:normal;font-weight:700\">UPDATE COURSE IN ELDERLY CARE<\/p>\n\n\n\n<p>Update caregivers of the elderly on information related to the aging process, as well as on the necessary daily care.<\/p>\n<\/div><\/div>\n\n\n\n<div class=\"wp-block-kadence-column kadence-column4220_c7ae99-df\"><div class=\"kt-inside-inner-col\">\n<p style=\"font-size:18px;font-style:normal;font-weight:700\">RECYCLING ACTION<\/p>\n\n\n\n<p>Train and educate in an engaging manner about the disposal of recyclable waste.<\/p>\n<\/div><\/div>\n\n\n\n<div class=\"wp-block-kadence-column kadence-column4220_14307f-b9\"><div class=\"kt-inside-inner-col\">\n<p style=\"font-size:18px;font-style:normal;font-weight:700\">BLOOD DONATION<\/p>\n\n\n\n<p>Actions to promote awareness of the importance of blood donation.<\/p>\n<\/div><\/div>\n\n\n\n<div class=\"wp-block-kadence-column kadence-column4220_b49ad3-bd\"><div class=\"kt-inside-inner-col\">\n<p style=\"font-size:18px;font-style:normal;font-weight:700\">PURPLE NOVEMBER<\/p>\n\n\n\n<p>Provide guidance on prenatal care and caring for premature infants.<\/p>\n<\/div><\/div>\n\n\n\n<div class=\"wp-block-kadence-column kadence-column4220_31a690-5e\"><div class=\"kt-inside-inner-col\">\n<p style=\"font-size:18px;font-style:normal;font-weight:700\">LOVE IN A JAR ACTION<\/p>\n\n\n\n<p>Donation of glass containers for storing human milk.<\/p>\n<\/div><\/div>\n\n\n\n<div class=\"wp-block-kadence-column kadence-column4220_6b1cb7-80\"><div class=\"kt-inside-inner-col\">\n<p style=\"text-transform:uppercase\"><strong><strong>SESC MESA BRASIL PROGRAM IN RIO DE JANEIRO:<\/strong><\/strong><\/p>\n\n\n\n<p>In 2023, we benefited 48 socio-assistance institutions with our donations to the food waste and hunger relief program. A total of 2,787 people were benefited.<\/p>\n<\/div><\/div>\n\n<\/div><\/div><\/div><\/div>\n\n\n\n<div class=\"wp-block-kadence-column kadence-column4220_54effd-80\"><div class=\"kt-inside-inner-col\"><div class=\"wp-block-image\">\n<figure class=\"aligncenter size-large\"><img loading=\"lazy\" decoding=\"async\" width=\"970\" height=\"1024\" src=\"https:\/\/rededor2023.blendon.com.br\/wp-content\/uploads\/2024\/05\/acoes-de-cunho-social-970x1024.png\" alt=\"\" class=\"wp-image-4059\" srcset=\"https:\/\/rededor2023.blendon.com.br\/wp-content\/uploads\/2024\/05\/acoes-de-cunho-social-970x1024.png 970w, https:\/\/rededor2023.blendon.com.br\/wp-content\/uploads\/2024\/05\/acoes-de-cunho-social-284x300.png 284w, https:\/\/rededor2023.blendon.com.br\/wp-content\/uploads\/2024\/05\/acoes-de-cunho-social-768x811.png 768w, https:\/\/rededor2023.blendon.com.br\/wp-content\/uploads\/2024\/05\/acoes-de-cunho-social.png 1107w\" sizes=\"(max-width: 970px) 100vw, 970px\" \/><\/figure><\/div><\/div><\/div>\n\n<\/div><\/div>\n\n\n<div style=\"height:80px\" aria-hidden=\"true\" class=\"wp-block-spacer\"><\/div>\n","protected":false},"excerpt":{"rendered":"<p>GRI 3-3 We are mindful of the direct and indirect impacts\u00b9 we have on the communities where we operate, the stakeholders we engage with, and society as a whole. We also recognize that, given our size and nationwide presence, we serve as a catalyst for economic and social development in our area of operation. In [&hellip;]<\/p>\n","protected":false},"author":1,"featured_media":2626,"parent":4217,"menu_order":0,"comment_status":"closed","ping_status":"closed","template":"","meta":{"inline_featured_image":false,"footnotes":""},"class_list":["post-4220","page","type-page","status-publish","has-post-thumbnail","hentry"],"acf":[],"_links":{"self":[{"href":"https:\/\/rededor2023.blendon.com.br\/en\/wp-json\/wp\/v2\/pages\/4220"}],"collection":[{"href":"https:\/\/rededor2023.blendon.com.br\/en\/wp-json\/wp\/v2\/pages"}],"about":[{"href":"https:\/\/rededor2023.blendon.com.br\/en\/wp-json\/wp\/v2\/types\/page"}],"author":[{"embeddable":true,"href":"https:\/\/rededor2023.blendon.com.br\/en\/wp-json\/wp\/v2\/users\/1"}],"replies":[{"embeddable":true,"href":"https:\/\/rededor2023.blendon.com.br\/en\/wp-json\/wp\/v2\/comments?post=4220"}],"version-history":[{"count":55,"href":"https:\/\/rededor2023.blendon.com.br\/en\/wp-json\/wp\/v2\/pages\/4220\/revisions"}],"predecessor-version":[{"id":6243,"href":"https:\/\/rededor2023.blendon.com.br\/en\/wp-json\/wp\/v2\/pages\/4220\/revisions\/6243"}],"up":[{"embeddable":true,"href":"https:\/\/rededor2023.blendon.com.br\/en\/wp-json\/wp\/v2\/pages\/4217"}],"wp:featuredmedia":[{"embeddable":true,"href":"https:\/\/rededor2023.blendon.com.br\/en\/wp-json\/wp\/v2\/media\/2626"}],"wp:attachment":[{"href":"https:\/\/rededor2023.blendon.com.br\/en\/wp-json\/wp\/v2\/media?parent=4220"}],"curies":[{"name":"wp","href":"https:\/\/api.w.org\/{rel}","templated":true}]}}