{"id":4207,"date":"2024-03-11T19:14:29","date_gmt":"2024-03-11T22:14:29","guid":{"rendered":"https:\/\/rededor2023.blendon.com.br\/capital-humano\/nossos-colaboradores\/"},"modified":"2024-07-10T18:17:54","modified_gmt":"2024-07-10T21:17:54","slug":"our-employees","status":"publish","type":"page","link":"https:\/\/rededor2023.blendon.com.br\/en\/human-capital\/our-employees\/","title":{"rendered":"Our employees"},"content":{"rendered":"<div class=\"kb-row-layout-wrap kb-row-layout-id4207_62b5cf-51 alignnone wp-block-kadence-rowlayout\"><div class=\"kt-row-column-wrap kt-has-1-columns kt-row-layout-equal kt-tab-layout-inherit kt-mobile-layout-row kt-row-valign-top\">\n\n<div class=\"wp-block-kadence-column kadence-column4207_c3727f-db\"><div class=\"kt-inside-inner-col\">\n<h3 class=\"wp-block-heading has-text-align-center has-kb-palette-7-color has-text-color has-link-color wp-elements-eca1b63678b109971d519d5a373d4b23\">Human capital highlights<\/h3>\n\n\n\n<div style=\"height:24px\" aria-hidden=\"true\" class=\"wp-block-spacer\"><\/div>\n\n\n<div class=\"wp-block-image\">\n<figure data-wp-context=\"{&quot;uploadedSrc&quot;:&quot;https:\\\/\\\/rededor2023.blendon.com.br\\\/wp-content\\\/uploads\\\/2024\\\/06\\\/human-capital-highlights@2x.png&quot;,&quot;figureClassNames&quot;:&quot;aligncenter size-large&quot;,&quot;figureStyles&quot;:null,&quot;imgClassNames&quot;:&quot;wp-image-5004&quot;,&quot;imgStyles&quot;:&quot;object-fit:cover&quot;,&quot;targetWidth&quot;:1747,&quot;targetHeight&quot;:1409,&quot;scaleAttr&quot;:&quot;cover&quot;,&quot;ariaLabel&quot;:&quot;Enlarge image&quot;,&quot;alt&quot;:&quot;&quot;}\" data-wp-interactive=\"core\/image\" class=\"aligncenter size-large wp-lightbox-container\"><img loading=\"lazy\" decoding=\"async\" width=\"1024\" height=\"826\" data-wp-init=\"callbacks.setButtonStyles\" data-wp-on-async--click=\"actions.showLightbox\" data-wp-on-async--load=\"callbacks.setButtonStyles\" data-wp-on-async-window--resize=\"callbacks.setButtonStyles\" src=\"https:\/\/rededor2023.blendon.com.br\/wp-content\/uploads\/2024\/06\/human-capital-highlights@2x-1024x826.png\" alt=\"\" class=\"wp-image-5004\" style=\"object-fit:cover\" srcset=\"https:\/\/rededor2023.blendon.com.br\/wp-content\/uploads\/2024\/06\/human-capital-highlights@2x-1024x826.png 1024w, https:\/\/rededor2023.blendon.com.br\/wp-content\/uploads\/2024\/06\/human-capital-highlights@2x-300x242.png 300w, https:\/\/rededor2023.blendon.com.br\/wp-content\/uploads\/2024\/06\/human-capital-highlights@2x-768x619.png 768w, https:\/\/rededor2023.blendon.com.br\/wp-content\/uploads\/2024\/06\/human-capital-highlights@2x-1536x1239.png 1536w, https:\/\/rededor2023.blendon.com.br\/wp-content\/uploads\/2024\/06\/human-capital-highlights@2x.png 1747w\" sizes=\"(max-width: 1024px) 100vw, 1024px\" \/><button\n\t\t\tclass=\"lightbox-trigger\"\n\t\t\ttype=\"button\"\n\t\t\taria-haspopup=\"dialog\"\n\t\t\taria-label=\"Enlarge image\"\n\t\t\tdata-wp-init=\"callbacks.initTriggerButton\"\n\t\t\tdata-wp-on-async--click=\"actions.showLightbox\"\n\t\t\tdata-wp-style--right=\"context.imageButtonRight\"\n\t\t\tdata-wp-style--top=\"context.imageButtonTop\"\n\t\t>\n\t\t\t<svg xmlns=\"http:\/\/www.w3.org\/2000\/svg\" width=\"12\" height=\"12\" fill=\"none\" viewBox=\"0 0 12 12\">\n\t\t\t\t<path fill=\"#fff\" d=\"M2 0a2 2 0 0 0-2 2v2h1.5V2a.5.5 0 0 1 .5-.5h2V0H2Zm2 10.5H2a.5.5 0 0 1-.5-.5V8H0v2a2 2 0 0 0 2 2h2v-1.5ZM8 12v-1.5h2a.5.5 0 0 0 .5-.5V8H12v2a2 2 0 0 1-2 2H8Zm2-12a2 2 0 0 1 2 2v2h-1.5V2a.5.5 0 0 0-.5-.5H8V0h2Z\" \/>\n\t\t\t<\/svg>\n\t\t<\/button><\/figure><\/div>\n\n\n<div style=\"height:80px\" aria-hidden=\"true\" class=\"wp-block-spacer\"><\/div>\n<\/div><\/div>\n\n<\/div><\/div>\n\n<div class=\"kb-row-layout-wrap kb-row-layout-id4207_2daf78-c6 alignnone kt-row-has-bg wp-block-kadence-rowlayout\"><div class=\"kt-row-column-wrap kt-has-2-columns kt-row-layout-equal kt-tab-layout-inherit kt-mobile-layout-row kt-row-valign-top\">\n\n<div class=\"wp-block-kadence-column kadence-column4207_6a182e-bb\"><div class=\"kt-inside-inner-col\">\n<p>Our staff members are the foundation of the daily success we cultivate across Rede D\u2019Or. In line with this belief, we adopt as premises the appreciation and encouragement of the personal and professional performance of each of our more than 71,000 employees. We translate this into investments in continuous training and development, healthcare and well-being, transparent communication and initiatives to create an increasingly better work environment.<\/p>\n\n\n\n<p>In 2023, we invested in expanding our relationships with universities and institutions to attract young talents. We continue with the Rede D\u2019Or Trainee Program, aimed at accelerating the development of new leaders, and we received a record-breaking number of applications.<\/p>\n\n\n\n<p>In another front, together with<em> Instituto<\/em> <em>PROA<\/em>, we prepare young adults in vulnerable situations for the job market, promoting productive inclusion and enhancing employability and professional and personal development.<\/p>\n\n\n\n<p>Aimed at valuing our employees and offering real opportunities for career growth within Rede D\u2019Or, since 2020 we have the internal recruitment program <em>Movimenta Rede<\/em>, which advertises opportunities for all areas and units across Brazil.<\/p>\n\n\n\n<p>For 2024, our HR will continue to devote its efforts to strengthening the bond between employees and our strategy of maximizing the strategic pillars\u2014Technical Quality, Perceived Quality and Economic Results.<\/p>\n\n\n\n<p>Rede D\u2019Or follows all laws and regulations related to this topic and is committed to respecting human rights of all our employees, medical staff, patients, suppliers, third parties and society.<\/p>\n\n\n\n<p>Additional information about Rede D\u2019Or commitments can be found in the policies associated with the respective topics, referenced on pages 29 and 30 hereof, as well as in the <a href=\"https:\/\/rededor2023.blendon.com.br\/en\/business-model\/commitment-to-sustainability\/\" target=\"_blank\" rel=\"noreferrer noopener\">sustainability commitments<\/a>.<\/p>\n<\/div><\/div>\n\n\n\n<div class=\"wp-block-kadence-column kadence-column4207_017412-4f\"><div class=\"kt-inside-inner-col\"><div class=\"wp-block-image mobile-only\">\n<figure class=\"aligncenter size-large\"><img loading=\"lazy\" decoding=\"async\" width=\"1024\" height=\"601\" src=\"https:\/\/rededor2023.blendon.com.br\/wp-content\/uploads\/2024\/04\/nossos-coloaboradores-bg-1024x601.webp\" alt=\"\" class=\"wp-image-1685\" srcset=\"https:\/\/rededor2023.blendon.com.br\/wp-content\/uploads\/2024\/04\/nossos-coloaboradores-bg-1024x601.webp 1024w, https:\/\/rededor2023.blendon.com.br\/wp-content\/uploads\/2024\/04\/nossos-coloaboradores-bg-300x176.webp 300w, https:\/\/rededor2023.blendon.com.br\/wp-content\/uploads\/2024\/04\/nossos-coloaboradores-bg-768x451.webp 768w, https:\/\/rededor2023.blendon.com.br\/wp-content\/uploads\/2024\/04\/nossos-coloaboradores-bg-1536x902.webp 1536w, https:\/\/rededor2023.blendon.com.br\/wp-content\/uploads\/2024\/04\/nossos-coloaboradores-bg.webp 1920w\" sizes=\"(max-width: 1024px) 100vw, 1024px\" \/><\/figure><\/div><\/div><\/div>\n\n<\/div><\/div>\n\n\n<div style=\"height:80px\" aria-hidden=\"true\" class=\"wp-block-spacer\"><\/div>\n\n\n\n<h2 class=\"wp-block-heading has-kb-palette-7-color has-text-color has-link-color wp-elements-410a25e15b2478e28b70318ff54c61d7\">Talent attraction and retention<\/h2>\n\n\n\n<p class=\"has-text-color has-link-color has-small-font-size wp-elements-176af6bc127a4838ce91beabfd837301\" style=\"color:#9b5a1a\">GRI 3-3, 401-1<\/p>\n\n\n<div class=\"kb-row-layout-wrap kb-row-layout-id4207_1465d9-57 alignnone wp-block-kadence-rowlayout\"><div class=\"kt-row-column-wrap kt-has-2-columns kt-row-layout-row kt-tab-layout-inherit kt-mobile-layout-row kt-row-valign-top\">\n\n<div class=\"wp-block-kadence-column kadence-column4207_7e0f16-b4\"><div class=\"kt-inside-inner-col\">\n<p>We greatly value the promoting and dissemination of our corporate culture, the creation of job opportunities\u00b9 for those entering the job market and the establishing of a successor training process. We believe that through our initiatives, we will not only attract professionals who are willing and committed to performing to the best of their abilities but also retain them in a welcoming and rewarding environment for both professional and personal development.<\/p>\n\n\n\n<p>In this sense, in 2023 we invested in broadening our relationship with universities, extending our reach to over 45 institutions nationwide, thus creating an actual positive impact on the community. The aim is to maintain a close relationship with leading institutions to offer our internship, trainee and other professional opportunities. This movement also included extending relationships to other states, especially in the Northeast, where we face challenges hiring skilled professionals due to the Company\u2019s growth.<\/p>\n\n\n\n<p class=\"has-small-font-size\">\u00b9 Actual positive impact.<\/p>\n\n\n\n<p class=\"has-small-font-size\">\u00b2 To prevent non-compliance with labor laws (negative impact), Rede D\u2019Or follows all laws and regulations concerning the subject and is committed to respecting the human rights of all employees, clinical staff, patients, suppliers, third parties and society. Additional information about Rede D\u2019Or commitments can be found in the Human Rights Policy.<\/p>\n<\/div><\/div>\n\n\n\n<div class=\"wp-block-kadence-column kadence-column4207_f030ab-08\"><div class=\"kt-inside-inner-col\"><\/div><\/div>\n\n<\/div><\/div>\n\n\n<div style=\"height:80px\" aria-hidden=\"true\" class=\"wp-block-spacer\"><\/div>\n\n\n<div class=\"kb-row-layout-wrap kb-row-layout-id4207_b93cc8-3b alignnone wp-block-kadence-rowlayout\"><div class=\"kt-row-column-wrap kt-has-1-columns kt-row-layout-equal kt-tab-layout-inherit kt-mobile-layout-row kt-row-valign-top\">\n\n<div class=\"wp-block-kadence-column kadence-column4207_627e42-f9\"><div class=\"kt-inside-inner-col\">\n<h3 class=\"wp-block-heading\">Rede D\u2019Or\u2019 Trainee Program<\/h3>\n\n\n\n<p class=\"has-small-font-size\">GRI 3-3<\/p>\n\n\n\n<p>We launched Rede D\u2019Or\u2019s 2024 Trainee Program, designed to expedite the development of new leaders through an immersive experience within the business. The program offers technical tools for project and people management, as well as behavioral tools based on the eight competencies adopted at Rede D\u2019Or. In the program\u2019s third edition, we received over 17,000 applications (360% more than in 2022) to fill 16 positions opened in this reporting cycle.<\/p>\n\n\n\n<p>Our Trainee Program welcomes applicants from all undergraduate backgrounds, whether related to healthcare or not, and stands out among others for its innovative approach to professional development. The recruitment processes include behavioral profile assessment and mapping, dynamics and interviews with executives from different executive offices, including the CEO. Accepted candidates undergo a nine-month job rotation within the business, providing them with an in-depth understanding of the healthcare sector and developing multidisciplinary skills.<\/p>\n\n\n\n<p>Throughout the program, from January to September 2024, applicants will be mentored by experienced Company leaders and will have the opportunity to learn from leading professionals in the field, collaborate on challenging projects and be involved in day-to- day hospital management. They will also have access to Academia Rede D\u2019Or, which provides opportunities for continuous learning and professional improvement.<\/p>\n\n\n\n<p>In October 2024, newly graduated trainees will be assigned to their definitive positions<\/p>\n<\/div><\/div>\n\n<\/div><\/div>\n\n\n<p class=\"has-small-font-size\">Note: Read more about the target for the \u201cR&amp;D, Innovation and Education\u201d material topic and its progress assessment in the the \u201cESG Targets\u201d topic.<\/p>\n\n\n\n<div style=\"height:80px\" aria-hidden=\"true\" class=\"wp-block-spacer\"><\/div>\n\n\n<div class=\"kb-row-layout-wrap kb-row-layout-id4207_e144ac-64 alignnone wp-block-kadence-rowlayout\"><div class=\"kt-row-column-wrap kt-has-1-columns kt-row-layout-equal kt-tab-layout-inherit kt-mobile-layout-row kt-row-valign-top\">\n\n<div class=\"wp-block-kadence-column kadence-column4207_83ee44-0e\"><div class=\"kt-inside-inner-col\">\n<h3 class=\"wp-block-heading\">Hiring young talents<\/h3>\n\n\n\n<p class=\"has-small-font-size\">GRI 3-3<\/p>\n\n\n\n<p>In partnership with the PROA Institute, we train young people aged 18 to 22 from vulnerable backgrounds for the job market, promoting productive inclusion and enhancing employability and professional and personal development. We offer a 100-hour socio-emotional training through paths that cover topics such as self-awareness, communication, logical reasoning, professional project and career planning. Upon completion of the training, they choose one of the technical paths in Administration, Logistics or other available areas. In 2023, we hired 20 young people through this initiative.<\/p>\n\n\n\n<p>We also contribute to the inclusion and social transformation of young people and adults from marginalized areas by promoting employability, especially in operational positions, through our new partnership with <a href=\"https:\/\/www.entreoceueafavela.org\/\" target=\"_blank\" rel=\"noreferrer noopener\">Entre o C\u00e9u e a Favela Institute<\/a>, empowering them to take the lead in socio-cultural actions.<\/p>\n\n\n\n<p>In total, 26 young people were hired through these initiatives. &nbsp;<\/p>\n<\/div><\/div>\n\n<\/div><\/div>\n\n\n<div style=\"height:80px\" aria-hidden=\"true\" class=\"wp-block-spacer\"><\/div>\n\n\n\n<h3 class=\"wp-block-heading has-kb-palette-7-color has-text-color has-link-color wp-elements-9f7b43a21181e4380847fc8d86ad79fc\"><em>Movimenta Rede<\/em><\/h3>\n\n\n\n<p class=\"has-text-color has-link-color has-small-font-size wp-elements-04af3315508b7858e75dafdc87a9c875\" style=\"color:#9b5a1a\">GRI 3-3,404-3<\/p>\n\n\n\n<p>To value our employees and provide genuine growth opportunities within Rede D\u2019Or, we prioritize in-house recruitment and maintain a program for this purpose called <em>Movimenta Rede<\/em>. Since 2020, all program stages have been conducted in an online environment, increasing the visibility of opportunities. Every month, we announce open positions through different internal channels together with significant statistics and testimonials from people who have taken a new step in their careers within the Company.<\/p>\n\n\n\n<p>In 2023, we offered 4,881 internal opportunities across all areas and units throughout Brazil, for which we received 18,476 applications. As a result, 1,654 employees took on new challenges through the <em>Movimenta Rede<\/em> program, a 13% increase compared to 2022. The program has impacted over 60,000 individuals over the years.<\/p>\n\n\n\n<p>In 2023, announcements regarding <em>Movimenta Rede<\/em> were the most accessed in our internal HR Digital app, indicating a strong interest among teams. We recorded 38,500 views across nine posts, with the most popular post receiving around 8,000 views. Furthermore, we produced four videos and issued various announcements on other internal channels, such as email, posters, whatsapp cards and corporate TVs.<\/p>\n\n\n\n<p>The hiring process is based on our <strong>Competency Model<\/strong>, which focuses on the organizational behaviors expected at each hierarchical level, ensuring alignment with our strategic guidance, management model, mission and values.<\/p>\n\n\n\n<p>Each month, our Recruitment and Selection department assesses the experiences of individuals who were successful or unsuccessful in both internal and external selection processes to monitor their perception in their journey and promote improvements in the areas\u2019 services and processes, including an inquiry about the perception of openness to diversity [GRI 3-3].<\/p>\n\n\n\n<div class=\"wp-block-kadence-column kadence-column4207_687cc3-83 kb-section-is-sticky\"><div class=\"kt-inside-inner-col\"><div class=\"wp-block-image\">\n<figure class=\"aligncenter size-large\"><img loading=\"lazy\" decoding=\"async\" width=\"1024\" height=\"615\" src=\"https:\/\/rededor2023.blendon.com.br\/wp-content\/uploads\/2024\/04\/contratacao-de-jovens-talentos-bg-1024x615.webp\" alt=\"Corporate team members based in Rio de Janeiro\" class=\"wp-image-1715\" srcset=\"https:\/\/rededor2023.blendon.com.br\/wp-content\/uploads\/2024\/04\/contratacao-de-jovens-talentos-bg-1024x615.webp 1024w, https:\/\/rededor2023.blendon.com.br\/wp-content\/uploads\/2024\/04\/contratacao-de-jovens-talentos-bg-300x180.webp 300w, https:\/\/rededor2023.blendon.com.br\/wp-content\/uploads\/2024\/04\/contratacao-de-jovens-talentos-bg-768x461.webp 768w, https:\/\/rededor2023.blendon.com.br\/wp-content\/uploads\/2024\/04\/contratacao-de-jovens-talentos-bg.webp 1226w\" sizes=\"(max-width: 1024px) 100vw, 1024px\" \/><figcaption class=\"wp-element-caption\">Corporate team members based in Rio de Janeiro<\/figcaption><\/figure><\/div><\/div><\/div>\n\n\n\n<div style=\"height:80px\" aria-hidden=\"true\" id=\"remuneracao-e-beneficios\" class=\"wp-block-spacer\"><\/div>\n\n\n\n<h2 class=\"wp-block-heading has-kb-palette-7-color has-text-color has-link-color wp-elements-2bdc7c03ef87b1a547e3fa4ba4f82239\">Compensation and benefits<\/h2>\n\n\n\n<p class=\"has-kb-palette-8-color has-text-color has-link-color has-small-font-size wp-elements-82ae0ef1f26636f23835e84719e04012\">GRI 2-19, 2-20, 2-21, 3-3, 401-2<\/p>\n\n\n\n<p>Our overarching goal is to provide excellent care for people, which is achieved through our employees. As recognition and a demonstration of trust in everyone within the Company, our compensation and benefitspractices follow market benchmarks and comply with Brazilian regulations and our Human Resources Policy. In addition to their base salaries, employees are provided with a goals and bonuses program. Based on the performance of each individual\u2019s work within their teams, areas and executive offices, the program has simple and easy-to-understand rules that were shared with employees through HR notices, emphasizing how each individual\u2019s work directly influences our overall results. Aligned with the Bonus Program, we have established goals that were communicated to the entire Company, ensuring greater transparency and governance, in addition to a Power BI dashboard that allows senior management to track these goals. For 2023, we further simplified calculations to make it easier to effectively monitor our results. As support, we provide an explanatory booklet outlining basic concepts and a FAQ with all goals to be achieved.<\/p>\n\n\n\n<p>We also offer our employees a benefits plan that includes health\u00b9 and dental\u00b9 insurance (extended to family members); meal allowance or on-site cafeteria; food voucher\u00b9; life insurance\u00b9; disability and invalidity assistance; parental leave; partnership with the Total Pass3 corporate fitness platform, focusing on employees\u2019 quality of life, health and well-being; Christmas kit\u00b2; as well as an exclusive Partnerships Club. On an online platform, we provide our employees with products and services negotiated exclusively with insurance, education (including language and computer courses), culture and entertainment, wellness and gastronomy companies, and access to D\u2019Or Mais Sa\u00fade, a marketplace featuring a wide range of products. In 2023, our platform had over 82,653 visits and 127,562 accesses to the program, posting a 45% growth compared to the previous year.<\/p>\n\n\n\n<p class=\"has-small-font-size\">\u00b9 Not granted to apprentices and interns<\/p>\n\n\n\n<p class=\"has-small-font-size\">\u00b2 Not granted to interns and temporary employees<\/p>\n\n\n\n<p class=\"has-small-font-size\">\u00b3 Not granted to interns<\/p>\n\n\n\n<p class=\"has-small-font-size\"><sup>4<\/sup> The definition of Significant Operating Units for this indicator is companies that are part of the Company\u2019s core business, i.e. all hospital units, excluding imaging, oncology and hematology clinics, medical centers and corporate units.<\/p>\n\n\n\n<p class=\"has-small-font-size\">More information on benefits are availeble in item 10.3b of the <a href=\"https:\/\/api.mziq.com\/mzfilemanager\/v2\/d\/5ecded6f-d02b-4439-bd60-b78400f01f1e\/23e740bf-62a6-fce7-e1c4-6a2768ad178d?origin=1\" target=\"_blank\" rel=\"noreferrer noopener\">Reference Form.<\/a>.<\/p>\n\n\n\n<div style=\"height:40px\" aria-hidden=\"true\" class=\"wp-block-spacer\"><\/div>\n\n\n<div class=\"kb-row-layout-wrap kb-row-layout-id4207_21c2b2-50 alignnone wp-block-kadence-rowlayout\"><div class=\"kt-row-column-wrap kt-has-2-columns kt-row-layout-row kt-tab-layout-inherit kt-mobile-layout-row kt-row-valign-top\">\n\n<div class=\"wp-block-kadence-column kadence-column4207_c22999-ec\"><div class=\"kt-inside-inner-col\">\n<h3 class=\"wp-block-heading\" style=\"font-size:16px\">Rede D\u2019Or\u2019s Partnerships Club<\/h3>\n\n\n\n<p>In addition to our benefits, we offer an online platform that gathers special conditions for Rede D\u2019Or teams in one place, including products and services from segments such as insurance, education, culture and entertainment, well-being and gastronomy.<\/p>\n\n\n\n<p><a href=\"https:\/\/rededor.clubeben.com.br\/\" target=\"_blank\" rel=\"noreferrer noopener\">Learn more about Rede D\u2019Or\u2019s Partnerships Club.<\/a><\/p>\n<\/div><\/div>\n\n\n\n<div class=\"wp-block-kadence-column kadence-column4207_055704-0a\"><div class=\"kt-inside-inner-col\"><\/div><\/div>\n\n<\/div><\/div>\n\n\n<div style=\"height:80px\" aria-hidden=\"true\" class=\"wp-block-spacer\"><\/div>\n\n\n\n<h2 class=\"wp-block-heading has-kb-palette-7-color has-text-color has-link-color wp-elements-34565499f48bf033383627ce8c9e6884\">Collective bargaining agreements<\/h2>\n\n\n\n<p class=\"has-kb-palette-8-color has-text-color has-link-color has-small-font-size wp-elements-757340ecf0d4c5d628b3b9bdf25ccf04\">GRI 2-30<\/p>\n\n\n\n<p>In 2023, 96% of our employees were affected by health and safety issues addressed in collective bargaining agreements or conventions negotiated with labor unions. Out of our 71,850 employees, 3,083 lack representation, meaning they affiliated with unions but do not have collective bargaining agreements or their positions are not represented by the unions, although they receive salary adjustments in advance at the discretion of Rede D\u2019Or.<\/p>\n\n\n\n<p>At Rede D\u2019Or, we maintain constant open communication channels with both labor and employer unions. We abide by collective agreements and\/or conventions, as well as relevant legislations.<\/p>\n\n\n\n<div style=\"height:50px\" aria-hidden=\"true\" class=\"wp-block-spacer\"><\/div>\n\n\n\n<h2 class=\"wp-block-heading has-kb-palette-7-color has-text-color has-link-color wp-elements-1eda63805c260041d967c54fe241da02\">Career and development<\/h2>\n\n\n\n<div style=\"height:40px\" aria-hidden=\"true\" class=\"wp-block-spacer\"><\/div>\n\n\n\n<h3 class=\"wp-block-heading has-kb-palette-7-color has-text-color has-link-color wp-elements-d79fdb686c051348f01cc4616c00a001\">Competency Program<\/h3>\n\n\n\n<p>The personnel cycle permeates every aspect of the employee experience: recruitment and selection, onboarding, competency assessment, feedback, training initiatives and career and professional performance processes. We continuously seek to encourage a culture of learning among our employees, promoting a stance of self- development and empowerment.<\/p>\n\n\n\n<p>Each year, employees who have been with the Company for at least three months (excluding interns, apprentices and outsourced personnel) undergo a Competency Assessment with rounds of feedback and the creation of Individual Development Plans (IDPs). This allows us to identify the level of adherence of their behaviors to the technical and organizational competencies mapped in the analysis, enabling employees to establish actions to improve areas identified during feedback sessions and focus on the skills, knowledge and attitudes they need to develop. In 2023, we assessed over 60,200 employees across 92 participating units. This figure includes all active employees hired (under the Brazilian Labor Law - CLT) and managers contracted (independent contractors) by February 28, 2023.<\/p>\n\n\n\n<p><strong>Total workforce who received regular performance and career development assessment | GRI 404-3<\/strong><\/p>\n\n\n\n<div class=\"wpdt-c row wpDataTableContainerSimpleTable wpDataTables wpDataTablesWrapper\n\"\n    >\n        <table id=\"wpdtSimpleTable-100\"\n           style=\"border-collapse:collapse;\n                   border-spacing:0px;\"\n           class=\"wpdtSimpleTable wpDataTable\"\n           data-column=\"3\"\n           data-rows=\"10\"\n           data-wpID=\"100\"\n           data-responsive=\"0\"\n           data-has-header=\"1\">\n\n                    <thead>        <tr class=\"wpdt-cell-row \" >\n                            <th class=\"wpdt-cell wpdt-bold wpdt-align-left\"\n                                    data-cell-id=\"A1\"\n                data-col-index=\"0\"\n                data-row-index=\"0\"\n                style=\" width:33.333333333333%;                padding:10px;\n                \"\n                >\n                                By Gender                <\/th>\n                                            <th class=\"wpdt-cell wpdt-bold wpdt-align-right\"\n                                    data-cell-id=\"B1\"\n                data-col-index=\"1\"\n                data-row-index=\"0\"\n                style=\" width:33.333333333333%;                padding:10px;\n                \"\n                >\n                                2023                <\/th>\n                                            <th class=\"wpdt-cell wpdt-bold wpdt-align-right\"\n                                    data-cell-id=\"C1\"\n                data-col-index=\"2\"\n                data-row-index=\"0\"\n                style=\" width:33.333333333333%;                padding:10px;\n                \"\n                >\n                                2022                <\/th>\n                                        <\/tr>\n                    <tbody>        <tr class=\"wpdt-cell-row \" >\n                            <td class=\"wpdt-cell wpdt-align-left\"\n                                    data-cell-id=\"A2\"\n                data-col-index=\"0\"\n                data-row-index=\"1\"\n                style=\"                padding:10px;\n                \"\n                >\n                                Women                <\/td>\n                                            <td class=\"wpdt-cell wpdt-align-right\"\n                                    data-cell-id=\"B2\"\n                data-col-index=\"1\"\n                data-row-index=\"1\"\n                style=\"                padding:10px;\n                \"\n                >\n                                98.76%                <\/td>\n                                            <td class=\"wpdt-cell wpdt-align-right\"\n                                    data-cell-id=\"C2\"\n                data-col-index=\"2\"\n                data-row-index=\"1\"\n                style=\"                padding:10px;\n                \"\n                >\n                                99.55%                <\/td>\n                                        <\/tr>\n                            <tr class=\"wpdt-cell-row \" >\n                            <td class=\"wpdt-cell wpdt-align-left\"\n                                    data-cell-id=\"A3\"\n                data-col-index=\"0\"\n                data-row-index=\"2\"\n                style=\"                padding:10px;\n                \"\n                >\n                                Men                <\/td>\n                                            <td class=\"wpdt-cell wpdt-align-right\"\n                                    data-cell-id=\"B3\"\n                data-col-index=\"1\"\n                data-row-index=\"2\"\n                style=\"                padding:10px;\n                \"\n                >\n                                97.61%                <\/td>\n                                            <td class=\"wpdt-cell wpdt-align-right\"\n                                    data-cell-id=\"C3\"\n                data-col-index=\"2\"\n                data-row-index=\"2\"\n                style=\"                padding:10px;\n                \"\n                >\n                                99.13%                <\/td>\n                                        <\/tr>\n                            <tr class=\"wpdt-cell-row \" >\n                            <td class=\"wpdt-cell wpdt-bold wpdt-align-left\"\n                                    data-cell-id=\"A4\"\n                data-col-index=\"0\"\n                data-row-index=\"3\"\n                style=\"                padding:10px;\n                \"\n                >\n                                By employment category                <\/td>\n                                            <td class=\"wpdt-cell wpdt-align-right wpdt-bold\"\n                                    data-cell-id=\"B4\"\n                data-col-index=\"1\"\n                data-row-index=\"3\"\n                style=\"                padding:10px;\n                \"\n                >\n                                2023                <\/td>\n                                            <td class=\"wpdt-cell wpdt-align-right wpdt-bold\"\n                                    data-cell-id=\"C4\"\n                data-col-index=\"2\"\n                data-row-index=\"3\"\n                style=\"                padding:10px;\n                \"\n                >\n                                2022                <\/td>\n                                        <\/tr>\n                            <tr class=\"wpdt-cell-row \" >\n                            <td class=\"wpdt-cell wpdt-align-left\"\n                                    data-cell-id=\"A5\"\n                data-col-index=\"0\"\n                data-row-index=\"4\"\n                style=\"                padding:10px;\n                \"\n                >\n                                Officers                <\/td>\n                                            <td class=\"wpdt-cell wpdt-align-right\"\n                                    data-cell-id=\"B5\"\n                data-col-index=\"1\"\n                data-row-index=\"4\"\n                style=\"                padding:10px;\n                \"\n                >\n                                72.35%                <\/td>\n                                            <td class=\"wpdt-cell wpdt-align-right\"\n                                    data-cell-id=\"C5\"\n                data-col-index=\"2\"\n                data-row-index=\"4\"\n                style=\"                padding:10px;\n                \"\n                >\n                                93.25%                <\/td>\n                                        <\/tr>\n                            <tr class=\"wpdt-cell-row \" >\n                            <td class=\"wpdt-cell wpdt-align-left\"\n                                    data-cell-id=\"A6\"\n                data-col-index=\"0\"\n                data-row-index=\"5\"\n                style=\"                padding:10px;\n                \"\n                >\n                                \u00a0Managers\u00a0\u00a0\u00a0\u00a0\u00a0\u00a0\u00a0\u00a0\u00a0\u00a0\u00a0\u00a0\u00a0\u00a0\u00a0\u00a0\u00a0\u00a0\u00a0\u00a0\u00a0\u00a0\u00a0\u00a0\u00a0\u00a0\u00a0\u00a0\u00a0\u00a0\u00a0                 <\/td>\n                                            <td class=\"wpdt-cell wpdt-align-right\"\n                                    data-cell-id=\"B6\"\n                data-col-index=\"1\"\n                data-row-index=\"5\"\n                style=\"                padding:10px;\n                \"\n                >\n                                85.47%                <\/td>\n                                            <td class=\"wpdt-cell wpdt-align-right\"\n                                    data-cell-id=\"C6\"\n                data-col-index=\"2\"\n                data-row-index=\"5\"\n                style=\"                padding:10px;\n                \"\n                >\n                                \u00a0\u00a0\u00a0\u00a0\u00a0\u00a0 96.67%                 <\/td>\n                                        <\/tr>\n                            <tr class=\"wpdt-cell-row \" >\n                            <td class=\"wpdt-cell wpdt-align-left\"\n                                    data-cell-id=\"A7\"\n                data-col-index=\"0\"\n                data-row-index=\"6\"\n                style=\"                padding:10px;\n                \"\n                >\n                                Supervisors                <\/td>\n                                            <td class=\"wpdt-cell wpdt-align-right\"\n                                    data-cell-id=\"B7\"\n                data-col-index=\"1\"\n                data-row-index=\"6\"\n                style=\"                padding:10px;\n                \"\n                >\n                                95.03%                <\/td>\n                                            <td class=\"wpdt-cell wpdt-align-right\"\n                                    data-cell-id=\"C7\"\n                data-col-index=\"2\"\n                data-row-index=\"6\"\n                style=\"                padding:10px;\n                \"\n                >\n                                95.66%                <\/td>\n                                        <\/tr>\n                            <tr class=\"wpdt-cell-row \" >\n                            <td class=\"wpdt-cell wpdt-align-left\"\n                                    data-cell-id=\"A8\"\n                data-col-index=\"0\"\n                data-row-index=\"7\"\n                style=\"                padding:10px;\n                \"\n                >\n                                Profissional Staff                <\/td>\n                                            <td class=\"wpdt-cell wpdt-align-right\"\n                                    data-cell-id=\"B8\"\n                data-col-index=\"1\"\n                data-row-index=\"7\"\n                style=\"                padding:10px;\n                \"\n                >\n                                98.56%                <\/td>\n                                            <td class=\"wpdt-cell wpdt-align-right\"\n                                    data-cell-id=\"C8\"\n                data-col-index=\"2\"\n                data-row-index=\"7\"\n                style=\"                padding:10px;\n                \"\n                >\n                                99.78%                <\/td>\n                                        <\/tr>\n                            <tr class=\"wpdt-cell-row \" >\n                            <td class=\"wpdt-cell wpdt-align-left\"\n                                    data-cell-id=\"A9\"\n                data-col-index=\"0\"\n                data-row-index=\"8\"\n                style=\"                padding:10px;\n                \"\n                >\n                                Operational Staff                <\/td>\n                                            <td class=\"wpdt-cell wpdt-align-right\"\n                                    data-cell-id=\"B9\"\n                data-col-index=\"1\"\n                data-row-index=\"8\"\n                style=\"                padding:10px;\n                \"\n                >\n                                97.53%                <\/td>\n                                            <td class=\"wpdt-cell wpdt-align-right\"\n                                    data-cell-id=\"C9\"\n                data-col-index=\"2\"\n                data-row-index=\"8\"\n                style=\"                padding:10px;\n                \"\n                >\n                                97.51%                <\/td>\n                                        <\/tr>\n                            <tr class=\"wpdt-cell-row \" >\n                            <td class=\"wpdt-cell wpdt-align-left\"\n                                    data-cell-id=\"A10\"\n                data-col-index=\"0\"\n                data-row-index=\"9\"\n                style=\"                padding:10px;\n                \"\n                >\n                                Technicians                <\/td>\n                                            <td class=\"wpdt-cell wpdt-align-right\"\n                                    data-cell-id=\"B10\"\n                data-col-index=\"1\"\n                data-row-index=\"9\"\n                style=\"                padding:10px;\n                \"\n                >\n                                98.93%                <\/td>\n                                            <td class=\"wpdt-cell wpdt-align-right\"\n                                    data-cell-id=\"C10\"\n                data-col-index=\"2\"\n                data-row-index=\"9\"\n                style=\"                padding:10px;\n                \"\n                >\n                                99.70%                <\/td>\n                                        <\/tr>\n                    <\/table>\n<\/div><style id='wpdt-custom-style-100'>\ntable#wpdtSimpleTable-100{ table-layout: fixed !important; }\ntable#wpdtSimpleTable-100 td, table.wpdtSimpleTable100 th { white-space: normal !important; }\ntable.wpdtSimpleTable {\n    font-family: 'gotham-book';\n    font-style: normal;\n    font-weight: ;\n    width: 100% !important;\n\n}\n\n.wpdt-cell {\n    border-bottom: 1px solid  rgba(124, 124, 124, 0.25) !important;\n    border-left: none !important;\n    border-right: none !important;\n}.wpDataTablesWrapper table.wpDataTable > thead > tr > th{ border: none !important; }\n<\/style>\n<style>\n\/* th background color *\/\n.wpdt-c.wpDataTablesWrapper table.wpdtSimpleTable.bt[data-has-header='1'] td.wpdt-header-classes,\n.wpdt-c.wpDataTablesWrapper table.wpdtSimpleTable thead th,\n.wpdt-c .wpDataTablesWrapper table.wpDataTable thead th,\n.wpdt-c .wpDataTablesWrapper table.wpDataTable thead th.sorting {\n\tbackground-color: #005eb8 !important;\n    background-image: none !important;\n}\n\/* th font color *\/\n.wpdt-c.wpDataTablesWrapper table.wpdtSimpleTable.bt[data-has-header='1'] td.wpdt-header-classes,\n.wpdt-c.wpDataTablesWrapper table.wpdtSimpleTable thead th,\n.wpdt-c .wpDataTablesWrapper table.wpDataTable thead th {\n\tcolor: #fff !important;\n}\n.wpdt-c .wpDataTablesWrapper table.wpDataTable thead th.sorting:after,\n.wpdt-c .wpDataTablesWrapper table.wpDataTable thead th.sorting_asc:after {\n\tborder-bottom-color: #fff !important;\n}\n.wpdt-c .wpDataTablesWrapper table.wpDataTable thead th.sorting_desc:after {\n\tborder-top-color: #fff !important;\n}\n\n\/* odd rows background color *\/\n.wpdt-c.wpDataTablesWrapper table.wpdtSimpleTable tr.odd td,\n.wpdt-c .wpDataTablesWrapper table.wpDataTable tr.odd td {\n\tbackground-color: #F3F1EF !important;\n}\n\/* even rows background color *\/\n.wpdt-c.wpDataTablesWrapper table.wpdtSimpleTable tr.even td,\n.wpdt-c .wpDataTablesWrapper table.wpDataTable tr.even td,\n.wpdt-c .wpDataTablesWrapper table.has-columns-hidden tr.row-detail > td {\n\tbackground-color: #F3F1EF !important;\n}\n\/* odd rows active background color *\/\n.wpdt-c .wpDataTablesWrapper table.wpDataTable tr.odd td.sorting_1 {\n\tbackground-color: #FFFFFF00 !important;\n}\n\/* even rows active background color *\/\n.wpdt-c .wpDataTablesWrapper table.wpDataTable tr.even td.sorting_1 {\n\tbackground-color: #FFFFFF00 !important;\n}\n\/* rows hover background color *\/\n.wpdt-c.wpDataTablesWrapper table.wpdtSimpleTable tr.odd:hover > td,\n.wpdt-c .wpDataTablesWrapper table.wpDataTable tr.odd:hover > td,\n.wpdt-c .wpDataTablesWrapper table.wpDataTable tr.odd:hover > td.sorting_1,\n.wpdt-c .wpDataTablesWrapper table.wpDataTable tr.even:hover > td,\n.wpdt-c.wpDataTablesWrapper table.wpdtSimpleTable tr.even:hover > td,\n.wpdt-c .wpDataTablesWrapper table.wpDataTable tr.even:hover > td.sorting_1 {\n\tbackground-color: rgba(0, 0, 0, 0.05) !important;\n}\n\/* table font size *\/\n.wpdt-c.wpDataTablesWrapper table.wpdtSimpleTable,\n.wpdt-c .wpDataTablesWrapper table.wpDataTable {\n    font-size:14px !important;\n}\n \n<\/style>\n\n\n\n\n<div style=\"height:25px\" aria-hidden=\"true\" class=\"wp-block-spacer\"><\/div>\n\n\n<div class=\"kb-row-layout-wrap kb-row-layout-id4207_54e1da-b0 alignnone wp-block-kadence-rowlayout\"><div class=\"kt-row-column-wrap kt-has-1-columns kt-row-layout-equal kt-tab-layout-inherit kt-mobile-layout-row kt-row-valign-top\">\n\n<div class=\"wp-block-kadence-column kadence-column4207_bed136-b6\"><div class=\"kt-inside-inner-col\">\n<h4 class=\"wp-block-heading has-kb-palette-7-color has-text-color has-link-color wp-elements-9d78353a825b097190ff657c7406fcc6\">Rede D\u2019Or\u2019s organizational competencies<\/h4>\n\n\n\n<ul class=\"wp-block-list\">\n<li><strong><mark style=\"background-color:rgba(0, 0, 0, 0)\" class=\"has-inline-color has-kb-palette-7-color\">Identification with the organization:<\/mark><\/strong> Commitment and alignment with the organization\u2019s purpose;<\/li>\n\n\n\n<li><strong><mark style=\"background-color:rgba(0, 0, 0, 0)\" class=\"has-inline-color has-kb-palette-7-color\">Customer orientation:<\/mark><\/strong> Excellence in customer service provision;<\/li>\n\n\n\n<li><strong><mark style=\"background-color:rgba(0, 0, 0, 0)\" class=\"has-inline-color has-kb-palette-7-color\">Adaptation to changes:<\/mark><\/strong> Maintaining a positive attitude during times of change and uncertainty, adapting quickly and seeking the best from each experience;<\/li>\n\n\n\n<li><strong><mark style=\"background-color:rgba(0, 0, 0, 0)\" class=\"has-inline-color has-kb-palette-7-color\">Cooperation:<\/mark><\/strong> Building and encouraging collaboration, respecting differences, with empathy and team spirit;<\/li>\n\n\n\n<li><strong><mark style=\"background-color:rgba(0, 0, 0, 0)\" class=\"has-inline-color has-kb-palette-7-color\">Initiative and planning:<\/mark><\/strong> Initiative and organization for efficient performance;<\/li>\n\n\n\n<li><mark style=\"background-color:rgba(0, 0, 0, 0)\" class=\"has-inline-color has-kb-palette-7-color\"><strong>Communication and interpersonal relationship:<\/strong><\/mark> Effective communication, with empathy and support;<\/li>\n\n\n\n<li><strong><mark style=\"background-color:rgba(0, 0, 0, 0)\" class=\"has-inline-color has-kb-palette-7-color\">Engaging leadership:<\/mark><\/strong> Development of employees and oneself, building committed teams;<\/li>\n\n\n\n<li><strong><mark style=\"background-color:rgba(0, 0, 0, 0)\" class=\"has-inline-color has-kb-palette-7-color\">Results optimization:<\/mark><\/strong> Understanding our business and accountability for delivering results. &nbsp;<\/li>\n<\/ul>\n<\/div><\/div>\n\n<\/div><\/div>\n\n\n<p class=\"has-small-font-size\">Note: In 2023, we did not have a career transition program, since this initiative is not a Company practice. Currently, the programs are aimed at developing the journey of the active employee [GRI 404-2].<\/p>\n\n\n<div class=\"kb-row-layout-wrap kb-row-layout-id4207_f4accc-05 alignnone wp-block-kadence-rowlayout\"><div class=\"kt-row-column-wrap kt-has-2-columns kt-row-layout-left-golden kt-tab-layout-inherit kt-mobile-layout-row kt-row-valign-top\">\n\n<div class=\"wp-block-kadence-column kadence-column4207_05af05-ce\"><div class=\"kt-inside-inner-col\"><div class=\"kb-row-layout-wrap kb-row-layout-id4207_d73e98-bf alignnone wp-block-kadence-rowlayout\"><div class=\"kt-row-column-wrap kt-has-1-columns kt-row-layout-equal kt-tab-layout-inherit kt-mobile-layout-row kt-row-valign-top\">\n\n<div class=\"wp-block-kadence-column kadence-column4207_a4e180-51\"><div class=\"kt-inside-inner-col\">\n<h4 class=\"wp-block-heading has-kb-palette-7-color has-text-color has-link-color wp-elements-fa933b17e3b42a3240be5034c311ad14\">Training and Development<\/h4>\n\n\n\n<p class=\"has-kb-palette-8-color has-text-color has-link-color has-small-font-size wp-elements-9647d655c63fdc4cfe58ae104f8f8a21\">GRI 3-3, 404-2<\/p>\n\n\n\n<p>At Rede D\u2019Or, as a positive impact\u00b9, we foster a culture of learning, encouraging a stance of self-development and empowerment among our employees. In order to do so, we rely on the 70-20-10 learning model, because we understand that competence development arises through various sources, learning in the workplace, exchanging knowledge with leaders, peers and colleagues, and through formal learning.<\/p>\n\n\n\n<p>All our employees are encouraged to build their Individual Development Plan (IDP) together with their leadership, which, in this sense, becomes an important tool allied to self-development.<\/p>\n\n\n\n<p>In 2023, we celebrated the first year of our corporate university,  <a href=\"https:\/\/academia.rededor.com.br\/\" target=\"_blank\" rel=\"noreferrer noopener\">Academia Rede D\u2019Or<\/a>, and launched several initiatives on our platform, aimed at developing our business and our people: the Diversity and Inclusion, Perceived Quality, and Revenue Cycle learning trails.<\/p>\n\n\n\n<div style=\"height:24px\" aria-hidden=\"true\" class=\"wp-block-spacer\"><\/div>\n\n\n<div class=\"kb-row-layout-wrap kb-row-layout-id4207_d3f27a-73 alignnone wp-block-kadence-rowlayout\"><div class=\"kt-row-column-wrap kt-has-1-columns kt-row-layout-equal kt-tab-layout-inherit kt-mobile-layout-row kt-row-valign-middle\">\n\n<div class=\"wp-block-kadence-column kadence-column4207_c220de-39\"><div class=\"kt-inside-inner-col\">\n<p class=\"has-kb-palette-7-color has-text-color has-link-color wp-elements-5c04f4cec1e37b3f46d22ba1caa9e474\" style=\"font-size:18px\"><strong>In 2023, we recorded more than 1 million training hours with 20,000 access per month on average to our platform.<\/strong><\/p>\n<\/div><\/div>\n\n<\/div><\/div>\n\n\n<div style=\"height:24px\" aria-hidden=\"true\" class=\"wp-block-spacer\"><\/div>\n\n\n\n<div class=\"wp-block-kadence-column kadence-column4207_3537bd-b5\"><div class=\"kt-inside-inner-col\">\n<p>Accelerating the training and development of employees to keep pace with technological advancements and face increased competition in the market is part of the guidelines of our Human Resources Policy (an internal and confidential document).<\/p>\n<\/div><\/div>\n<\/div><\/div>\n\n<\/div><\/div><\/div><\/div>\n\n\n\n<div class=\"wp-block-kadence-column kadence-column4207_2655b3-45\"><div class=\"kt-inside-inner-col\"><\/div><\/div>\n\n<\/div><\/div>\n\n\n<div style=\"height:80px\" aria-hidden=\"true\" class=\"wp-block-spacer\"><\/div>\n\n\n\n<p class=\"has-small-font-size\">Note 1: only actual and positive impacts were identified related to the training and education of our employees.<\/p>\n\n\n\n<div style=\"height:80px\" aria-hidden=\"true\" class=\"wp-block-spacer\"><\/div>\n\n\n\n<div class=\"wp-block-kadence-accordion alignnone\"><div class=\"kt-accordion-wrap kt-accordion-id4207_d9d9df-99 kt-accordion-has-20-panes kt-active-pane-0 kt-accordion-block kt-pane-header-alignment-left kt-accodion-icon-style-basic kt-accodion-icon-side-right\" style=\"max-width:none\"><div class=\"kt-accordion-inner-wrap\" data-allow-multiple-open=\"true\" data-start-open=\"none\">\n<div class=\"wp-block-kadence-pane kt-accordion-pane kt-accordion-pane-1 kt-pane4207_96e6cc-ed\"><div class=\"kt-accordion-header-wrap\"><button class=\"kt-blocks-accordion-header kt-acccordion-button-label-show\"><span class=\"kt-blocks-accordion-title-wrap\"><span class=\"kt-blocks-accordion-title\"><em>Academia Rede D\u2019Or<\/em> (Rede D\u2019Or Academy)<\/span><\/span><span class=\"kt-blocks-accordion-icon-trigger\"><\/span><\/button><\/div><div class=\"kt-accordion-panel kt-accordion-panel-hidden\"><div class=\"kt-accordion-panel-inner\"><div class=\"kb-row-layout-wrap kb-row-layout-id4207_e98153-89 alignnone kt-row-has-bg wp-block-kadence-rowlayout\"><div class=\"kt-row-column-wrap kt-has-1-columns kt-row-layout-equal kt-tab-layout-inherit kt-mobile-layout-row kt-row-valign-top\">\n\n<div class=\"wp-block-kadence-column kadence-column4207_d5bfbd-8a\"><div class=\"kt-inside-inner-col\">\n<h4 class=\"wp-block-heading has-kb-palette-7-color has-text-color has-link-color wp-elements-f07fe30512a9197f34d00a6be980284d\"><em>Academia Rede D\u2019Or<\/em> (Rede D\u2019Or Academy)<\/h4>\n\n\n\n<p class=\"has-kb-palette-8-color has-text-color has-link-color has-small-font-size wp-elements-c2638574858d9cfdac7dda4f1d36576f\">GRI 3-3<\/p>\n\n\n\n<p>We believe that shared knowledge opens up new horizons, fostering improvements in the quality of our services. In this sense, the Academia Rede D\u2019Or provides an ecosystem of learning and organizational development which is crucial for shaping our professionals. Established with the mission of promoting knowledge management across various business areas and fostering our core competencies, the Academia Rede D\u2019Or allows for the continuous development of employees, enhancing the quality of our services and strengthening our organizational culture. The Academy features a <a href=\"https:\/\/academia.rededor.com.br\/learn\" target=\"_blank\" rel=\"noreferrer noopener\">Distance Learning portal<\/a> and access is available to all employees, contractors, and suppliers in the supply chain [GRI 3-3].<\/p>\n\n\n\n<p>The Academy is built upon four educational pillars focusing on topics related to essential competencies for our business and governance: culture, behavior and sustainability; leadership; technical skills; and health, safety and well-being. More than 300 contents are offered, including training, courses and knowledge trails, including essential topics such as privacy, compliance, diversity and inclusion and human rights.<\/p>\n\n\n\n<p>Among the training modules available to all our employees are:<\/p>\n\n\n\n<p>General Data Protection Law (LGPD in Portuguese); Diversity and Inclusion Trail; Communication Trail; Sustainability Trail; and courses within the technical pillar. A specific trail called Chega+ is made available for new employees, offering a collection of practical content and information for new employees.<\/p>\n<\/div><\/div>\n\n<\/div><\/div>\n\n\n<div style=\"height:16px\" aria-hidden=\"true\" class=\"wp-block-spacer\"><\/div>\n\n\n<div class=\"wp-block-image\">\n<figure data-wp-context=\"{&quot;uploadedSrc&quot;:&quot;https:\\\/\\\/rededor2023.blendon.com.br\\\/wp-content\\\/uploads\\\/2024\\\/04\\\/academia-rede-dor-bg.webp&quot;,&quot;figureClassNames&quot;:&quot;aligncenter size-full&quot;,&quot;figureStyles&quot;:null,&quot;imgClassNames&quot;:&quot;wp-image-1788&quot;,&quot;imgStyles&quot;:&quot;object-fit:cover&quot;,&quot;targetWidth&quot;:1368,&quot;targetHeight&quot;:531,&quot;scaleAttr&quot;:&quot;cover&quot;,&quot;ariaLabel&quot;:&quot;Enlarge image: Academia Rede D\\u0027Or&quot;,&quot;alt&quot;:&quot;Academia Rede D\\u0027Or&quot;}\" data-wp-interactive=\"core\/image\" class=\"aligncenter size-full wp-lightbox-container\"><img loading=\"lazy\" decoding=\"async\" width=\"1368\" height=\"531\" data-wp-init=\"callbacks.setButtonStyles\" data-wp-on-async--click=\"actions.showLightbox\" data-wp-on-async--load=\"callbacks.setButtonStyles\" data-wp-on-async-window--resize=\"callbacks.setButtonStyles\" src=\"https:\/\/rededor2023.blendon.com.br\/wp-content\/uploads\/2024\/04\/academia-rede-dor-bg.webp\" alt=\"Academia Rede D'Or\" class=\"wp-image-1788\" style=\"object-fit:cover\" srcset=\"https:\/\/rededor2023.blendon.com.br\/wp-content\/uploads\/2024\/04\/academia-rede-dor-bg.webp 1368w, https:\/\/rededor2023.blendon.com.br\/wp-content\/uploads\/2024\/04\/academia-rede-dor-bg-300x116.webp 300w, https:\/\/rededor2023.blendon.com.br\/wp-content\/uploads\/2024\/04\/academia-rede-dor-bg-1024x397.webp 1024w, https:\/\/rededor2023.blendon.com.br\/wp-content\/uploads\/2024\/04\/academia-rede-dor-bg-768x298.webp 768w\" sizes=\"(max-width: 1368px) 100vw, 1368px\" \/><button\n\t\t\tclass=\"lightbox-trigger\"\n\t\t\ttype=\"button\"\n\t\t\taria-haspopup=\"dialog\"\n\t\t\taria-label=\"Enlarge image: Academia Rede D&#039;Or\"\n\t\t\tdata-wp-init=\"callbacks.initTriggerButton\"\n\t\t\tdata-wp-on-async--click=\"actions.showLightbox\"\n\t\t\tdata-wp-style--right=\"context.imageButtonRight\"\n\t\t\tdata-wp-style--top=\"context.imageButtonTop\"\n\t\t>\n\t\t\t<svg xmlns=\"http:\/\/www.w3.org\/2000\/svg\" width=\"12\" height=\"12\" fill=\"none\" viewBox=\"0 0 12 12\">\n\t\t\t\t<path fill=\"#fff\" d=\"M2 0a2 2 0 0 0-2 2v2h1.5V2a.5.5 0 0 1 .5-.5h2V0H2Zm2 10.5H2a.5.5 0 0 1-.5-.5V8H0v2a2 2 0 0 0 2 2h2v-1.5ZM8 12v-1.5h2a.5.5 0 0 0 .5-.5V8H12v2a2 2 0 0 1-2 2H8Zm2-12a2 2 0 0 1 2 2v2h-1.5V2a.5.5 0 0 0-.5-.5H8V0h2Z\" \/>\n\t\t\t<\/svg>\n\t\t<\/button><\/figure><\/div>\n\n\n<div style=\"height:50px\" aria-hidden=\"true\" class=\"wp-block-spacer\"><\/div>\n<\/div><\/div><\/div>\n\n\n\n<div class=\"wp-block-kadence-pane kt-accordion-pane kt-accordion-pane-20 kt-pane4207_773ac8-fe\"><div class=\"kt-accordion-header-wrap\"><button class=\"kt-blocks-accordion-header kt-acccordion-button-label-show\"><span class=\"kt-blocks-accordion-title-wrap\"><span class=\"kt-blocks-accordion-title\">Perceived Quality Trail<\/span><\/span><span class=\"kt-blocks-accordion-icon-trigger\"><\/span><\/button><\/div><div class=\"kt-accordion-panel kt-accordion-panel-hidden\"><div class=\"kt-accordion-panel-inner\"><div class=\"kb-row-layout-wrap kb-row-layout-id4207_8ced02-98 alignnone wp-block-kadence-rowlayout\"><div class=\"kt-row-column-wrap kt-has-2-columns kt-row-layout-left-golden kt-tab-layout-inherit kt-mobile-layout-row kt-row-valign-top\">\n\n<div class=\"wp-block-kadence-column kadence-column4207_884333-80\"><div class=\"kt-inside-inner-col\">\n<p>In May, we launched the Perceived Quality Trail, aimed at training our employees, physicians, multidisciplinary teams and leaders on topics that contribute to improving perceived quality indicators, as well as developing essential competencies and skills to better serve our customers.<\/p>\n\n\n\n<p>This is a hybrid capacity building program that offers online courses available through the Academia Rede D\u2019Or platform, as well as in-person workshops. Since its launch, over 250 trainers from hospital units, oncology and the call center have been trained. They are responsible for conducting in-person workshops and serving as ambassadors for the topic.<\/p>\n\n\n\n<p>The topics covered in this first track include Rede D\u2019Or Management Model, Our Customers, Rede D\u2019Or Patient Journey, and Customer Experience. The content was developed by internal and external experts and made available both in the distance learning format and in-person during the Patient Journey workshop.<\/p>\n\n\n\n<div class=\"wp-block-kadence-column kadence-column4207_45c674-32\"><div class=\"kt-inside-inner-col\">\n<p>Read more about the target for the \u201cR&amp;D, Innovation and Education\u201d material topic and its progress assessment in the \"<a href=\"https:\/\/rededor2023.blendon.com.br\/modelo-de-negocios\/compromisso-com-a-sustentabilidade\/\" target=\"_blank\" rel=\"noreferrer noopener\">ESG Targets<\/a>\" topic. [GRI 3-3]<\/p>\n<\/div><\/div>\n<\/div><\/div>\n\n\n\n<div class=\"wp-block-kadence-column kadence-column4207_76162c-52\"><div class=\"kt-inside-inner-col\">\n<p class=\"has-kb-palette-3-color has-text-color has-link-color wp-elements-20abd7da6807f542eaf7c8a88e6e17b0\" style=\"font-size:24px;font-style:normal;font-weight:700;text-transform:uppercase\">IN DECEMBER, MORE THAN 32,900 EMPLOYEES<\/p>\n\n\n\n<p style=\"font-size:18px\">completed the trail, accounting for 45% of our workforce, and over 4,800 employees had already attended the in- person workshop.<\/p>\n<\/div><\/div>\n\n<\/div><\/div><\/div><\/div><\/div>\n\n\n\n<div class=\"wp-block-kadence-pane kt-accordion-pane kt-accordion-pane-2 kt-pane4207_37c8c4-c1\"><div class=\"kt-accordion-header-wrap\"><button class=\"kt-blocks-accordion-header kt-acccordion-button-label-show\"><span class=\"kt-blocks-accordion-title-wrap\"><span class=\"kt-blocks-accordion-title\">Acelera Program<\/span><\/span><span class=\"kt-blocks-accordion-icon-trigger\"><\/span><\/button><\/div><div class=\"kt-accordion-panel kt-accordion-panel-hidden\"><div class=\"kt-accordion-panel-inner\">\n<p class=\"has-kb-palette-8-color has-text-color has-link-color has-small-font-size wp-elements-c2638574858d9cfdac7dda4f1d36576f\">GRI 3-3<\/p>\n\n\n\n<p>Another highlight of the year was the launch of the first class of the Acelera Program, aimed at leaders of our receivables chain. The initiative aims to align and address improvement opportunities within the revenue cycle (with a course available in the learning trail of the same name, as mentioned earlier), by providing a space for knowledge sharing, sharing best practices with effective paths and solutions for the process with the Corporate expert areas. On a hybrid format, the program has a minimum hour load of 65 hours and duration of approximately six months. In workshops, participants discuss how to solve and envision the future of revenue cycle challenges.<\/p>\n\n\n\n<p>On the same topic, we launched the first course in the Revenue Cycle Trail, aimed at providing a comprehensive overview of the department, ensuring the provision of high- quality patient care and proper billing to health insurance providers for the services rendered.<\/p>\n<\/div><\/div><\/div>\n\n\n\n<div class=\"wp-block-kadence-pane kt-accordion-pane kt-accordion-pane-18 kt-pane4207_b7a327-a4\"><div class=\"kt-accordion-header-wrap\"><button class=\"kt-blocks-accordion-header kt-acccordion-button-label-show\"><span class=\"kt-blocks-accordion-title-wrap\"><span class=\"kt-blocks-accordion-title\">Programa de desenvolvimento de lideran\u00e7as<\/span><\/span><span class=\"kt-blocks-accordion-icon-trigger\"><\/span><\/button><\/div><div class=\"kt-accordion-panel kt-accordion-panel-hidden\"><div class=\"kt-accordion-panel-inner\">\n<p class=\"has-kb-palette-8-color has-text-color has-link-color has-small-font-size wp-elements-c2638574858d9cfdac7dda4f1d36576f\">GRI 3-3<\/p>\n\n\n\n<p>In recent years, we have broadened our perspective in a more strategic way, thinking not only about continuity but also about supporting Rede D\u2019Or\u2019s organic growth. In this context, the Leadership Development Program (PDL, in Portuguese) provides an environment that helps building a pipeline of high-performance leaders, prepared to take on present and future challenges. This approach not only strengthens the Company\u2019s ability to respond to market demands but also establishes a solid foundation for long-term sustainable growth.<\/p>\n\n\n\n<p>In continuous evolution, in 2023, we launched a new version of the program, addressing market concepts aligned with Rede D\u2019Or\u2019s management practices. The PDL was divided into four learning trails based on job levels, impacting over 2,200 leadership positions.<\/p>\n\n\n\n<p>The content of the trails focuses on a humanized, empathetic, and collaborative leadership model, focused on improving processes and managing results, stimulating the empowerment and self-development of each individual.<\/p>\n\n\n\n<p>The reference employee\/leader trail is fully available on the Academia Rede D\u2019Or (Rede D\u2019Or Academy) platform and addresses topics that help managing daily challenges.<\/p>\n\n\n\n<p>Meanwhile, the track developed for supervisory\/coordination positions is carried out in a hybrid model, with online activities\u2014synchronous and asynchronous\u2014 as well as in-person sessions. For this level, we created programs A and B. The first one was aimed at supervisors and coordinators who did not attend the PDL in 2022, consisting of six modules, two of which delivered in person by the program\u2019s facilitators. For that purpose, we trained 115 Business Partners from hospital units and corporate offices to conduct the in- person meetings, as outlined in this trail. Program B was designed for leaders who had completed the PDL the previous year and included a meeting with an expert, with the participation of a Rede D\u2019Or leader, who shared their experience and practices on the discussed topic.<\/p>\n\n\n\n<p>The management trail was offered in a synchronous online format, develop by both external and internal experts from Rede D\u2019Or. Seven different topics were addressed, focusing on team and process management.<\/p>\n\n\n\n<p>Trainee Program participants have access to a leadership development trail specially designed for this audience, providing young talents with the tools and knowledge necessary to become prominent leaders in their fields.<\/p>\n\n\n\n<div class=\"wp-block-kadence-column kadence-column4207_8bfb1f-b2\"><div class=\"kt-inside-inner-col\">\n<p style=\"font-size:18px\"><strong>2023 Leadership Development Program<\/strong><\/p>\n\n\n\n<figure data-wp-context=\"{&quot;uploadedSrc&quot;:&quot;https:\\\/\\\/rededor2023.blendon.com.br\\\/wp-content\\\/uploads\\\/2024\\\/06\\\/2023-Leadership-Development-Program@2x.png&quot;,&quot;figureClassNames&quot;:&quot;wp-block-image alignfull size-large&quot;,&quot;figureStyles&quot;:null,&quot;imgClassNames&quot;:&quot;wp-image-5009&quot;,&quot;imgStyles&quot;:null,&quot;targetWidth&quot;:1433,&quot;targetHeight&quot;:596,&quot;scaleAttr&quot;:false,&quot;ariaLabel&quot;:&quot;Enlarge image&quot;,&quot;alt&quot;:&quot;&quot;}\" data-wp-interactive=\"core\/image\" class=\"wp-block-image alignfull size-large wp-lightbox-container\"><img loading=\"lazy\" decoding=\"async\" width=\"1024\" height=\"426\" data-wp-init=\"callbacks.setButtonStyles\" data-wp-on-async--click=\"actions.showLightbox\" data-wp-on-async--load=\"callbacks.setButtonStyles\" data-wp-on-async-window--resize=\"callbacks.setButtonStyles\" src=\"https:\/\/rededor2023.blendon.com.br\/wp-content\/uploads\/2024\/06\/2023-Leadership-Development-Program@2x-1024x426.png\" alt=\"\" class=\"wp-image-5009\" srcset=\"https:\/\/rededor2023.blendon.com.br\/wp-content\/uploads\/2024\/06\/2023-Leadership-Development-Program@2x-1024x426.png 1024w, https:\/\/rededor2023.blendon.com.br\/wp-content\/uploads\/2024\/06\/2023-Leadership-Development-Program@2x-300x125.png 300w, https:\/\/rededor2023.blendon.com.br\/wp-content\/uploads\/2024\/06\/2023-Leadership-Development-Program@2x-768x319.png 768w, https:\/\/rededor2023.blendon.com.br\/wp-content\/uploads\/2024\/06\/2023-Leadership-Development-Program@2x.png 1433w\" sizes=\"(max-width: 1024px) 100vw, 1024px\" \/><button\n\t\t\tclass=\"lightbox-trigger\"\n\t\t\ttype=\"button\"\n\t\t\taria-haspopup=\"dialog\"\n\t\t\taria-label=\"Enlarge image\"\n\t\t\tdata-wp-init=\"callbacks.initTriggerButton\"\n\t\t\tdata-wp-on-async--click=\"actions.showLightbox\"\n\t\t\tdata-wp-style--right=\"context.imageButtonRight\"\n\t\t\tdata-wp-style--top=\"context.imageButtonTop\"\n\t\t>\n\t\t\t<svg xmlns=\"http:\/\/www.w3.org\/2000\/svg\" width=\"12\" height=\"12\" fill=\"none\" viewBox=\"0 0 12 12\">\n\t\t\t\t<path fill=\"#fff\" d=\"M2 0a2 2 0 0 0-2 2v2h1.5V2a.5.5 0 0 1 .5-.5h2V0H2Zm2 10.5H2a.5.5 0 0 1-.5-.5V8H0v2a2 2 0 0 0 2 2h2v-1.5ZM8 12v-1.5h2a.5.5 0 0 0 .5-.5V8H12v2a2 2 0 0 1-2 2H8Zm2-12a2 2 0 0 1 2 2v2h-1.5V2a.5.5 0 0 0-.5-.5H8V0h2Z\" \/>\n\t\t\t<\/svg>\n\t\t<\/button><\/figure>\n<\/div><\/div>\n<\/div><\/div><\/div>\n\n\n\n<div class=\"wp-block-kadence-pane kt-accordion-pane kt-accordion-pane-19 kt-pane4207_3c6e43-6a\"><div class=\"kt-accordion-header-wrap\"><button class=\"kt-blocks-accordion-header kt-acccordion-button-label-show\"><span class=\"kt-blocks-accordion-title-wrap\"><span class=\"kt-blocks-accordion-title\">MBA in Hospital Services Management \u2013 Executive Leadership Development<\/span><\/span><span class=\"kt-blocks-accordion-icon-trigger\"><\/span><\/button><\/div><div class=\"kt-accordion-panel kt-accordion-panel-hidden\"><div class=\"kt-accordion-panel-inner\">\n<p class=\"has-kb-palette-8-color has-text-color has-link-color has-small-font-size wp-elements-c2638574858d9cfdac7dda4f1d36576f\">GRI 3-3<\/p>\n\n\n\n<p>In November 2022, a new MBA program in Hospital Services Management - Executive Leadership Development, in partnership with IDOR, began. With a duration of 14 months and modules covering topics such as Stakeholders, Operational Support, Operational Cycle Management, and Conclusion Work, the MBA focuses on the development of executive leadership. There were two classes - Rio de Janeiro (RJ) and S\u00e3o Paulo (SP), with a total of 41 students. Throughout the program, over 50 leaders from Rede D\u2019Or shared their knowledge. The MBA modules included Rede D\u2019Or; Stakeholders; Operational Support; Clinical Care Cycle Management; Operational Cycle Management; and Capstone Project (TCC, in Portuguese).<\/p>\n\n\n\n<p>The project aims to support our exponential growth by raising the level of knowledge and management of strategic positions in the business and supporting the Succession Program, which seeks to generate a pool of potential successors for leadership positions focusing on hospital units and the Corporate Executive Office. As a result, we facilitate the decision- making process for the immediate filling of critical positions, identifying strengths and areas for improvement aligned with organizational competencies and promoting the executive leadership retention plan.<\/p>\n\n\n\n<p>Following the completion of the classes, participants will focus their efforts on the capstone projects, which will address challenges relevant to Rede D\u2019Or and will be presented and assessed by an examining board in February 2024.<\/p>\n\n\n<div class=\"wp-block-image\">\n<figure data-wp-context=\"{&quot;uploadedSrc&quot;:&quot;https:\\\/\\\/rededor2023.blendon.com.br\\\/wp-content\\\/uploads\\\/2024\\\/04\\\/mba-em-gestao-de-servicos-hospitalares-desenvolvimento-de-lideranca-executiva.webp&quot;,&quot;figureClassNames&quot;:&quot;aligncenter size-full&quot;,&quot;figureStyles&quot;:null,&quot;imgClassNames&quot;:&quot;wp-image-1824&quot;,&quot;imgStyles&quot;:null,&quot;targetWidth&quot;:1745,&quot;targetHeight&quot;:846,&quot;scaleAttr&quot;:false,&quot;ariaLabel&quot;:&quot;Enlarge image&quot;,&quot;alt&quot;:&quot;&quot;}\" data-wp-interactive=\"core\/image\" class=\"aligncenter size-full wp-lightbox-container\"><img loading=\"lazy\" decoding=\"async\" width=\"1745\" height=\"846\" data-wp-init=\"callbacks.setButtonStyles\" data-wp-on-async--click=\"actions.showLightbox\" data-wp-on-async--load=\"callbacks.setButtonStyles\" data-wp-on-async-window--resize=\"callbacks.setButtonStyles\" src=\"https:\/\/rededor2023.blendon.com.br\/wp-content\/uploads\/2024\/04\/mba-em-gestao-de-servicos-hospitalares-desenvolvimento-de-lideranca-executiva.webp\" alt=\"\" class=\"wp-image-1824\" srcset=\"https:\/\/rededor2023.blendon.com.br\/wp-content\/uploads\/2024\/04\/mba-em-gestao-de-servicos-hospitalares-desenvolvimento-de-lideranca-executiva.webp 1745w, https:\/\/rededor2023.blendon.com.br\/wp-content\/uploads\/2024\/04\/mba-em-gestao-de-servicos-hospitalares-desenvolvimento-de-lideranca-executiva-300x145.webp 300w, https:\/\/rededor2023.blendon.com.br\/wp-content\/uploads\/2024\/04\/mba-em-gestao-de-servicos-hospitalares-desenvolvimento-de-lideranca-executiva-1024x496.webp 1024w, https:\/\/rededor2023.blendon.com.br\/wp-content\/uploads\/2024\/04\/mba-em-gestao-de-servicos-hospitalares-desenvolvimento-de-lideranca-executiva-768x372.webp 768w, https:\/\/rededor2023.blendon.com.br\/wp-content\/uploads\/2024\/04\/mba-em-gestao-de-servicos-hospitalares-desenvolvimento-de-lideranca-executiva-1536x745.webp 1536w\" sizes=\"(max-width: 1745px) 100vw, 1745px\" \/><button\n\t\t\tclass=\"lightbox-trigger\"\n\t\t\ttype=\"button\"\n\t\t\taria-haspopup=\"dialog\"\n\t\t\taria-label=\"Enlarge image\"\n\t\t\tdata-wp-init=\"callbacks.initTriggerButton\"\n\t\t\tdata-wp-on-async--click=\"actions.showLightbox\"\n\t\t\tdata-wp-style--right=\"context.imageButtonRight\"\n\t\t\tdata-wp-style--top=\"context.imageButtonTop\"\n\t\t>\n\t\t\t<svg xmlns=\"http:\/\/www.w3.org\/2000\/svg\" width=\"12\" height=\"12\" fill=\"none\" viewBox=\"0 0 12 12\">\n\t\t\t\t<path fill=\"#fff\" d=\"M2 0a2 2 0 0 0-2 2v2h1.5V2a.5.5 0 0 1 .5-.5h2V0H2Zm2 10.5H2a.5.5 0 0 1-.5-.5V8H0v2a2 2 0 0 0 2 2h2v-1.5ZM8 12v-1.5h2a.5.5 0 0 0 .5-.5V8H12v2a2 2 0 0 1-2 2H8Zm2-12a2 2 0 0 1 2 2v2h-1.5V2a.5.5 0 0 0-.5-.5H8V0h2Z\" \/>\n\t\t\t<\/svg>\n\t\t<\/button><\/figure><\/div>\n\n<div class=\"kb-row-layout-wrap kb-row-layout-id4207_86f59c-79 alignnone wp-block-kadence-rowlayout\"><div class=\"kt-row-column-wrap kt-has-2-columns kt-row-layout-left-golden kt-tab-layout-inherit kt-mobile-layout-row kt-row-valign-top\">\n\n<div class=\"wp-block-kadence-column kadence-column4207_cb1897-f3\"><div class=\"kt-inside-inner-col\">\n<p>\"The Hospital Management MBA program played a pivotal role in my career growth, providing a unique platform for sharing experiences and building a valuable network of contacts. Furthermore, it deepened my knowledge in management, allowing me to apply effective strategies in the complex healthcare scenario, making it a crucial point in my professional journey.\"<\/p>\n\n\n\n<p class=\"has-text-align-left\"><strong>Lizandra Guerson<\/strong><br>General Director at Santa Cruz.<\/p>\n<\/div><\/div>\n\n\n\n<div class=\"wp-block-kadence-column kadence-column4207_67cc62-34\"><div class=\"kt-inside-inner-col\">\n<figure class=\"wp-block-image size-large\"><img loading=\"lazy\" decoding=\"async\" width=\"587\" height=\"1024\" src=\"https:\/\/rededor2023.blendon.com.br\/wp-content\/uploads\/2024\/04\/Lizandra-Guerson-587x1024.webp\" alt=\"Lizandra Guerson - Diretora Geral do Hospital Santa Cruz (PR).\" class=\"wp-image-1821\" srcset=\"https:\/\/rededor2023.blendon.com.br\/wp-content\/uploads\/2024\/04\/Lizandra-Guerson-587x1024.webp 587w, https:\/\/rededor2023.blendon.com.br\/wp-content\/uploads\/2024\/04\/Lizandra-Guerson-172x300.webp 172w, https:\/\/rededor2023.blendon.com.br\/wp-content\/uploads\/2024\/04\/Lizandra-Guerson.webp 619w\" sizes=\"(max-width: 587px) 100vw, 587px\" \/><\/figure>\n<\/div><\/div>\n\n<\/div><\/div><\/div><\/div><\/div>\n<\/div><\/div><\/div>\n\n\n\n<div style=\"height:50px\" aria-hidden=\"true\" class=\"wp-block-spacer\"><\/div>\n\n\n\n<h2 class=\"wp-block-heading has-kb-palette-7-color has-text-color has-link-color wp-elements-78d1cb17dd613f8393bc274db5a7209f\">Climate Survey<\/h2>\n\n\n\n<p class=\"has-kb-palette-8-color has-text-color has-link-color has-small-font-size wp-elements-c2638574858d9cfdac7dda4f1d36576f\">GRI 3-3<\/p>\n\n\n\n<p>The positive outcome of our initiatives is confirmed in our climate survey, the Fala Rede. In the 2023 edition, when asked if \u2018people of any age, ethnicity, religion, color, gender, and sexual orientation are treated the same way in the company,\u2019 we recorded an agreement rate of 88.4%.<\/p>\n\n\n\n<p>With the participation of over 47,000 employees, an 80.3% participation rate, the survey also indicated a 72.2% adherence to organizational climate. Fala Rede is conducted annually, with its cycle starting in November, allowing for the assessment of results and the creation of action plans for the following year. The survey includes all employees hired up to 90 days before the end of the survey and contracted leaders. Employees are invited to fill out the survey, which can be accessed via mobile or desktop, with no mandatory participation. The results are anonymous, and access to the results of a specific department is only granted if there are more than 10 respondents. The dimensions assessed with the initiative are:<\/p>\n\n\n\n<div style=\"height:40px\" aria-hidden=\"true\" class=\"wp-block-spacer\"><\/div>\n\n\n<div class=\"kb-row-layout-wrap kb-row-layout-id4207_12cefb-ad alignnone wp-block-kadence-rowlayout\"><div class=\"kt-row-column-wrap kt-has-1-columns kt-row-layout-equal kt-tab-layout-inherit kt-mobile-layout-row kt-row-valign-top\">\n\n<div class=\"wp-block-kadence-column kadence-column4207_5e9561-d9\"><div class=\"kt-inside-inner-col\">\n<h4 class=\"wp-block-heading has-kb-palette-7-color has-text-color has-link-color wp-elements-0f1b148648ee796d47004709d7b846c0\">Dimensions of the Climate Survey<\/h4>\n\n\n\n<ol class=\"wp-block-list\">\n<li><strong><mark style=\"background-color:rgba(0, 0, 0, 0)\" class=\"has-inline-color has-kb-palette-7-color\">Work structure and well-being:<\/mark><\/strong> employees\u2019 perception of their work structure, including perceptions of mental health;<\/li>\n\n\n\n<li><strong><mark style=\"background-color:rgba(0, 0, 0, 0)\" class=\"has-inline-color has-kb-palette-7-color\">Leadership:<\/mark><\/strong> employees\u2019 perception of their leaders regarding influence, closeness, recognition and credibility;<\/li>\n\n\n\n<li><strong><mark style=\"background-color:rgba(0, 0, 0, 0)\" class=\"has-inline-color has-kb-palette-7-color\">Collaboration:<\/mark><\/strong> perception of the quality of relationships among peers and other teams;<\/li>\n\n\n\n<li><strong><mark style=\"background-color:rgba(0, 0, 0, 0)\" class=\"has-inline-color has-kb-palette-7-color\">Diversity and Inclusion:<\/mark><\/strong> employees\u2019 perception of diversity and inclusive practices within the organization; how represented, proud, and involved employees feel about their work and the Company\u2019s image;<\/li>\n\n\n\n<li><strong><mark style=\"background-color:rgba(0, 0, 0, 0)\" class=\"has-inline-color has-kb-palette-7-color\">Career and Development:<\/mark><\/strong> employees\u2019 perception of their professional trajectory, opportunities for growth offered by the Company, and the meaning they give to their professional growth;<\/li>\n\n\n\n<li><strong><mark style=\"background-color:rgba(0, 0, 0, 0)\" class=\"has-inline-color has-kb-palette-7-color\">Innovation:<\/mark><\/strong> how open the Company is to listening, discussing, implementing, flexibilizing, and adapting to changes and innovations whether from employees or the market;<\/li>\n\n\n\n<li><strong><mark style=\"background-color:rgba(0, 0, 0, 0)\" class=\"has-inline-color has-kb-palette-7-color\">Organizational Alignment:<\/mark><\/strong> employees\u2019 understanding of and alignment with the Company\u2019s management model.<\/li>\n<\/ol>\n<\/div><\/div>\n\n<\/div><\/div>\n\n\n<div style=\"height:40px\" aria-hidden=\"true\" class=\"wp-block-spacer\"><\/div>\n\n\n\n<p>In 2023, according to the previous year\u2019s results, we developed several improvement actions focusing on health and well-being, work-life balance, and collaboration among departments. There were over 650 proposed initiatives distributed among 81 nuclei. Some initiatives stood out as they started in one nucleus and later spread to many others, such as the Caf\u00e9 com a Diretoria (Coffee with the Boss), Stand RH &amp; Voc\u00ea, Round of Conversation on Emotion Management, and the creation of focus groups.<\/p>\n\n\n<div class=\"wp-block-image\">\n<figure data-wp-context=\"{&quot;uploadedSrc&quot;:&quot;https:\\\/\\\/rededor2023.blendon.com.br\\\/wp-content\\\/uploads\\\/2024\\\/04\\\/time-do-hospital-sao-marcos-pe-celebra-a-conquista-do-trofeu-de-destaque-na-pesquisa-de-clima-fala-rede-em-2024.webp&quot;,&quot;figureClassNames&quot;:&quot;aligncenter size-large&quot;,&quot;figureStyles&quot;:null,&quot;imgClassNames&quot;:&quot;wp-image-1843&quot;,&quot;imgStyles&quot;:null,&quot;targetWidth&quot;:1738,&quot;targetHeight&quot;:622,&quot;scaleAttr&quot;:false,&quot;ariaLabel&quot;:&quot;Enlarge image: Time do Hospital S\\u00e3o Marcos (PE), em 2024, celebrando a entrega do trof\\u00e9u de destaque na pesquisa de clima \\u201cFala, Rede!\\u201d.&quot;,&quot;alt&quot;:&quot;Time do Hospital S\\u00e3o Marcos (PE), em 2024, celebrando a entrega do trof\\u00e9u de destaque na pesquisa de clima \\u201cFala, Rede!\\u201d.&quot;}\" data-wp-interactive=\"core\/image\" class=\"aligncenter size-large wp-lightbox-container\"><img loading=\"lazy\" decoding=\"async\" width=\"1024\" height=\"366\" data-wp-init=\"callbacks.setButtonStyles\" data-wp-on-async--click=\"actions.showLightbox\" data-wp-on-async--load=\"callbacks.setButtonStyles\" data-wp-on-async-window--resize=\"callbacks.setButtonStyles\" src=\"https:\/\/rededor2023.blendon.com.br\/wp-content\/uploads\/2024\/04\/time-do-hospital-sao-marcos-pe-celebra-a-conquista-do-trofeu-de-destaque-na-pesquisa-de-clima-fala-rede-em-2024-1024x366.webp\" alt=\"Time do Hospital S\u00e3o Marcos (PE), em 2024, celebrando a entrega do trof\u00e9u de destaque na pesquisa de clima \u201cFala, Rede!\u201d.\" class=\"wp-image-1843\" srcset=\"https:\/\/rededor2023.blendon.com.br\/wp-content\/uploads\/2024\/04\/time-do-hospital-sao-marcos-pe-celebra-a-conquista-do-trofeu-de-destaque-na-pesquisa-de-clima-fala-rede-em-2024-1024x366.webp 1024w, https:\/\/rededor2023.blendon.com.br\/wp-content\/uploads\/2024\/04\/time-do-hospital-sao-marcos-pe-celebra-a-conquista-do-trofeu-de-destaque-na-pesquisa-de-clima-fala-rede-em-2024-300x107.webp 300w, https:\/\/rededor2023.blendon.com.br\/wp-content\/uploads\/2024\/04\/time-do-hospital-sao-marcos-pe-celebra-a-conquista-do-trofeu-de-destaque-na-pesquisa-de-clima-fala-rede-em-2024-768x275.webp 768w, https:\/\/rededor2023.blendon.com.br\/wp-content\/uploads\/2024\/04\/time-do-hospital-sao-marcos-pe-celebra-a-conquista-do-trofeu-de-destaque-na-pesquisa-de-clima-fala-rede-em-2024-1536x550.webp 1536w, https:\/\/rededor2023.blendon.com.br\/wp-content\/uploads\/2024\/04\/time-do-hospital-sao-marcos-pe-celebra-a-conquista-do-trofeu-de-destaque-na-pesquisa-de-clima-fala-rede-em-2024.webp 1738w\" sizes=\"(max-width: 1024px) 100vw, 1024px\" \/><button\n\t\t\tclass=\"lightbox-trigger\"\n\t\t\ttype=\"button\"\n\t\t\taria-haspopup=\"dialog\"\n\t\t\taria-label=\"Enlarge image: Time do Hospital S\u00e3o Marcos (PE), em 2024, celebrando a entrega do trof\u00e9u de destaque na pesquisa de clima \u201cFala, Rede!\u201d.\"\n\t\t\tdata-wp-init=\"callbacks.initTriggerButton\"\n\t\t\tdata-wp-on-async--click=\"actions.showLightbox\"\n\t\t\tdata-wp-style--right=\"context.imageButtonRight\"\n\t\t\tdata-wp-style--top=\"context.imageButtonTop\"\n\t\t>\n\t\t\t<svg xmlns=\"http:\/\/www.w3.org\/2000\/svg\" width=\"12\" height=\"12\" fill=\"none\" viewBox=\"0 0 12 12\">\n\t\t\t\t<path fill=\"#fff\" d=\"M2 0a2 2 0 0 0-2 2v2h1.5V2a.5.5 0 0 1 .5-.5h2V0H2Zm2 10.5H2a.5.5 0 0 1-.5-.5V8H0v2a2 2 0 0 0 2 2h2v-1.5ZM8 12v-1.5h2a.5.5 0 0 0 .5-.5V8H12v2a2 2 0 0 1-2 2H8Zm2-12a2 2 0 0 1 2 2v2h-1.5V2a.5.5 0 0 0-.5-.5H8V0h2Z\" \/>\n\t\t\t<\/svg>\n\t\t<\/button><figcaption class=\"wp-element-caption\">Hospital S\u00e3o Marcos (PE) team, in 2024, celebrating the awarding of the trophy for outstanding performance in the \u201cFala, Rede!\u201d climate survey.<\/figcaption><\/figure><\/div>\n\n\n<div style=\"height:80px\" aria-hidden=\"true\" class=\"wp-block-spacer\"><\/div>\n\n\n<div class=\"kb-row-layout-wrap kb-row-layout-id4207_82f6f4-ba alignnone kt-row-has-bg wp-block-kadence-rowlayout\"><div class=\"kt-row-column-wrap kt-has-1-columns kt-row-layout-equal kt-tab-layout-inherit kt-mobile-layout-row kt-row-valign-top\">\n\n<div class=\"wp-block-kadence-column kadence-column4207_c73f00-4d\"><div class=\"kt-inside-inner-col\">\n<h2 class=\"wp-block-heading\">Diversity and Inclusion<\/h2>\n\n\n\n<p class=\"has-small-font-size\">GRI 3-3, 405-1, 405-2<\/p>\n\n\n\n<p>Providing a welcoming environment for everyone is part of our culture. With a workforce predominantly made up of women, who account for 75% of our workforce, we continue to invest in developing initiatives to promote diversity and inclusion in our hiring processes, as well as to ensure a welcoming and respectful work environment. At Rede D\u2019Or, intolerance, discrimination, and any form of harassment are unacceptable. This stance is reflected in our Code of Conduct and in a Whistleblowing Channel available to our employees.<\/p>\n\n\n\n<p>To that end, we maintain a series of initiatives in support of Diversity and Inclusion (D&amp;I) through which we increase year after year the implementation of awareness-raising, literacy, and engagement activities. At Academia Rede D\u2019Or, the topic is addressed in various courses and training sessions, including the Diversity and Inclusion Trail, Leadership Development (PDL in Portuguese) and Compliance Programs; along with webinars held on celebratory dates such as International Women\u2019s Day, Black Awareness Day, and International Human Rights Day. In 2023, we launched the D&amp;I awareness-raising pilot project through an in-person training called \u201cInclusive Patient Journey,\u201d <strong>aimed at our units\u2019 leaders<\/strong>.<\/p>\n\n\n\n<p class=\"has-small-font-size\">Note: Only actual and positive impacts regarding Diversity and Equal Opportunities were identified.<\/p>\n<\/div><\/div>\n\n<\/div><\/div>\n\n\n<div style=\"height:40px\" aria-hidden=\"true\" class=\"wp-block-spacer\"><\/div>\n\n\n<div class=\"kb-row-layout-wrap kb-row-layout-id4207_5c5058-f7 alignnone kt-row-has-bg wp-block-kadence-rowlayout\"><div class=\"kt-row-column-wrap kt-has-2-columns kt-row-layout-row kt-tab-layout-inherit kt-mobile-layout-row kt-row-valign-top\">\n\n<div class=\"wp-block-kadence-column kadence-column4207_8acd73-e2\"><div class=\"kt-inside-inner-col\"><div class=\"wp-block-image\">\n<figure data-wp-context=\"{&quot;uploadedSrc&quot;:&quot;https:\\\/\\\/rededor2023.blendon.com.br\\\/wp-content\\\/uploads\\\/2024\\\/04\\\/diversidade-e-inclusao.webp&quot;,&quot;figureClassNames&quot;:&quot;aligncenter size-large&quot;,&quot;figureStyles&quot;:null,&quot;imgClassNames&quot;:&quot;wp-image-1962&quot;,&quot;imgStyles&quot;:null,&quot;targetWidth&quot;:1920,&quot;targetHeight&quot;:890,&quot;scaleAttr&quot;:false,&quot;ariaLabel&quot;:&quot;Enlarge image&quot;,&quot;alt&quot;:&quot;&quot;}\" data-wp-interactive=\"core\/image\" class=\"aligncenter size-large wp-lightbox-container\"><img loading=\"lazy\" decoding=\"async\" width=\"1024\" height=\"475\" data-wp-init=\"callbacks.setButtonStyles\" data-wp-on-async--click=\"actions.showLightbox\" data-wp-on-async--load=\"callbacks.setButtonStyles\" data-wp-on-async-window--resize=\"callbacks.setButtonStyles\" src=\"https:\/\/rededor2023.blendon.com.br\/wp-content\/uploads\/2024\/04\/diversidade-e-inclusao-1024x475.webp\" alt=\"\" class=\"wp-image-1962\" srcset=\"https:\/\/rededor2023.blendon.com.br\/wp-content\/uploads\/2024\/04\/diversidade-e-inclusao-1024x475.webp 1024w, https:\/\/rededor2023.blendon.com.br\/wp-content\/uploads\/2024\/04\/diversidade-e-inclusao-300x139.webp 300w, https:\/\/rededor2023.blendon.com.br\/wp-content\/uploads\/2024\/04\/diversidade-e-inclusao-768x356.webp 768w, https:\/\/rededor2023.blendon.com.br\/wp-content\/uploads\/2024\/04\/diversidade-e-inclusao-1536x712.webp 1536w, https:\/\/rededor2023.blendon.com.br\/wp-content\/uploads\/2024\/04\/diversidade-e-inclusao.webp 1920w\" sizes=\"(max-width: 1024px) 100vw, 1024px\" \/><button\n\t\t\tclass=\"lightbox-trigger\"\n\t\t\ttype=\"button\"\n\t\t\taria-haspopup=\"dialog\"\n\t\t\taria-label=\"Enlarge image\"\n\t\t\tdata-wp-init=\"callbacks.initTriggerButton\"\n\t\t\tdata-wp-on-async--click=\"actions.showLightbox\"\n\t\t\tdata-wp-style--right=\"context.imageButtonRight\"\n\t\t\tdata-wp-style--top=\"context.imageButtonTop\"\n\t\t>\n\t\t\t<svg xmlns=\"http:\/\/www.w3.org\/2000\/svg\" width=\"12\" height=\"12\" fill=\"none\" viewBox=\"0 0 12 12\">\n\t\t\t\t<path fill=\"#fff\" d=\"M2 0a2 2 0 0 0-2 2v2h1.5V2a.5.5 0 0 1 .5-.5h2V0H2Zm2 10.5H2a.5.5 0 0 1-.5-.5V8H0v2a2 2 0 0 0 2 2h2v-1.5ZM8 12v-1.5h2a.5.5 0 0 0 .5-.5V8H12v2a2 2 0 0 1-2 2H8Zm2-12a2 2 0 0 1 2 2v2h-1.5V2a.5.5 0 0 0-.5-.5H8V0h2Z\" \/>\n\t\t\t<\/svg>\n\t\t<\/button><\/figure><\/div><\/div><\/div>\n\n\n\n<div class=\"wp-block-kadence-column kadence-column4207_77f853-94\"><div class=\"kt-inside-inner-col\"><div class=\"kb-row-layout-wrap kb-row-layout-id4207_1b3f3a-48 alignnone wp-block-kadence-rowlayout\"><div class=\"kt-row-column-wrap kt-has-2-columns kt-row-layout-left-golden kt-tab-layout-inherit kt-mobile-layout-row kt-row-valign-top\">\n\n<div class=\"wp-block-kadence-column kadence-column4207_07fd6b-cc\"><div class=\"kt-inside-inner-col\">\n<p>In addition to focusing on our own staff, also promoted inclusion initiatives that directly impacted our patients. For example, in 2023, we had the second season of the web series Lugar de Fala, in which digital influencer Kate Viana, creator of the page <a href=\"https:\/\/www.instagram.com\/comovaigordinha\/\" target=\"_blank\" rel=\"noreferrer noopener\">@comovaigordinha<\/a>, returned to the hospitals she had visited at the beginning of the project and reported on the improvements made to meet the special needs of obese individuals. The episodes demonstrate how everyone is welcome at Rede D\u2019Or, and our commitment to evolving through the opportunities that arise, so that more and more people are welcomed in our hospitals \u2014 both our patients and employees.<\/p>\n\n\n\n<p>In addition to this initiative, were also invested in patient inclusion actions, such as implementation of bracelets\/tags with the \u2018social name\u2019 field for transgender individuals. At Maternidade Star, we use 3D plaster printing to create replicas of the of the baby\u2019s ultrasound image so that visually impaired pregnant women can feel the shape, position and size of the child that is still in her womb.<\/p>\n\n\n\n<p>We also maintain an annual D&amp;I calendar, which includes the main dates related to the topic, with campaigns and the dissemination of specific booklets on International Women\u2019s Day, National Day of Denunciation Against Racism, International LGBTQIAPN+ Pride Day, among others.<\/p>\n\n\n\n<p>To maintain continuous improvement and deepen our understanding of our <strong>people, promoting the creation of a better work environment<\/strong>, we launched a personal information update survey in 2023, including questions such as gender, race, and ethnicity data. This initiative aims to promote a sense of respect and belonging for all individuals [GRI 3-3].<\/p>\n\n\n\n<p>Our investment in the digital transformation of Rede D\u2019Or also involves a commitment to increasingly expanding diversity and inclusion in our digital channels, such as official websites, ensuring accessibility of our applications for all audiences. Thus, we comply with the Web Content Accessibility Guidelines (WCAG) guidelines for most items with A and AA criticality, giving our applications an average accessibility score of 79% [GRI 3-3]. We also continuously invest in addressing other critical items, including those related to visual, auditory, and intellectual disabilities, and in diversity, adapting our systems to include information in fields for social name and affiliation.<\/p>\n<\/div><\/div>\n\n\n\n<div class=\"wp-block-kadence-column kadence-column4207_49661b-05 kb-section-dir-vertical\"><div class=\"kt-inside-inner-col\">\n<div class=\"wp-block-kadence-column kadence-column4207_3eede7-09\"><div class=\"kt-inside-inner-col\">\n<p style=\"font-size:24px;line-height:1\"><strong>OUR WORKFORCE<\/strong><\/p>\n\n\n\n<p style=\"margin-top:0;margin-bottom:0;font-size:18px\">is predominantly composed of women. We continue to invest in initiatives related to Diversity and Inclusion.<\/p>\n<\/div><\/div>\n\n\n\n<div class=\"wp-block-kadence-column kadence-column4207_26a033-ad\"><div class=\"kt-inside-inner-col\">\n<p style=\"margin-top:0;margin-bottom:0;font-size:72px\">79% <\/p>\n\n\n\n<p style=\"margin-top:0;margin-bottom:0;font-size:18px\"><strong>AVERAGE SCORE<\/strong><br>of accessibility in WCAG <\/p>\n<\/div><\/div>\n<\/div><\/div>\n\n<\/div><\/div><\/div><\/div>\n\n<\/div><\/div>\n\n\n<div style=\"height:80px\" aria-hidden=\"true\" class=\"wp-block-spacer\"><\/div>\n\n\n<div class=\"kb-row-layout-wrap kb-row-layout-id4207_4a9c8b-03 alignnone wp-block-kadence-rowlayout\"><div class=\"kt-row-column-wrap kt-has-1-columns kt-row-layout-equal kt-tab-layout-inherit kt-mobile-layout-row kt-row-valign-top\">\n\n<div class=\"wp-block-kadence-column kadence-column4207_5d9ad8-99\"><div class=\"kt-inside-inner-col\">\n<h3 class=\"wp-block-heading has-kb-palette-8-color has-text-color has-link-color wp-elements-884eb8155424186844c2955c89676454\">Opportunity for all<\/h3>\n\n\n\n<p class=\"has-kb-palette-8-color has-text-color has-link-color has-small-font-size wp-elements-1372ff68605be8922c556f3d90929c20\">GRI 3-3, 405-1, 405-2<\/p>\n\n\n\n<p>Rede D\u2019Or has in place an inclusive hiring process on its careers and job posting page, where everyone can apply. Applicants are assessed based on their behavioral competencies and directed to open positions. We also have exclusive openings for people with disabilities marked on the Career Portal to enhance attraction, recruitment, and hiring efforts. Additionally, we reinforce these efforts through Marketing team actions on online professional networking platforms. These efforts resulted in a total of 868 people with disabilities in our workforce in 2023.<\/p>\n\n\n\n<p>We have also established partnerships to boost the recruitment of people with disabilities, including with the Government of the State of S\u00e3o Paulo, the Labor and Income Center (CTR, in Portuguese) of S\u00e3o Bernardo do Campo (SP), the Worker Support Center (CAT, in Portuguese) of the City of S\u00e3o Paulo (SP), and others yet to come [GRI 3-3].<\/p>\n\n\n\n<p>In 2023, we were present at the \u2018Feira Dia D,\u2019 held in different locations within the state of Rio de Janeiro, through the State Center for Disability Assistance (NEAD, in Portuguese). In two days of the fair, 105 individuals were assisted with 64 of them approved by HR to move forward in the Rede D\u2019Or\u2019s selection process. The goal of the fair is to assist individuals with disabilities, social security rehabilitated individuals and companies, focusing on facilitating their entry and reintegration into the job market.<\/p>\n<\/div><\/div>\n\n<\/div><\/div>\n\n\n<div style=\"height:80px\" aria-hidden=\"true\" class=\"wp-block-spacer\"><\/div>\n\n\n<div class=\"kb-row-layout-wrap kb-row-layout-id4207_2c1fe0-4d alignnone has-kb-palette-9-background-color kt-row-has-bg wp-block-kadence-rowlayout\"><div class=\"kt-row-column-wrap kt-has-1-columns kt-row-layout-equal kt-tab-layout-inherit kt-mobile-layout-row kt-row-valign-top\">\n\n<div class=\"wp-block-kadence-column kadence-column4207_f02594-78\"><div class=\"kt-inside-inner-col\">\n<h2 class=\"wp-block-heading has-kb-palette-4-color has-text-color has-link-color wp-elements-4a89eaa978cfda3ee45d7f8bea75bb88\">Occupational safety and health<\/h2>\n\n\n\n<p class=\"has-kb-palette-8-color has-text-color has-link-color has-small-font-size wp-elements-ac01e3db4c7235ca2d074f97e67beb9f\">GRI 3-3, 403-1, 403-8<\/p>\n\n\n\n<p>At Rede D\u2019Or, through the <a href=\"https:\/\/api.mziq.com\/mzfilemanager\/v2\/d\/5ecded6f-d02b-4439-bd60-b78400f01f1e\/6476cd94-3f17-13e6-21e6-ad14935836b0?origin=1\" target=\"_blank\" rel=\"noreferrer noopener\">Health, Safety, and Environment Policy<\/a>, we maintain a clear commitment to preventing or mitigating significant adverse impacts on health, occupational safety, and the environment that are directly related to our operations, products, and services, as well as through our many social and business relationships.<\/p>\n<\/div><\/div>\n\n<\/div><\/div>\n\n\n<div style=\"height:32px\" aria-hidden=\"true\" class=\"wp-block-spacer\"><\/div>\n\n\n\n<p><strong>Health, safety and environment responsibilities established in the Company\u2019s regulations<\/strong><\/p>\n\n\n\n<div class=\"wpdt-c row wpDataTableContainerSimpleTable wpDataTables wpDataTablesWrapper\n\"\n    >\n        <table id=\"wpdtSimpleTable-101\"\n           style=\"border-collapse:collapse;\n                   border-spacing:0px;\"\n           class=\"wpdtSimpleTable wpDataTable\"\n           data-column=\"2\"\n           data-rows=\"5\"\n           data-wpID=\"101\"\n           data-responsive=\"0\"\n           data-has-header=\"0\">\n\n                    <tbody>        <tr class=\"wpdt-cell-row \" >\n                            <td class=\"wpdt-cell wpdt-align-left\"\n                                    data-cell-id=\"A1\"\n                data-col-index=\"0\"\n                data-row-index=\"0\"\n                style=\" width:50%;                padding:10px;\n                \"\n                >\n                                CEO                <\/td>\n                                            <td class=\"wpdt-cell wpdt-align-left\"\n                                    data-cell-id=\"B1\"\n                data-col-index=\"1\"\n                data-row-index=\"0\"\n                style=\" width:50%;                padding:10px;\n                \"\n                >\n                                Alignment with the health, safety, and environmental principles.                <\/td>\n                                        <\/tr>\n                            <tr class=\"wpdt-cell-row \" >\n                            <td class=\"wpdt-cell wpdt-align-left\"\n                                    data-cell-id=\"A2\"\n                data-col-index=\"0\"\n                data-row-index=\"1\"\n                style=\"                padding:10px;\n                \"\n                >\n                                Senior management                <\/td>\n                                            <td class=\"wpdt-cell wpdt-align-left\"\n                                    data-cell-id=\"B2\"\n                data-col-index=\"1\"\n                data-row-index=\"1\"\n                style=\"                padding:10px;\n                \"\n                >\n                                Establishment and promotion of the Company\u2019s health, safety, and environmental principles and strategies.                <\/td>\n                                        <\/tr>\n                            <tr class=\"wpdt-cell-row \" >\n                            <td class=\"wpdt-cell wpdt-align-left\"\n                                    data-cell-id=\"A3\"\n                data-col-index=\"0\"\n                data-row-index=\"2\"\n                style=\"                padding:10px;\n                \"\n                >\n                                Officers                <\/td>\n                                            <td class=\"wpdt-cell wpdt-align-left\"\n                                    data-cell-id=\"B3\"\n                data-col-index=\"1\"\n                data-row-index=\"2\"\n                style=\"                padding:10px;\n                \"\n                >\n                                Monitoring performance and ensuring compliance with health, safety, and environmental principles and strategies;\nEnsuring the resources under their responsibility to achieve all expected results fulfilling health, safety, and environmental principles and strategies.                <\/td>\n                                        <\/tr>\n                            <tr class=\"wpdt-cell-row \" >\n                            <td class=\"wpdt-cell wpdt-align-left\"\n                                    data-cell-id=\"A4\"\n                data-col-index=\"0\"\n                data-row-index=\"3\"\n                style=\"                padding:10px;\n                \"\n                >\n                                Managers (all management levels)                <\/td>\n                                            <td class=\"wpdt-cell wpdt-align-left\"\n                                    data-cell-id=\"B4\"\n                data-col-index=\"1\"\n                data-row-index=\"3\"\n                style=\"                padding:10px;\n                \"\n                >\n                                Ensuring compliance with health, safety, and environmental principles and strategies; Using resources under their responsibility to achieve all expected results related to health, safety, and environmental premises and strategies.                <\/td>\n                                        <\/tr>\n                            <tr class=\"wpdt-cell-row \" >\n                            <td class=\"wpdt-cell wpdt-align-left\"\n                                    data-cell-id=\"A5\"\n                data-col-index=\"0\"\n                data-row-index=\"4\"\n                style=\"                padding:10px;\n                \"\n                >\n                                Administrative\/Operational Level (applicable to all hierarchical levels)                <\/td>\n                                            <td class=\"wpdt-cell wpdt-align-left\"\n                                    data-cell-id=\"B5\"\n                data-col-index=\"1\"\n                data-row-index=\"4\"\n                style=\"                padding:10px;\n                \"\n                >\n                                Carrying out all activities while ensuring compliance with health, safety, and environmental principles.                <\/td>\n                                        <\/tr>\n                    <\/table>\n<\/div><style id='wpdt-custom-style-101'>\ntable#wpdtSimpleTable-101{ table-layout: fixed !important; }\ntable#wpdtSimpleTable-101 td, table.wpdtSimpleTable101 th { white-space: normal !important; }\ntable.wpdtSimpleTable {\n    font-family: 'gotham-book';\n    font-style: normal;\n    font-weight: ;\n    width: 100% !important;\n\n}\n\n.wpdt-cell {\n    border-bottom: 1px solid  rgba(124, 124, 124, 0.25) !important;\n    border-left: none !important;\n    border-right: none !important;\n}.wpDataTablesWrapper table.wpDataTable > thead > tr > th{ border: none !important; }\n<\/style>\n<style>\n\/* th background color *\/\n.wpdt-c.wpDataTablesWrapper table.wpdtSimpleTable.bt[data-has-header='1'] td.wpdt-header-classes,\n.wpdt-c.wpDataTablesWrapper table.wpdtSimpleTable thead th,\n.wpdt-c .wpDataTablesWrapper table.wpDataTable thead th,\n.wpdt-c .wpDataTablesWrapper table.wpDataTable thead th.sorting {\n\tbackground-color: #005eb8 !important;\n    background-image: none !important;\n}\n\/* th font color *\/\n.wpdt-c.wpDataTablesWrapper table.wpdtSimpleTable.bt[data-has-header='1'] td.wpdt-header-classes,\n.wpdt-c.wpDataTablesWrapper table.wpdtSimpleTable thead th,\n.wpdt-c .wpDataTablesWrapper table.wpDataTable thead th {\n\tcolor: #fff !important;\n}\n.wpdt-c .wpDataTablesWrapper table.wpDataTable thead th.sorting:after,\n.wpdt-c .wpDataTablesWrapper table.wpDataTable thead th.sorting_asc:after {\n\tborder-bottom-color: #fff !important;\n}\n.wpdt-c .wpDataTablesWrapper table.wpDataTable thead th.sorting_desc:after {\n\tborder-top-color: #fff !important;\n}\n\n\/* odd rows background color *\/\n.wpdt-c.wpDataTablesWrapper table.wpdtSimpleTable tr.odd td,\n.wpdt-c .wpDataTablesWrapper table.wpDataTable tr.odd td {\n\tbackground-color: #F3F1EF !important;\n}\n\/* even rows background color *\/\n.wpdt-c.wpDataTablesWrapper table.wpdtSimpleTable tr.even td,\n.wpdt-c .wpDataTablesWrapper table.wpDataTable tr.even td,\n.wpdt-c .wpDataTablesWrapper table.has-columns-hidden tr.row-detail > td {\n\tbackground-color: #F3F1EF !important;\n}\n\/* odd rows active background color *\/\n.wpdt-c .wpDataTablesWrapper table.wpDataTable tr.odd td.sorting_1 {\n\tbackground-color: #FFFFFF00 !important;\n}\n\/* even rows active background color *\/\n.wpdt-c .wpDataTablesWrapper table.wpDataTable tr.even td.sorting_1 {\n\tbackground-color: #FFFFFF00 !important;\n}\n\/* rows hover background color *\/\n.wpdt-c.wpDataTablesWrapper table.wpdtSimpleTable tr.odd:hover > td,\n.wpdt-c .wpDataTablesWrapper table.wpDataTable tr.odd:hover > td,\n.wpdt-c .wpDataTablesWrapper table.wpDataTable tr.odd:hover > td.sorting_1,\n.wpdt-c .wpDataTablesWrapper table.wpDataTable tr.even:hover > td,\n.wpdt-c.wpDataTablesWrapper table.wpdtSimpleTable tr.even:hover > td,\n.wpdt-c .wpDataTablesWrapper table.wpDataTable tr.even:hover > td.sorting_1 {\n\tbackground-color: rgba(0, 0, 0, 0.05) !important;\n}\n\/* table font size *\/\n.wpdt-c.wpDataTablesWrapper table.wpdtSimpleTable,\n.wpdt-c .wpDataTablesWrapper table.wpDataTable {\n    font-size:14px !important;\n}\n \n<\/style>\n\n\n\n<div class=\"kb-row-layout-wrap kb-row-layout-id4207_802a21-71 alignnone wp-block-kadence-rowlayout\"><div class=\"kt-row-column-wrap kt-has-2-columns kt-row-layout-right-golden kt-tab-layout-inherit kt-mobile-layout-row kt-row-valign-top\">\n\n<div class=\"wp-block-kadence-column kadence-column4207_f2c27e-ea kb-section-is-sticky\"><div class=\"kt-inside-inner-col\"><\/div><\/div>\n\n\n\n<div class=\"wp-block-kadence-column kadence-column4207_e802f6-b6\"><div class=\"kt-inside-inner-col\">\n<p>Our Occupational Safety and Health (OSH) management system is based on regulatory standards (NRs, in Portuguese) complementary to Chapter V of the Brazilian Labor Laws (CLT, in Portuguese) by the former Ministry of Labor and Social Security (MTP, in Portuguese), as well as on all relevant legislation and technical standards. Our top goals are the prevention and mitigation of work-related accidents and incidents, the promotion of health, and the occupational safety and health of our direct and indirect employees [GRI 2-25]. In 2023, about 16,416 thousand indirect employees were mobilized in health operational areas.<\/p>\n\n\n\n<p>Like every year, in 2023, we held the Internal Week for the Prevention of Accidents at Work (Sipat, in Portuguese), in a hybrid format (digital and in-person) in all business units of Rede D\u2019Or, focusing on safe behavior, healthy professional relationships, and well-being and health care. In addition to campaigns to encourage employee health prevention, the National Health and Safety Week stood out, promoting reflections on the importance of safe behavior in our daily lives to prevent accidents and promote the well-being of all.<\/p>\n\n\n\n<p>The measures to eliminate other hazards and minimize the risks of work-related accidents include accident inspections, using specific forms and adopting the Ishikawa Diagram as a tool for mapping process failures and opportunities for improvement [GRI 403-4, 403-9].<\/p>\n<\/div><\/div>\n\n<\/div><\/div>\n\n\n<div style=\"height:80px\" aria-hidden=\"true\" class=\"wp-block-spacer\"><\/div>\n\n\n\n<h3 class=\"wp-block-heading has-kb-palette-7-color has-text-color has-link-color wp-elements-5129f20b577d15b1c09be119958ce152\">Identification, prevention, and mitigation<\/h3>\n\n\n\n<p class=\"has-kb-palette-8-color has-text-color has-link-color has-small-font-size wp-elements-ad4c0ef527ef7bbf744a0766762ad5a1\">GRI 2-5, 3-3, 403-1,403-2,403-3, 403-4, 403-8, 403-9, 403-10<\/p>\n\n\n\n<p>Through a Risk Management Program (PGR, in Portuguese), we map out and identify potential hazards, assess risks and impacts, prioritize through risk inventory, and implement necessary measures within the action plan in all our activities. Risks are classified according to their likelihood of occurrence and severity, including aspects of occupational hygiene, workplace accidents, and ergonomics, respecting the hierarchy of control. Employees take part in hazard identification through the ergonomic risk assessment form for workstations. The prevalence of work-related illness among employees in 2023 was 0.02%, primarily associated with musculoskeletal disorders.<\/p>\n\n\n\n<p>As for outsourced service providers, we have specific regulations for Occupational Health and Safety Management aimed at establishing guidelines on the matter. Outsourced service providers must comply with all Federal, State, and Municipal Laws, Ordinances, Decrees, and Regulations on Occupational Safety, Medicine, and Hygiene, Social Security (INSS, in Portuguese), as well as internal norms and practices established by Rede D\u2019Or. We track work-related accidents and oversee the implementation of measures with outsourced providers. As of the end of fiscal year 2023, no records of work-related illnesses were reported among outsourced personnel.<\/p>\n\n\n\n<p>In pursuit of continuous improvement, we conduct a comprehensive review of the Risk Management Program every two years, and annually, the Occupational Health and Medical Surveillance Program (PCMSO, in Portuguese). The comprehensive analysis of the PCMSO is carried out by the occupational medicine department, which prepares the analytical report and, based on it, sets the necessary health monitoring initiatives, exchanges information with the occupational safety department regarding risk mitigation needs, and implements health promotion initiatives.<\/p>\n\n\n\n<p>We carry out routine and scheduled inspections, primarily aimed at identifying and eliminating hazards and potential risks in the workplace. These inspections allow us to develop effective and objective action plans, aimed at promptly addressing the identified hazards and risks.<\/p>\n\n\n\n<p>Work-related incidents are investigated, documented using event investigation forms, and addressed in action plans. These incidents are managed through an occupational health and safety software, aiming at preventing the recurrence of similar incidents. Additionally, we conduct systematic audits based on our Internal Compliance Verification Program \u2014 which is also used to continuously improve our occupational safety and health management system.<\/p>\n\n\n\n<p>It is also important to note that we comply with the legal requirements of Ministry of Labor and Social Security\u2019 NR-5, which establishes the Internal Commission on Accident Prevention (CIPA, in Portuguese)\u00b9, through regular monthly or special meetings.<\/p>\n\n\n\n<p class=\"has-small-font-size\">\u00b9 Meetings are held on a monthly basis.<\/p>\n\n\n\n<div style=\"height:80px\" aria-hidden=\"true\" class=\"wp-block-spacer\"><\/div>\n\n\n<div class=\"kb-row-layout-wrap kb-row-layout-id4207_dd30f3-71 alignnone kt-row-has-bg wp-block-kadence-rowlayout\"><div class=\"kt-row-column-wrap kt-has-2-columns kt-row-layout-left-golden kt-tab-layout-inherit kt-mobile-layout-row kt-row-valign-top\">\n\n<div class=\"wp-block-kadence-column kadence-column4207_491262-33\"><div class=\"kt-inside-inner-col\">\n<h4 class=\"wp-block-heading has-kb-palette-7-color has-text-color has-link-color wp-elements-57eed49013566032b39f6eda40a36507\">Emotional Management<\/h4>\n\n\n\n<p>Mental health has become a subject of growing prominence and relevance in our society in recent years, especially following the 2020 pandemic. Seeking to promote a culture of comprehensive and preventative health that addresses all areas, minimizing biopsychosocial risk factors and reinforcing a healthy and safe environment for employees, we implemented the Emotional Management program in 2022 [GRI 3-3].<\/p>\n\n\n\n<p>This initiative was developed by a multidisciplinary team of occupational health professionals, which includes psychologists, nurses, ergonomists, hygienists, safety engineers, occupational physicians, and psychiatrists, among other professionals. With operational research stages and recreational activities every 45 days encouraging well-being and the comprehensive health of employees through virtual and in-person initiatives, the program includes access to an online health and well- being platform and is also available on the Digital HR app.<\/p>\n\n\n\n<p>As part of the program, discussions are held with managers on the following topics: Rethink Yourself \u2013 Automatic Mode; Reconnect \u2013 Positive Relationships; Reintegrate \u2013 Purposeful Culture; Reinvent \u2013 Self-Responsibility; Regenerate \u2013 Commitment.<\/p>\n\n\n<div class=\"wp-block-image\">\n<figure class=\"aligncenter size-full\"><img loading=\"lazy\" decoding=\"async\" width=\"483\" height=\"494\" src=\"https:\/\/rededor2023.blendon.com.br\/wp-content\/uploads\/2024\/03\/image-10.png\" alt=\"\" class=\"wp-image-860\" srcset=\"https:\/\/rededor2023.blendon.com.br\/wp-content\/uploads\/2024\/03\/image-10.png 483w, https:\/\/rededor2023.blendon.com.br\/wp-content\/uploads\/2024\/03\/image-10-293x300.png 293w\" sizes=\"(max-width: 483px) 100vw, 483px\" \/><\/figure><\/div>\n\n\n<p>The validation of the Program is carried out through the Company\u2019s own technical methodology tools, thus contributing to the development of assertive actions aligned with business goals.<\/p>\n\n\n\n<p>Additionally, we maintain a dashboard for systematic monitoring of health indicators to identify and manage cases and complaints from employees regarding exposure to stressful situations, including aspects related to mental health-related medical leaves.<\/p>\n<\/div><\/div>\n\n\n\n<div class=\"wp-block-kadence-column kadence-column4207_5323ca-40 kb-section-is-sticky\"><div class=\"kt-inside-inner-col\">\n<p class=\"has-kb-palette-8-color has-text-color has-link-color wp-elements-503cd0820618438a5fd175c49952edf1\" style=\"font-size:18px\"><strong>Emotional Management in numbers 2023<\/strong><\/p>\n\n\n\n<p><mark style=\"background-color:rgba(0, 0, 0, 0)\" class=\"has-inline-color has-kb-palette-7-color\"><strong>69% of employees participated<\/strong><\/mark> in the biopsychosocial profile mapping<\/p>\n\n\n\n<p><strong><mark style=\"background-color:rgba(0, 0, 0, 0)\" class=\"has-inline-color has-kb-palette-7-color\">982 leaders<\/mark><\/strong> participated in the discussion Round<\/p>\n\n\n\n<p><strong><mark style=\"background-color:rgba(0, 0, 0, 0)\" class=\"has-inline-color has-kb-palette-7-color\">39,217 employees participated<\/mark><\/strong> in the recreational activities<\/p>\n\n\n\n<p><mark style=\"background-color:rgba(0, 0, 0, 0)\" class=\"has-inline-color has-kb-palette-7-color\"><strong>13,142<\/strong> <\/mark><strong><mark style=\"background-color:rgba(0, 0, 0, 0)\" class=\"has-inline-color has-kb-palette-7-color\">usu\u00e1rios<\/mark> <\/strong>na plataforma de sa\u00fade e bem-estar<\/p>\n\n\n\n<p><strong><mark style=\"background-color:rgba(0, 0, 0, 0)\" class=\"has-inline-color has-kb-palette-7-color\">53 officers<\/mark><\/strong> participated in strategic meetings<\/p>\n\n\n\n<div style=\"height:16px\" aria-hidden=\"true\" class=\"wp-block-spacer\"><\/div>\n\n\n\n<figure class=\"wp-block-image alignwide size-full\"><img loading=\"lazy\" decoding=\"async\" width=\"419\" height=\"157\" src=\"https:\/\/rededor2023.blendon.com.br\/wp-content\/uploads\/2024\/03\/image-9.png\" alt=\"\" class=\"wp-image-858\" srcset=\"https:\/\/rededor2023.blendon.com.br\/wp-content\/uploads\/2024\/03\/image-9.png 419w, https:\/\/rededor2023.blendon.com.br\/wp-content\/uploads\/2024\/03\/image-9-300x112.png 300w\" sizes=\"(max-width: 419px) 100vw, 419px\" \/><\/figure>\n<\/div><\/div>\n\n<\/div><\/div>\n\n\n<div style=\"height:25px\" aria-hidden=\"true\" class=\"wp-block-spacer\"><\/div>\n\n\n\n<div style=\"height:40px\" aria-hidden=\"true\" class=\"wp-block-spacer\"><\/div>\n\n\n\n<div style=\"height:25px\" aria-hidden=\"true\" class=\"wp-block-spacer\"><\/div>\n\n\n<div class=\"kb-row-layout-wrap kb-row-layout-id4207_763fd6-8c alignnone wp-block-kadence-rowlayout\"><div class=\"kt-row-column-wrap kt-has-2-columns kt-row-layout-row kt-tab-layout-inherit kt-mobile-layout-row kt-row-valign-top\">\n\n<div class=\"wp-block-kadence-column kadence-column4207_e09614-ec\"><div class=\"kt-inside-inner-col\">\n<h3 class=\"wp-block-heading has-kb-palette-7-color has-text-color has-link-color wp-elements-139b4aed5e945b3b5dd047b8c8cb422f\">Occupational health and safety training<\/h3>\n\n\n\n<p class=\"has-kb-palette-8-color has-text-color has-link-color has-small-font-size wp-elements-a12542828007cd153f3048f0e443ce55\">GRI 3-3, 403-5<\/p>\n\n\n\n<p>To ensure that our employees have the necessary knowledge and engagement in preventing potential health risks, we have a training program focused on occupational safety and health. At the time of hiring, all employees receive onboarding training on the routines and operational procedures they will perform in the Company, with a focus on occupational hazards.<\/p>\n\n\n\n<p>Through educational campaigns, posters, newsletters, safety meetings, and initiatives such as Gest\u00e3o \u00e0 Vista, RH Informa, Di\u00e1logos de Sa\u00fade e Seguran\u00e7a (Health and Safety Talks), and messages via the HR Digital app, among other resources, we regularly communicate and emphasize the concepts of prevention and control of exposure to potentially dangerous situations [GRI 403-4].<\/p>\n\n\n\n<p>Employees are also instructed on how to report potential hazards and risks, as well as behaviors that could result in accidents. These incidents are documented using a specific task refusal form for critical activities or through our Whistleblowing Channel. In both cases, protection against possible retaliation is ensured, based on our <a href=\"https:\/\/wp.rededorsaoluiz.com.br\/wp-content\/uploads\/2023\/05\/RDSL_CodigoConduta_SemTermos_Digital_009.pdf?_gl=1*1aqutaj*_ga*MTAwNTc0OTkxNi4xNzExMzg3NTI4*_ga_KMLKQF5N2B*MTcxMjI2NzkwMS4yLjAuMTcxMjI2NzkwMS42MC4wLjA.*_ga_5PZXNRGXLY*MTcxMjI2NzkwMi4zMS4wLjE3MTIyNjc5MDIuNjAuMC4w*_ga_NHFCHYVFFB*MTcxMjI2NzkwMi4yLjAuMTcxMjI2NzkwMi42MC4wLjA.&amp;_ga=2.146711284.1906555228.1712155955-1005749916.1711387528\" target=\"_blank\" rel=\"noreferrer noopener\">Code of Conduct<\/a>. [GRI 3-3, 403-2]<\/p>\n<\/div><\/div>\n\n\n\n<div class=\"wp-block-kadence-column kadence-column4207_be177f-06\"><div class=\"kt-inside-inner-col\"><div class=\"wp-block-image\">\n<figure data-wp-context=\"{&quot;uploadedSrc&quot;:&quot;https:\\\/\\\/rededor2023.blendon.com.br\\\/wp-content\\\/uploads\\\/2024\\\/04\\\/capacitacao-em-saude-e-seguranca-ocupacional-bg.webp&quot;,&quot;figureClassNames&quot;:&quot;aligncenter size-full&quot;,&quot;figureStyles&quot;:null,&quot;imgClassNames&quot;:&quot;wp-image-2009&quot;,&quot;imgStyles&quot;:null,&quot;targetWidth&quot;:1920,&quot;targetHeight&quot;:852,&quot;scaleAttr&quot;:false,&quot;ariaLabel&quot;:&quot;Enlarge image&quot;,&quot;alt&quot;:&quot;&quot;}\" data-wp-interactive=\"core\/image\" class=\"aligncenter size-full wp-lightbox-container\"><img loading=\"lazy\" decoding=\"async\" width=\"1920\" height=\"852\" data-wp-init=\"callbacks.setButtonStyles\" data-wp-on-async--click=\"actions.showLightbox\" data-wp-on-async--load=\"callbacks.setButtonStyles\" data-wp-on-async-window--resize=\"callbacks.setButtonStyles\" src=\"https:\/\/rededor2023.blendon.com.br\/wp-content\/uploads\/2024\/04\/capacitacao-em-saude-e-seguranca-ocupacional-bg.webp\" alt=\"\" class=\"wp-image-2009\" srcset=\"https:\/\/rededor2023.blendon.com.br\/wp-content\/uploads\/2024\/04\/capacitacao-em-saude-e-seguranca-ocupacional-bg.webp 1920w, https:\/\/rededor2023.blendon.com.br\/wp-content\/uploads\/2024\/04\/capacitacao-em-saude-e-seguranca-ocupacional-bg-300x133.webp 300w, https:\/\/rededor2023.blendon.com.br\/wp-content\/uploads\/2024\/04\/capacitacao-em-saude-e-seguranca-ocupacional-bg-1024x454.webp 1024w, https:\/\/rededor2023.blendon.com.br\/wp-content\/uploads\/2024\/04\/capacitacao-em-saude-e-seguranca-ocupacional-bg-768x341.webp 768w, https:\/\/rededor2023.blendon.com.br\/wp-content\/uploads\/2024\/04\/capacitacao-em-saude-e-seguranca-ocupacional-bg-1536x682.webp 1536w\" sizes=\"(max-width: 1920px) 100vw, 1920px\" \/><button\n\t\t\tclass=\"lightbox-trigger\"\n\t\t\ttype=\"button\"\n\t\t\taria-haspopup=\"dialog\"\n\t\t\taria-label=\"Enlarge image\"\n\t\t\tdata-wp-init=\"callbacks.initTriggerButton\"\n\t\t\tdata-wp-on-async--click=\"actions.showLightbox\"\n\t\t\tdata-wp-style--right=\"context.imageButtonRight\"\n\t\t\tdata-wp-style--top=\"context.imageButtonTop\"\n\t\t>\n\t\t\t<svg xmlns=\"http:\/\/www.w3.org\/2000\/svg\" width=\"12\" height=\"12\" fill=\"none\" viewBox=\"0 0 12 12\">\n\t\t\t\t<path fill=\"#fff\" d=\"M2 0a2 2 0 0 0-2 2v2h1.5V2a.5.5 0 0 1 .5-.5h2V0H2Zm2 10.5H2a.5.5 0 0 1-.5-.5V8H0v2a2 2 0 0 0 2 2h2v-1.5ZM8 12v-1.5h2a.5.5 0 0 0 .5-.5V8H12v2a2 2 0 0 1-2 2H8Zm2-12a2 2 0 0 1 2 2v2h-1.5V2a.5.5 0 0 0-.5-.5H8V0h2Z\" \/>\n\t\t\t<\/svg>\n\t\t<\/button><\/figure><\/div><\/div><\/div>\n\n<\/div><\/div>\n\n\n<div style=\"height:50px\" aria-hidden=\"true\" class=\"wp-block-spacer\"><\/div>\n\n\n<div class=\"kb-row-layout-wrap kb-row-layout-id4207_7922f4-e2 alignnone wp-block-kadence-rowlayout\"><div class=\"kt-row-column-wrap kt-has-1-columns kt-row-layout-equal kt-tab-layout-inherit kt-mobile-layout-row kt-row-valign-top\">\n\n<div class=\"wp-block-kadence-column kadence-column4207_6f4877-69\"><div class=\"kt-inside-inner-col\">\n<h3 class=\"wp-block-heading has-kb-palette-7-color has-text-color has-link-color wp-elements-2b8ca4256fb5aa91fc2dddc1d7a60790\" id=\"remuneracao-e-beneficios\">Healthcare services<\/h3>\n\n\n\n<p class=\"has-kb-palette-8-color has-text-color has-link-color has-small-font-size wp-elements-19ad8cf7a923e91e6e84ded9fa01f930\">GRI 3-3, 403-3<\/p>\n\n\n\n<p>All our employees and their dependents have access to medical care, focused on preventative care and without co-pay charges, through the Primary Health Care (APS, in Portuguese) program. Aimed at health promotion and prevention, the program offers customized and accessible care, focusing on preventing health issues or the worsening of diseases.<\/p>\n\n\n\n<p>In 2023, a total of 21,339 appointments were conducted across 12 units (Gl\u00f3ria, Oeste, Caxias, Central do Tatuap\u00e9, Brasil, Brasil Mau\u00e1, Novo Atibaia, Esperan\u00e7a Olinda, S\u00e3o Marcos, HNSN, Santa Luzia, Santa Helena).<\/p>\n\n\n\n<p>Our employees also have the option to join a health and dental insurance plan. Currently there are 102,284 individuals covered by the medical assistance plan and 73,304 with access to the dental plan. Read more in <a href=\"#remuneracao-e-beneficios\">Compensation and Benefits<\/a>.<\/p>\n<\/div><\/div>\n\n<\/div><\/div>\n\n\n<div style=\"height:48px\" aria-hidden=\"true\" class=\"wp-block-spacer\"><\/div>\n\n\n<div class=\"kb-row-layout-wrap kb-row-layout-id4207_cc699c-58 alignnone wp-block-kadence-rowlayout\"><div class=\"kt-row-column-wrap kt-has-2-columns kt-row-layout-equal kt-tab-layout-inherit kt-mobile-layout-row kt-row-valign-top\">\n\n<div class=\"wp-block-kadence-column kadence-column4207_f8bdc0-e5 kb-section-is-sticky\"><div class=\"kt-inside-inner-col\">\n<h4 class=\"wp-block-heading has-kb-palette-8-color has-text-color has-link-color wp-elements-82c426b62f12ceb7740cdd459046b61d\">Continuous improvement<\/h4>\n\n\n\n<p class=\"has-kb-palette-8-color has-text-color has-link-color has-small-font-size wp-elements-8233a7cd1800c042a6dc479c095f7c7a\">GRI 3-3, GRI 403-1, 403-2, 403-3, 403-4, 403-5, 403-6, 403-7, 403-9, 403-10<\/p>\n\n\n\n<p>We reaffirm our commitments to the SDGs and ESG targets and, to that end, continue to invest in the continuous improvement of our practices. In 2023, we continued to evolve our occupational health and safety management system through a series of actions.<\/p>\n<\/div><\/div>\n\n\n\n<div class=\"wp-block-kadence-column kadence-column4207_9e6dfe-89\"><div class=\"kt-inside-inner-col\">\n<p class=\"has-kb-palette-8-color has-text-color has-link-color wp-elements-f2befdba5bcdf468eac6ccc2a8823893\" style=\"font-size:18px\"><strong>Initiatives developed in 2023<\/strong><\/p>\n\n\n\n<p class=\"has-kb-palette-8-color has-text-color has-link-color has-small-font-size wp-elements-c2638574858d9cfdac7dda4f1d36576f\">GRI 3-3<\/p>\n\n\n\n<ul class=\"wp-block-list\">\n<li>Developing metrics for ISO 45001 certification in up to 10 Company\u2019s units;<\/li>\n\n\n\n<li>Carrying out systemic diagnosis for ISO 45001 certification, through external consultancy;<\/li>\n\n\n\n<li>Implementing an automated OS&amp;H management system for service providers;<\/li>\n\n\n\n<li>Emotion management program\u2019s first reportss;<\/li>\n\n\n\n<li>Strengthening the Risk Management Program;<\/li>\n\n\n\n<li>Improving the ergonomic assessment process;<\/li>\n\n\n\n<li>Corporate average of at least 50% compliance with the internal compliance verification program;<\/li>\n\n\n\n<li>Implementing the OS&amp;H ranking program at the Company\u2019s units through the Internal Compliance Verification Programs.<\/li>\n<\/ul>\n<\/div><\/div>\n\n<\/div><\/div>\n\n<div class=\"kb-row-layout-wrap kb-row-layout-id4207_2428ae-7f alignnone wp-block-kadence-rowlayout\"><div class=\"kt-row-column-wrap kt-has-2-columns kt-row-layout-equal kt-tab-layout-inherit kt-mobile-layout-row kt-row-valign-top\">\n\n<div class=\"wp-block-kadence-column kadence-column4207_4b760e-38 kb-section-is-sticky\"><div class=\"kt-inside-inner-col\">\n<p class=\"has-kb-palette-7-color has-text-color has-link-color wp-elements-88116e7a119ff16dd32ae89cf39f1f06\" style=\"font-size:18px;font-style:normal;font-weight:500\">Targets for 2024 include the implementation of the Toxicology Committee and the Ergonomics Committee, as well as training on ISO45001 auditing and interpretation and foundation of ISO45003 [GRI 3-3].<\/p>\n<\/div><\/div>\n\n\n\n<div class=\"wp-block-kadence-column kadence-column4207_3044d1-de\"><div class=\"kt-inside-inner-col\">\n<p class=\"has-kb-palette-7-color has-text-color has-link-color wp-elements-3ef395e0e6e362a97884c8e528027ae0\" style=\"font-size:18px\"><strong>For 2024:<\/strong><\/p>\n\n\n\n<p class=\"has-kb-palette-8-color has-text-color has-link-color has-small-font-size wp-elements-c2638574858d9cfdac7dda4f1d36576f\">GRI 3-3<\/p>\n\n\n\n<ul class=\"wp-block-list\">\n<li>Implementing the Toxicology Committee;<\/li>\n\n\n\n<li>Implementing the Ergonomics Committee;<\/li>\n\n\n\n<li>Implementing the Personal Protective Equipment Committee;<\/li>\n\n\n\n<li>Implementing the Occupational Hygiene Committee;<\/li>\n\n\n\n<li>Expanding and reinforcing health and well-being aspects by integrating them into Rede D\u2019Or\u2019s Primary Health Care (APS, in Portuguese);<\/li>\n\n\n\n<li>Carrying out qualification training in ISO45001 internal audit for at least 50 people in direct or indirect Health and Safety leadership positions;<\/li>\n\n\n\n<li>Carrying out ISO45003 interpretation and foundation training for at least 50 people in direct or indirect Health and Safety leadership positions;<\/li>\n\n\n\n<li>Improving the implementation of the occupational health and safety document control system for contractors;<\/li>\n\n\n\n<li>Improving the Risk Management Program;<\/li>\n\n\n\n<li>Improving Health and Safety Guidelines for contracted companies.<\/li>\n<\/ul>\n<\/div><\/div>\n\n<\/div><\/div>\n\n\n<div style=\"height:24px\" aria-hidden=\"true\" class=\"wp-block-spacer\"><\/div>\n\n\n\n<p class=\"has-kb-palette-7-color has-text-color has-link-color wp-elements-3436ea0f62eaacebe9cb980a743db704\" style=\"font-size:18px\"><strong>2023 Indicators<\/strong><\/p>\n\n\n\n<p class=\"has-kb-palette-8-color has-text-color has-link-color has-small-font-size wp-elements-b762091c3653ec92826e71bcaa6caeb0\">GRI 3-3, 403-4, 403-5, 403-6, 403-7, 403-8, 403-9, 403-10, SASB HC-DY-320a1*<\/p>\n\n\n<div class=\"kb-row-layout-wrap kb-row-layout-id4207_eeeff2-3b alignnone kt-row-has-bg wp-block-kadence-rowlayout\"><div class=\"kt-row-column-wrap kt-has-2-columns kt-row-layout-equal kt-tab-layout-inherit kt-mobile-layout-row kt-row-valign-top\">\n\n<div class=\"wp-block-kadence-column kadence-column4207_45b132-06\"><div class=\"kt-inside-inner-col\"><div class=\"kb-row-layout-wrap kb-row-layout-id4207_451806-dd alignnone wp-block-kadence-rowlayout\"><div class=\"kt-row-column-wrap kt-has-3-columns kt-row-layout-first-row kt-tab-layout-inherit kt-mobile-layout-row kt-row-valign-top\">\n\n<div class=\"wp-block-kadence-column kadence-column4207_bf29aa-8e\"><div class=\"kt-inside-inner-col\">\n<p class=\"has-text-align-center\"><strong>Rate of fatalities caused by work-related accidents<\/strong><\/p>\n<\/div><\/div>\n\n\n\n<div class=\"wp-block-kadence-column kadence-column4207_19f50d-87\"><div class=\"kt-inside-inner-col\">\n<p class=\"has-text-align-right has-kb-palette-8-color has-text-color has-link-color wp-elements-34c60174ba73bd7f266232d4caf83e5b\">Own employees: 0<\/p>\n<\/div><\/div>\n\n\n\n<div class=\"wp-block-kadence-column kadence-column4207_b71803-e0\"><div class=\"kt-inside-inner-col\">\n<p class=\"has-kb-palette-8-color has-text-color has-link-color wp-elements-a189ef9dc7f96cd3d6ef8eecc143b9f9\">Outsourced employees: 0<\/p>\n<\/div><\/div>\n\n<\/div><\/div>\n\n<div class=\"kb-row-layout-wrap kb-row-layout-id4207_9db5b4-31 alignnone wp-block-kadence-rowlayout\"><div class=\"kt-row-column-wrap kt-has-3-columns kt-row-layout-first-row kt-tab-layout-inherit kt-mobile-layout-row kt-row-valign-top\">\n\n<div class=\"wp-block-kadence-column kadence-column4207_94e22c-c6\"><div class=\"kt-inside-inner-col\">\n<p class=\"has-text-align-center\"><strong><strong>Number and rate of fatalities as a result of work-related ill health<\/strong><\/strong><\/p>\n<\/div><\/div>\n\n\n\n<div class=\"wp-block-kadence-column kadence-column4207_a13c3a-d8\"><div class=\"kt-inside-inner-col\">\n<p class=\"has-text-align-right has-kb-palette-8-color has-text-color has-link-color wp-elements-34c60174ba73bd7f266232d4caf83e5b\">Own employees: 0<\/p>\n<\/div><\/div>\n\n\n\n<div class=\"wp-block-kadence-column kadence-column4207_ca3773-42\"><div class=\"kt-inside-inner-col\">\n<p class=\"has-kb-palette-8-color has-text-color has-link-color wp-elements-a189ef9dc7f96cd3d6ef8eecc143b9f9\">Outsourced employees: 0<\/p>\n<\/div><\/div>\n\n<\/div><\/div>\n\n<div class=\"kb-row-layout-wrap kb-row-layout-id4207_b7c2b0-55 alignnone wp-block-kadence-rowlayout\"><div class=\"kt-row-column-wrap kt-has-3-columns kt-row-layout-first-row kt-tab-layout-inherit kt-mobile-layout-row kt-row-valign-top\">\n\n<div class=\"wp-block-kadence-column kadence-column4207_eefc29-ff\"><div class=\"kt-inside-inner-col\">\n<p class=\"has-text-align-center\"><strong><strong><strong>Number of mandatory reporting work-related ill health cases<\/strong><\/strong><\/strong><\/p>\n<\/div><\/div>\n\n\n\n<div class=\"wp-block-kadence-column kadence-column4207_aa030e-d4\"><div class=\"kt-inside-inner-col\">\n<p class=\"has-text-align-right has-kb-palette-8-color has-text-color has-link-color wp-elements-5af9c0eca7fb60220e1eaa3665fb0139\">Own employees: 19<\/p>\n<\/div><\/div>\n\n\n\n<div class=\"wp-block-kadence-column kadence-column4207_42977e-04\"><div class=\"kt-inside-inner-col\">\n<p class=\"has-kb-palette-8-color has-text-color has-link-color wp-elements-a189ef9dc7f96cd3d6ef8eecc143b9f9\">Outsourced employees: 0<\/p>\n<\/div><\/div>\n\n<\/div><\/div><\/div><\/div>\n\n\n\n<div class=\"wp-block-kadence-column kadence-column4207_d56b4b-f0\"><div class=\"kt-inside-inner-col\">\n<p class=\"has-text-align-center\"><strong>Number and rate of high-consequence work-related injuries<\/strong><\/p>\n\n\n\n<p class=\"has-text-align-center\" style=\"font-size:14px\">Own employees considering a factor of 1,000,000 hours worked:<\/p>\n\n\n<div class=\"wp-block-image\">\n<figure class=\"aligncenter size-full is-resized\"><img decoding=\"async\" src=\"https:\/\/rededor2023.blendon.com.br\/wp-content\/uploads\/2024\/06\/Number-and-rate-of-high-consequence-work-related-injuries_2.svg\" alt=\"\" class=\"wp-image-5025\" style=\"width:320px\"\/><\/figure><\/div>\n\n\n<div style=\"height:80px\" aria-hidden=\"true\" class=\"wp-block-spacer\"><\/div>\n\n\n\n<p class=\"has-text-align-center\"><strong>Number and rate of mandatory reporting work-related accidents<\/strong>\u00b9<\/p>\n\n\n\n<p class=\"has-text-align-center\" style=\"font-size:14px\">Own employees considering a factor of 1,000,000 hours worked:<\/p>\n\n\n<div class=\"wp-block-image\">\n<figure class=\"aligncenter size-large is-resized\"><img decoding=\"async\" src=\"https:\/\/rededor2023.blendon.com.br\/wp-content\/uploads\/2024\/06\/Number-and-rate-of-mandatory-reporting-work-related-accidents.svg\" alt=\"\" class=\"wp-image-5028\" style=\"width:320px\"\/><\/figure><\/div><\/div><\/div>\n\n<\/div><\/div>\n\n<div class=\"kb-row-layout-wrap kb-row-layout-id4207_5bc765-c5 alignnone wp-block-kadence-rowlayout\"><div class=\"kt-row-column-wrap kt-has-2-columns kt-row-layout-equal kt-tab-layout-inherit kt-mobile-layout-row kt-row-valign-top\">\n\n<div class=\"wp-block-kadence-column kadence-column4207_ac7545-c4\"><div class=\"kt-inside-inner-col\">\n<p class=\"has-text-align-center has-kb-palette-8-color has-text-color has-link-color wp-elements-a9b479265ebe69d40f267113ce5fdef3\" style=\"font-size:18px\">Workplace absenteeism rate<\/p>\n\n\n<div class=\"wp-block-image\">\n<figure class=\"aligncenter size-large is-resized\"><img decoding=\"async\" src=\"https:\/\/rededor2023.blendon.com.br\/wp-content\/uploads\/2024\/04\/indicadores-de-2023-grafico-6.svg\" alt=\"Taxa de absente\u00edsmo ocupacional: 6%\" class=\"wp-image-2081\" style=\"width:160px\"\/><\/figure><\/div><\/div><\/div>\n\n\n\n<div class=\"wp-block-kadence-column kadence-column4207_bd6111-c8\"><div class=\"kt-inside-inner-col\">\n<p class=\"has-small-font-size\"><sup>1<\/sup> After the pandemic we are finally readapting processes, adapting work dynamics , and reestablishing operational standards \u2013 without them we felt the impacts on OS&amp;H processes. For 2024, we understand that our strategic planning is robust and the execution is ready to deliver what is expected to reduce accidents. Among our actions, we highlight the ones listed below:<br>-Carry out the national accident prevention campaign;<br>-On a daily basis, carry out accident prevention briefings in the care services department;<br>-Cover the OS&amp;H area on all shifts to disseminate the culture of accident prevention.<\/p>\n\n\n\n<p class=\"has-small-font-size\"><sup>2<\/sup> Main reasons for work-related accidents: falling from the same level and people hitting objects [GRI 403- 9].<\/p>\n\n\n\n<p class=\"has-small-font-size\"><sup>3<\/sup> There is no information on the main reasons for work-related accidents for third parties [GRI 403- 9].<\/p>\n\n\n\n<p class=\"has-small-font-size\"><sup>4<\/sup> Occupational Health and Safety data is compiled for all employees, except for outsourced workers, using the Protheus 12 system. Data is extracted from the system for proper monitoring. [GRI 403-8].<\/p>\n\n\n\n<p class=\"has-small-font-size\"><sup>5<\/sup> Among the standards, methodologies and assumptions used to understand the data are NR 1, NR 7, NR 9, NR 10, NR 32, NR 35 issued by the Ministry of Labor and Employment, NBR 14.280 and the Brazilian Labor Laws of 2017 [GRI 403-8].<\/p>\n\n\n\n<p class=\"has-small-font-size\">* We do not report in accordance with international standards, but rather in accordance with Brazilian laws and technical standards.<\/p>\n<\/div><\/div>\n\n<\/div><\/div>","protected":false},"excerpt":{"rendered":"<p>Human capital highlights Our staff members are the foundation of the daily success we cultivate across Rede D\u2019Or. In line with this belief, we adopt as premises the appreciation and encouragement of the personal and professional performance of each of our more than 71,000 employees. We translate this into investments in continuous training and development, [&hellip;]<\/p>\n","protected":false},"author":2,"featured_media":2624,"parent":4206,"menu_order":0,"comment_status":"closed","ping_status":"closed","template":"","meta":{"inline_featured_image":false,"footnotes":""},"class_list":["post-4207","page","type-page","status-publish","has-post-thumbnail","hentry"],"acf":[],"_links":{"self":[{"href":"https:\/\/rededor2023.blendon.com.br\/en\/wp-json\/wp\/v2\/pages\/4207"}],"collection":[{"href":"https:\/\/rededor2023.blendon.com.br\/en\/wp-json\/wp\/v2\/pages"}],"about":[{"href":"https:\/\/rededor2023.blendon.com.br\/en\/wp-json\/wp\/v2\/types\/page"}],"author":[{"embeddable":true,"href":"https:\/\/rededor2023.blendon.com.br\/en\/wp-json\/wp\/v2\/users\/2"}],"replies":[{"embeddable":true,"href":"https:\/\/rededor2023.blendon.com.br\/en\/wp-json\/wp\/v2\/comments?post=4207"}],"version-history":[{"count":106,"href":"https:\/\/rededor2023.blendon.com.br\/en\/wp-json\/wp\/v2\/pages\/4207\/revisions"}],"predecessor-version":[{"id":6222,"href":"https:\/\/rededor2023.blendon.com.br\/en\/wp-json\/wp\/v2\/pages\/4207\/revisions\/6222"}],"up":[{"embeddable":true,"href":"https:\/\/rededor2023.blendon.com.br\/en\/wp-json\/wp\/v2\/pages\/4206"}],"wp:featuredmedia":[{"embeddable":true,"href":"https:\/\/rededor2023.blendon.com.br\/en\/wp-json\/wp\/v2\/media\/2624"}],"wp:attachment":[{"href":"https:\/\/rededor2023.blendon.com.br\/en\/wp-json\/wp\/v2\/media?parent=4207"}],"curies":[{"name":"wp","href":"https:\/\/api.w.org\/{rel}","templated":true}]}}