{"id":4201,"date":"2024-03-05T12:15:28","date_gmt":"2024-03-05T15:15:28","guid":{"rendered":"https:\/\/rededor2023.blendon.com.br\/apresentacao\/quem-somos\/"},"modified":"2024-07-30T13:17:10","modified_gmt":"2024-07-30T16:17:10","slug":"who-we-are","status":"publish","type":"page","link":"https:\/\/rededor2023.blendon.com.br\/en\/presentation\/who-we-are\/","title":{"rendered":"Who we are"},"content":{"rendered":"\n<h2 class=\"wp-block-heading\">Rede D'Or<\/h2>\n\n\n\n<p>Operating for 45 years, we are Rede D\u2019Or S\u00e3o Luiz S.A. (corporate name), a privately held, publicly traded Company that is a benchmark in technical quality and Latin America\u2019s largest integrated healthcare network. We are present in 13 Brazilian states and the Federal District, and our administrative headquarters is located in S\u00e3o Paulo, SP. Part of the supplementary healthcare sector, we are focused on humanized care, team qualification, the adoption of new technologies, and the expansion of care. A full description of the Group\u2019s main activities can be found in the <strong><a href=\"https:\/\/ri.rededorsaoluiz.com.br\/informacoes-financeiras\/formulario-de-referencia\/\" target=\"_blank\" rel=\"noreferrer noopener\">Reference Form<\/a><\/strong>, and in the<strong> <a href=\"https:\/\/ri.rededorsaoluiz.com.br\/en\/published-documents\/presentations\/\" target=\"_blank\" rel=\"noreferrer noopener\">Institutional Presentation<\/a><\/strong>, publicly available documents that are updated annually. Our business relations cover our value chain, which includes business partners, which are people or entities with whom we have relationships. The value chain encompasses our stakeholders, which can be verified in the <a href=\"https:\/\/api.mziq.com\/mzfilemanager\/v2\/d\/5ecded6f-d02b-4439-bd60-b78400f01f1e\/29b5e709-757f-2c7c-f6ae-64bc4f5ddcbd?origin=1\" target=\"_blank\" rel=\"noreferrer noopener\"><em>Stakeholder Engagement Policy<\/em><\/a> and which are subject to the guidelines set out in Rede D\u2019Or\u2019s <a href=\"https:\/\/wp.rededorsaoluiz.com.br\/wp-content\/uploads\/2023\/05\/RDSL_CodigoConduta_SemTermos_Digital_009.pdf\" target=\"_blank\" rel=\"noreferrer noopener\"><em>Code of Conduct<\/em><\/a>.<\/p>\n\n\n\n<div style=\"height:50px\" aria-hidden=\"true\" class=\"wp-block-spacer\"><\/div>\n\n\n\n<div style=\"height:50px\" aria-hidden=\"true\" class=\"wp-block-spacer\"><\/div>\n\n\n<div class=\"kb-row-layout-wrap kb-row-layout-id4201_34ab3b-fa alignfull has-theme-palette9-background-color kt-row-has-bg wp-block-kadence-rowlayout\"><div class=\"kt-blocks-carousel kb-blocks-bg-slider kt-carousel-container-dotstyle-dark\"><div class=\"kt-blocks-carousel-init kb-blocks-bg-slider-init kt-carousel-arrowstyle-none kt-carousel-dotstyle-dark\" data-slider-anim-speed=\"400\" data-slider-type=\"slider\" data-slider-scroll=\"1\" data-slider-arrows=\"false\" data-slider-fade=\"true\" data-slider-dots=\"true\" data-slider-hover-pause=\"false\" data-slider-auto=\"true\" data-slider-speed=\"7000\"><div class=\"kb-bg-slide-contain\"><div class=\"kb-bg-slide kb-bg-slide-0\" style=\"background-image:url(https:\/\/rededor2023.blendon.com.br\/wp-content\/uploads\/2024\/04\/bg-quem-somos-mvv-scaled.webp); background-size:cover; background-position:center top; background-repeat:no-repeat;\"><\/div><\/div><\/div><\/div><div class=\"kt-row-column-wrap kt-has-3-columns kt-row-layout-equal kt-tab-layout-inherit kt-mobile-layout-row kt-row-valign-top\">\n\n<div class=\"wp-block-kadence-column kadence-column4201_f7a126-d1 inner-column-1\"><div class=\"kt-inside-inner-col\">\n<figure class=\"wp-block-image size-large is-style-default\"><img loading=\"lazy\" decoding=\"async\" width=\"80\" height=\"80\" src=\"https:\/\/rededor2023.blendon.com.br\/wp-content\/uploads\/2024\/04\/icone-missao.svg\" alt=\"\" class=\"wp-image-1015\"\/><\/figure>\n\n\n\n<p style=\"font-size:18px\"><strong>Mission<\/strong><\/p>\n\n\n\n<p>Provide highly-effective medical and hospital care, with qualified and motivated teams, respecting ethics and individuals in their social and environmental context.<\/p>\n<\/div><\/div>\n\n\n\n<div class=\"wp-block-kadence-column kadence-column4201_30e47e-67 inner-column-1\"><div class=\"kt-inside-inner-col\">\n<figure class=\"wp-block-image size-large\"><img loading=\"lazy\" decoding=\"async\" width=\"80\" height=\"80\" src=\"https:\/\/rededor2023.blendon.com.br\/wp-content\/uploads\/2024\/04\/icone-visao.svg\" alt=\"\" class=\"wp-image-1017\"\/><\/figure>\n\n\n\n<p style=\"font-size:18px\"><strong>Vision<\/strong><\/p>\n\n\n\n<p>To be a reference in hospital management and the provision of medical services, based on the highest technical and social &amp; environmental responsibility standards.<\/p>\n<\/div><\/div>\n\n\n\n<div class=\"wp-block-kadence-column kadence-column4201_63fcc1-90 inner-column-1\"><div class=\"kt-inside-inner-col\">\n<figure class=\"wp-block-image size-large\"><img loading=\"lazy\" decoding=\"async\" width=\"80\" height=\"80\" src=\"https:\/\/rededor2023.blendon.com.br\/wp-content\/uploads\/2024\/04\/icone-valores.svg\" alt=\"\" class=\"wp-image-1019\"\/><\/figure>\n\n\n\n<p style=\"font-size:18px\"><strong>Values<\/strong><\/p>\n\n\n\n<ul class=\"wp-block-list\">\n<li>Competence; <\/li>\n\n\n\n<li>Credibility; <\/li>\n\n\n\n<li>Sustainable Development; <\/li>\n\n\n\n<li>Humanization; <\/li>\n\n\n\n<li>Integrity; <\/li>\n\n\n\n<li>Respect.<\/li>\n<\/ul>\n<\/div><\/div>\n\n<\/div><\/div>\n\n\n<div style=\"height:50px\" aria-hidden=\"true\" class=\"wp-block-spacer\"><\/div>\n\n\n\n<p class=\"has-text-align-center has-kb-palette-3-color has-text-color has-link-color wp-elements-6756d0f268fb8b438d7952caee72b777\" style=\"margin-top:8px;margin-bottom:8px;font-size:18px;line-height:1\"><strong>Value Chain<\/strong><\/p>\n\n\n\n<p class=\"has-text-align-center has-kb-palette-423-color has-text-color has-link-color has-small-font-size wp-elements-fc49a52e6f3a9016fc887a3d78815a64\">GRI 2-6<\/p>\n\n\n<div class=\"wp-block-image\">\n<figure data-wp-context=\"{&quot;uploadedSrc&quot;:&quot;https:\\\/\\\/rededor2023.blendon.com.br\\\/wp-content\\\/uploads\\\/2024\\\/06\\\/value-chain@2x.png&quot;,&quot;figureClassNames&quot;:&quot;aligncenter size-full&quot;,&quot;figureStyles&quot;:null,&quot;imgClassNames&quot;:&quot;wp-image-4864&quot;,&quot;imgStyles&quot;:&quot;object-fit:contain&quot;,&quot;targetWidth&quot;:3613,&quot;targetHeight&quot;:1896,&quot;scaleAttr&quot;:&quot;contain&quot;,&quot;ariaLabel&quot;:&quot;Enlarge image&quot;,&quot;alt&quot;:&quot;&quot;}\" data-wp-interactive=\"core\/image\" class=\"aligncenter size-full wp-lightbox-container\"><img loading=\"lazy\" decoding=\"async\" width=\"3613\" height=\"1896\" data-wp-init=\"callbacks.setButtonStyles\" data-wp-on-async--click=\"actions.showLightbox\" data-wp-on-async--load=\"callbacks.setButtonStyles\" data-wp-on-async-window--resize=\"callbacks.setButtonStyles\" src=\"https:\/\/rededor2023.blendon.com.br\/wp-content\/uploads\/2024\/06\/value-chain@2x.png\" alt=\"\" class=\"wp-image-4864\" style=\"object-fit:contain\" srcset=\"https:\/\/rededor2023.blendon.com.br\/wp-content\/uploads\/2024\/06\/value-chain@2x.png 3613w, https:\/\/rededor2023.blendon.com.br\/wp-content\/uploads\/2024\/06\/value-chain@2x-300x157.png 300w, https:\/\/rededor2023.blendon.com.br\/wp-content\/uploads\/2024\/06\/value-chain@2x-1024x537.png 1024w, https:\/\/rededor2023.blendon.com.br\/wp-content\/uploads\/2024\/06\/value-chain@2x-768x403.png 768w, https:\/\/rededor2023.blendon.com.br\/wp-content\/uploads\/2024\/06\/value-chain@2x-1536x806.png 1536w, https:\/\/rededor2023.blendon.com.br\/wp-content\/uploads\/2024\/06\/value-chain@2x-2048x1075.png 2048w\" sizes=\"(max-width: 3613px) 100vw, 3613px\" \/><button\n\t\t\tclass=\"lightbox-trigger\"\n\t\t\ttype=\"button\"\n\t\t\taria-haspopup=\"dialog\"\n\t\t\taria-label=\"Enlarge image\"\n\t\t\tdata-wp-init=\"callbacks.initTriggerButton\"\n\t\t\tdata-wp-on-async--click=\"actions.showLightbox\"\n\t\t\tdata-wp-style--right=\"context.imageButtonRight\"\n\t\t\tdata-wp-style--top=\"context.imageButtonTop\"\n\t\t>\n\t\t\t<svg xmlns=\"http:\/\/www.w3.org\/2000\/svg\" width=\"12\" height=\"12\" fill=\"none\" viewBox=\"0 0 12 12\">\n\t\t\t\t<path fill=\"#fff\" d=\"M2 0a2 2 0 0 0-2 2v2h1.5V2a.5.5 0 0 1 .5-.5h2V0H2Zm2 10.5H2a.5.5 0 0 1-.5-.5V8H0v2a2 2 0 0 0 2 2h2v-1.5ZM8 12v-1.5h2a.5.5 0 0 0 .5-.5V8H12v2a2 2 0 0 1-2 2H8Zm2-12a2 2 0 0 1 2 2v2h-1.5V2a.5.5 0 0 0-.5-.5H8V0h2Z\" \/>\n\t\t\t<\/svg>\n\t\t<\/button><\/figure><\/div>\n\n\n<div style=\"height:50px\" aria-hidden=\"true\" class=\"wp-block-spacer\"><\/div>\n\n\n\n<h2 class=\"wp-block-heading has-kb-palette-2-color has-text-color has-link-color wp-elements-debbef50f95e4f8638d442dd8620a136\">Timeline<\/h2>\n\n\n\n<figure data-wp-context=\"{&quot;uploadedSrc&quot;:&quot;https:\\\/\\\/rededor2023.blendon.com.br\\\/wp-content\\\/uploads\\\/2024\\\/06\\\/timeline-en@2x.png&quot;,&quot;figureClassNames&quot;:&quot;wp-block-image size-large&quot;,&quot;figureStyles&quot;:null,&quot;imgClassNames&quot;:&quot;wp-image-4877&quot;,&quot;imgStyles&quot;:null,&quot;targetWidth&quot;:3530,&quot;targetHeight&quot;:1931,&quot;scaleAttr&quot;:false,&quot;ariaLabel&quot;:&quot;Enlarge image&quot;,&quot;alt&quot;:&quot;&quot;}\" data-wp-interactive=\"core\/image\" class=\"wp-block-image size-large wp-lightbox-container\"><img loading=\"lazy\" decoding=\"async\" width=\"1024\" height=\"560\" data-wp-init=\"callbacks.setButtonStyles\" data-wp-on-async--click=\"actions.showLightbox\" data-wp-on-async--load=\"callbacks.setButtonStyles\" data-wp-on-async-window--resize=\"callbacks.setButtonStyles\" src=\"https:\/\/rededor2023.blendon.com.br\/wp-content\/uploads\/2024\/06\/timeline-en@2x-1024x560.png\" alt=\"\" class=\"wp-image-4877\" srcset=\"https:\/\/rededor2023.blendon.com.br\/wp-content\/uploads\/2024\/06\/timeline-en@2x-1024x560.png 1024w, https:\/\/rededor2023.blendon.com.br\/wp-content\/uploads\/2024\/06\/timeline-en@2x-300x164.png 300w, https:\/\/rededor2023.blendon.com.br\/wp-content\/uploads\/2024\/06\/timeline-en@2x-768x420.png 768w, https:\/\/rededor2023.blendon.com.br\/wp-content\/uploads\/2024\/06\/timeline-en@2x-1536x840.png 1536w, https:\/\/rededor2023.blendon.com.br\/wp-content\/uploads\/2024\/06\/timeline-en@2x-2048x1120.png 2048w, https:\/\/rededor2023.blendon.com.br\/wp-content\/uploads\/2024\/06\/timeline-en@2x.png 3530w\" sizes=\"(max-width: 1024px) 100vw, 1024px\" \/><button\n\t\t\tclass=\"lightbox-trigger\"\n\t\t\ttype=\"button\"\n\t\t\taria-haspopup=\"dialog\"\n\t\t\taria-label=\"Enlarge image\"\n\t\t\tdata-wp-init=\"callbacks.initTriggerButton\"\n\t\t\tdata-wp-on-async--click=\"actions.showLightbox\"\n\t\t\tdata-wp-style--right=\"context.imageButtonRight\"\n\t\t\tdata-wp-style--top=\"context.imageButtonTop\"\n\t\t>\n\t\t\t<svg xmlns=\"http:\/\/www.w3.org\/2000\/svg\" width=\"12\" height=\"12\" fill=\"none\" viewBox=\"0 0 12 12\">\n\t\t\t\t<path fill=\"#fff\" d=\"M2 0a2 2 0 0 0-2 2v2h1.5V2a.5.5 0 0 1 .5-.5h2V0H2Zm2 10.5H2a.5.5 0 0 1-.5-.5V8H0v2a2 2 0 0 0 2 2h2v-1.5ZM8 12v-1.5h2a.5.5 0 0 0 .5-.5V8H12v2a2 2 0 0 1-2 2H8Zm2-12a2 2 0 0 1 2 2v2h-1.5V2a.5.5 0 0 0-.5-.5H8V0h2Z\" \/>\n\t\t\t<\/svg>\n\t\t<\/button><\/figure>\n\n\n\n<div style=\"height:50px\" aria-hidden=\"true\" class=\"wp-block-spacer\"><\/div>\n\n\n\n<p class=\"has-kb-palette-3-color has-text-color has-link-color wp-elements-6f59ba1eec60f71753c54b571c7ee348\"><strong>Brazil\u2019s largest healthcare ecosystem<sup>a, b<\/sup> | GRI 2-6<\/strong><\/p>\n\n\n<div class=\"kb-row-layout-wrap kb-row-layout-id4201_e51b7a-97 alignnone wp-block-kadence-rowlayout\"><div class=\"kt-row-column-wrap kt-has-6-columns kt-row-layout-three-grid kt-tab-layout-inherit kt-mobile-layout-row kt-row-valign-top\">\n\n<div class=\"wp-block-kadence-column kadence-column4201_0314f4-f7\"><div class=\"kt-inside-inner-col\"><div class=\"kb-row-layout-wrap kb-row-layout-id4201_7709e7-77 alignnone wp-block-kadence-rowlayout\"><div class=\"kt-row-column-wrap kt-has-1-columns kt-row-layout-equal kt-tab-layout-inherit kt-mobile-layout-row kt-row-valign-top\">\n\n<div class=\"wp-block-kadence-column kadence-column4201_229e9e-bd kb-section-dir-vertical\"><div class=\"kt-inside-inner-col\">\n<p class=\"has-text-align-center has-text-color has-link-color wp-elements-2e0a3759a180f7fdad2e19b3771c17bf\" style=\"color:#ffffff\"><strong>Hospitals<\/strong><\/p>\n<\/div><\/div>\n\n\n\n<div class=\"wp-block-kadence-column kadence-column4201_cfe309-d7 kb-section-dir-vertical\"><div class=\"kt-inside-inner-col\">\n<p class=\"has-text-align-center\">Brazil\u2019s<strong> largest<\/strong> independent private hospital network. <\/p>\n\n\n\n<p class=\"has-text-align-center\">Benchmark in <strong>quality<\/strong> standards. Opened in 1998<\/p>\n<\/div><\/div>\n\n<\/div><\/div><\/div><\/div>\n\n\n\n<div class=\"wp-block-kadence-column kadence-column4201_ebe5e0-78\"><div class=\"kt-inside-inner-col\"><div class=\"kb-row-layout-wrap kb-row-layout-id4201_bc7d00-01 alignnone wp-block-kadence-rowlayout\"><div class=\"kt-row-column-wrap kt-has-1-columns kt-row-layout-equal kt-tab-layout-inherit kt-mobile-layout-row kt-row-valign-top\">\n\n<div class=\"wp-block-kadence-column kadence-column4201_16d219-eb kb-section-dir-vertical\"><div class=\"kt-inside-inner-col\">\n<p class=\"has-text-align-center has-text-color has-link-color wp-elements-b5b1f75f0f8da1d4dcc5a97cffc573b2\" style=\"color:#ffffff\"><strong>Insurance<\/strong><\/p>\n<\/div><\/div>\n\n\n\n<div class=\"wp-block-kadence-column kadence-column4201_697bdc-60 kb-section-dir-vertical\"><div class=\"kt-inside-inner-col\">\n<p class=\"has-text-align-center\">Brazil\u2019s largest independent <strong>Insurance<\/strong> Company.<\/p>\n\n\n\n<p class=\"has-text-align-center\">Diversified <strong>distribution<\/strong> model and nationwide presence.<\/p>\n\n\n\n<p class=\"has-text-align-center\"><strong>128<\/strong>-Year history.<\/p>\n<\/div><\/div>\n\n<\/div><\/div><\/div><\/div>\n\n\n\n<div class=\"wp-block-kadence-column kadence-column4201_a5246e-ab\"><div class=\"kt-inside-inner-col\"><div class=\"kb-row-layout-wrap kb-row-layout-id4201_8200ec-7e alignnone wp-block-kadence-rowlayout\"><div class=\"kt-row-column-wrap kt-has-1-columns kt-row-layout-equal kt-tab-layout-inherit kt-mobile-layout-row kt-row-valign-top\">\n\n<div class=\"wp-block-kadence-column kadence-column4201_a7c7f9-56 kb-section-dir-vertical\"><div class=\"kt-inside-inner-col\">\n<p class=\"has-text-align-center has-text-color has-link-color wp-elements-409713d2afd0be5197d17445bdcd3237\" style=\"color:#ffffff\"><strong>Oncology<\/strong><\/p>\n<\/div><\/div>\n\n\n\n<div class=\"wp-block-kadence-column kadence-column4201_3c4918-d2 kb-section-dir-vertical\"><div class=\"kt-inside-inner-col\">\n<p class=\"has-text-align-center\">Services<strong> fully integrated<\/strong> to the hospital network. <\/p>\n\n\n\n<p class=\"has-text-align-center\"><strong>Leadership<\/strong> position.\u00b2 <\/p>\n\n\n\n<p class=\"has-text-align-center\">Opened in 2011.<\/p>\n<\/div><\/div>\n\n<\/div><\/div><\/div><\/div>\n\n\n\n<div class=\"wp-block-kadence-column kadence-column4201_3593c4-6d\"><div class=\"kt-inside-inner-col\"><div class=\"kb-row-layout-wrap kb-row-layout-id4201_8f0c48-22 alignnone wp-block-kadence-rowlayout\"><div class=\"kt-row-column-wrap kt-has-1-columns kt-row-layout-equal kt-tab-layout-inherit kt-mobile-layout-row kt-row-valign-top\">\n\n<div class=\"wp-block-kadence-column kadence-column4201_eafad9-97 kb-section-dir-vertical\"><div class=\"kt-inside-inner-col\">\n<p class=\"has-text-align-center has-text-color has-link-color wp-elements-8eb64e4e3a2abad0f4f76a5a9e75c01d\" style=\"color:#ffffff\"><strong>Diagnosis<\/strong><\/p>\n<\/div><\/div>\n\n\n\n<div class=\"wp-block-kadence-column kadence-column4201_661773-c2 kb-section-dir-vertical\"><div class=\"kt-inside-inner-col\">\n<p class=\"has-text-align-center\">Brazil\u2019s <strong>3<sup>rd<\/sup> largest<\/strong> diagnostic operator\u00b3. Opened in 1977 and operations resumed in 2018.<\/p>\n<\/div><\/div>\n\n<\/div><\/div><\/div><\/div>\n\n\n\n<div class=\"wp-block-kadence-column kadence-column4201_d0e04d-cb\"><div class=\"kt-inside-inner-col\"><div class=\"kb-row-layout-wrap kb-row-layout-id4201_80ed09-31 alignnone wp-block-kadence-rowlayout\"><div class=\"kt-row-column-wrap kt-has-1-columns kt-row-layout-equal kt-tab-layout-inherit kt-mobile-layout-row kt-row-valign-top\">\n\n<div class=\"wp-block-kadence-column kadence-column4201_b1d76e-cf kb-section-dir-vertical\"><div class=\"kt-inside-inner-col\">\n<p class=\"has-text-align-center has-text-color has-link-color wp-elements-e7353bb31ae064a81447f969fd6728b1\" style=\"color:#ffffff\"><strong>Education and Research (IDOR)<\/strong><\/p>\n<\/div><\/div>\n\n\n\n<div class=\"wp-block-kadence-column kadence-column4201_df6b59-f2 kb-section-dir-vertical\"><div class=\"kt-inside-inner-col\">\n<p class=\"has-text-align-center\">Scientific collaboration with 60+ countries. <\/p>\n\n\n\n<p class=\"has-text-align-center\">40+ medical residency programs <\/p>\n\n\n\n<p class=\"has-text-align-center\"><strong>Private medical education plan<\/strong> under development<\/p>\n<\/div><\/div>\n\n<\/div><\/div><\/div><\/div>\n\n\n\n<div class=\"wp-block-kadence-column kadence-column4201_dd4870-6e\"><div class=\"kt-inside-inner-col\"><div class=\"kb-row-layout-wrap kb-row-layout-id4201_d674fc-e3 alignnone wp-block-kadence-rowlayout\"><div class=\"kt-row-column-wrap kt-has-1-columns kt-row-layout-equal kt-tab-layout-inherit kt-mobile-layout-row kt-row-valign-top\">\n\n<div class=\"wp-block-kadence-column kadence-column4201_ebe401-cb kb-section-dir-vertical\"><div class=\"kt-inside-inner-col\">\n<p class=\"has-text-align-center has-text-color has-link-color wp-elements-5bc5ff2d6a96edb53e93c594c62eef52\" style=\"color:#ffffff\"><strong>Supplementary services<\/strong><\/p>\n<\/div><\/div>\n\n\n\n<div class=\"wp-block-kadence-column kadence-column4201_ffc194-9b kb-section-dir-vertical\"><div class=\"kt-inside-inner-col\">\n<p class=\"has-text-align-center\">D\u2019Or Consultoria, and stake in Qualicorp S.A. (25.85%). <\/p>\n\n\n\n<p class=\"has-text-align-center\">Brazil\u2019s largest blood bank, acquired in 2017 (42.4% stake).<\/p>\n\n\n\n<ul class=\"wp-block-list\">\n<li>Dialysis<\/li>\n\n\n\n<li>Distribution Materials and medicines<\/li>\n\n\n\n<li>Nephrology <\/li>\n\n\n\n<li>Complex transplants<\/li>\n<\/ul>\n<\/div><\/div>\n\n<\/div><\/div><\/div><\/div>\n\n<\/div><\/div>\n\n\n<p>Our structure is made up of 70 own hospitals in operation and another three under management; 55 oncology clinics; 11 laboratories; and 106.400 accredited physicians. With 9,598 operational beds, Rede D\u2019Or records 5.3 million emergency room visits, 4.9 million outpatient visits, 498,000 surgeries and 44,000 births a year, totaling 2.8 million patient\/days. We have one of Brazil\u2019s largest diagnosis networks, a broad blood bank operation, one of the largest health consulting services in Brazil and the largest and most advanced robot-assisted surgery park in Latin America.<\/p>\n\n\n\n<p class=\"has-small-font-size\">a. Footnote: Some figures and indicators relating to D\u2019Or Consultoria; Oncologia D\u2019Or; SulAm\u00e9rica; Laborat\u00f3rios Richet; and Instituto D\u2019Or de Pesquisa e Ensino (IDOR) business were presented in the \u201c<a href=\"#our-presence-in-brazil\" data-type=\"internal\" data-id=\"#our-presence-in-brazil\">Our presence in Brazil<\/a>\u201d chapter.<\/p>\n\n\n\n<p class=\"has-small-font-size\">b. For more details, go to the <strong>Institutional Presentation<\/strong>.<br>(1) Number of beds in May\/22;<br>(2) In terms of 2022FY EBITDA, including infusions and cancer surgeries;<br>(3) Considering 2020FY adjusted EBITDA for all publicly-held companies.<\/p>\n\n\n\n<div style=\"height:50px\" aria-hidden=\"true\" class=\"wp-block-spacer\"><\/div>\n\n\n\n<h2 class=\"wp-block-heading\">Business, segment and location<\/h2>\n\n\n\n<div style=\"height:50px\" aria-hidden=\"true\" class=\"wp-block-spacer\"><\/div>\n\n\n\n<h3 class=\"wp-block-heading\">Our presence in Brazil<\/h3>\n\n\n\n<p><strong>GRI 2-2, 2-6<\/strong><\/p>\n\n\n<div class=\"kb-row-layout-wrap kb-row-layout-id4201_4d1a85-ff alignnone wp-block-kadence-rowlayout\"><div class=\"kt-row-column-wrap kt-has-2-columns kt-row-layout-row kt-tab-layout-inherit kt-mobile-layout-row kt-row-valign-top\">\n\n<div class=\"wp-block-kadence-column kadence-column4201_01bc5f-ce\"><div class=\"kt-inside-inner-col\">\n<p><a href=\"https:\/\/ri.rededorsaoluiz.com.br\/sobre-a-rede-dor\/visao-geral\/\" target=\"_blank\" rel=\"noreferrer noopener\">Rede D\u2019Or <\/a>operates in 13 Brazilian states: Alagoas; Bahia; Cear\u00e1; Maranh\u00e3o; Mato Grosso do Sul; Minas Gerais; Par\u00e1; Para\u00edba; Paran\u00e1; Pernambuco; Rio de Janeiro; S\u00e3o Paulo; and Sergipe, in addition to the Federal District.<\/p>\n\n\n\n<p>In addition to healthcare units (hospitals, laboratories, and oncology clinics), we operate <a href=\"https:\/\/dorconsultoria.com.br\/\" target=\"_blank\" rel=\"noreferrer noopener\">D\u2019Or Consultoria<\/a>, <a href=\"https:\/\/en.idor.org\/\" target=\"_blank\" rel=\"noreferrer noopener\">Instituto D\u2019Or de Pesquisa e Ensino (D\u2019Or Institute for Research and Education)<\/a> and <a href=\"https:\/\/portal.sulamericaseguros.com.br\/home.htm\" target=\"_blank\" rel=\"noreferrer noopener\">SulAm\u00e9rica<\/a>, which have a nationwide presence. Compared to the 2022 Sustainability Report, we merged SulAm\u00e9rica\u2019s operations, whose indicators were included in the <a href=\"https:\/\/www.rededorsaoluiz.com.br\/site\/sustentabilidade\" target=\"_blank\" rel=\"noreferrer noopener\">ESG Indicators attachment.<\/a><\/p>\n<\/div><\/div>\n\n\n\n<div class=\"wp-block-kadence-column kadence-column4201_7560e4-cf\"><div class=\"kt-inside-inner-col\"><div class=\"kb-row-layout-wrap kb-row-layout-id4201_54474b-bb alignnone wp-block-kadence-rowlayout\"><div class=\"kt-row-column-wrap kt-has-4-columns kt-row-layout-equal kt-tab-layout-inherit kt-mobile-layout-row kt-row-valign-top\">\n\n<div class=\"wp-block-kadence-column kadence-column4201_5bb606-04\"><div class=\"kt-inside-inner-col\">\n<div class=\"wp-block-kadence-countup kb-count-up-4201_8cdafb-c0 kb-count-up\" data-start=\"0\" data-end=\"73\" data-prefix=\"\" data-suffix=\"\" data-duration=\"2.5\" data-separator=\"\"><div class=\"kb-count-up-process kb-count-up-number\"><\/div><\/div>\n\n\n\n<p><strong>HOSPITALS<\/strong><br>70 owned<br>3 managed<\/p>\n<\/div><\/div>\n\n\n\n<div class=\"wp-block-kadence-column kadence-column4201_480e22-a4\"><div class=\"kt-inside-inner-col\">\n<div class=\"wp-block-kadence-countup kb-count-up-4201_dc2b46-07 kb-count-up\" data-start=\"0\" data-end=\"11\" data-prefix=\"\" data-suffix=\"\" data-duration=\"2.5\" data-separator=\"\"><div class=\"kb-count-up-process kb-count-up-number\"><\/div><\/div>\n\n\n\n<p><strong>LABORATORIES<\/strong><\/p>\n<\/div><\/div>\n\n\n\n<div class=\"wp-block-kadence-column kadence-column4201_641476-b9\"><div class=\"kt-inside-inner-col\">\n<div class=\"wp-block-kadence-countup kb-count-up-4201_370113-9c kb-count-up\" data-start=\"0\" data-end=\"13\" data-prefix=\"\" data-suffix=\"\" data-duration=\"2.5\" data-separator=\"\"><div class=\"kb-count-up-process kb-count-up-number\"><\/div><\/div>\n\n\n\n<p><strong>STATES<\/strong><br>and the Federal District<\/p>\n<\/div><\/div>\n\n\n\n<div class=\"wp-block-kadence-column kadence-column4201_c55837-01\"><div class=\"kt-inside-inner-col\">\n<div class=\"wp-block-kadence-countup kb-count-up-4201_8dc969-59 kb-count-up\" data-start=\"0\" data-end=\"55\" data-prefix=\"\" data-suffix=\"\" data-duration=\"2.5\" data-separator=\"\"><div class=\"kb-count-up-process kb-count-up-number\"><\/div><\/div>\n\n\n\n<p><strong>ONCOLOGY CLINICS<\/strong><\/p>\n<\/div><\/div>\n\n<\/div><\/div><\/div><\/div>\n\n<\/div><\/div>\n\n\n<p class=\"has-small-font-size\" style=\"margin-top:0px\">The entities included in our sustainability report are those listed on pages 74 and 75 of the Financial Statements (4Q23). For situations where the information does not cover all the units, we use explanatory notes.<\/p>\n\n\n<div class=\"kb-row-layout-wrap kb-row-layout-id4201_ce6aab-4c alignnone wp-block-kadence-rowlayout\" id=\"our-presence-in-brazil\"><div class=\"kt-row-column-wrap kt-has-2-columns kt-row-layout-left-golden kt-tab-layout-inherit kt-mobile-layout-row kt-row-valign-top\">\n\n<div class=\"wp-block-kadence-column kadence-column4201_8b6caf-8b kb-section-is-sticky\"><div class=\"kt-inside-inner-col\">\n<figure class=\"wp-block-kadence-image kb-image4201_e51a80-64 size-large image-is-svg\"><img decoding=\"async\" src=\"https:\/\/rededor2023.blendon.com.br\/wp-content\/uploads\/2024\/04\/mapa-presenca-no-brasil.svg\" alt=\"\" class=\"kb-img wp-image-1104\"\/><\/figure>\n<\/div><\/div>\n\n\n\n<div class=\"wp-block-kadence-column kadence-column4201_11da4f-05\"><div class=\"kt-inside-inner-col\">\n<div class=\"wp-block-kadence-accordion alignnone\"><div class=\"kt-accordion-wrap kt-accordion-id4201_492c48-74 kt-accordion-has-14-panes kt-active-pane-0 kt-accordion-block kt-pane-header-alignment-left kt-accodion-icon-style-arrow kt-accodion-icon-side-right\" style=\"max-width:none\"><div class=\"kt-accordion-inner-wrap\" data-allow-multiple-open=\"false\" data-start-open=\"none\">\n<div class=\"wp-block-kadence-pane kt-accordion-pane kt-accordion-pane-1 kt-pane4201_7d677e-b3\"><div class=\"kt-accordion-header-wrap\"><button class=\"kt-blocks-accordion-header kt-acccordion-button-label-show\"><span class=\"kt-blocks-accordion-title-wrap\"><span class=\"kt-blocks-accordion-title\">ALAGOAS | 1 hospital<\/span><\/span><span class=\"kt-blocks-accordion-icon-trigger\"><\/span><\/button><\/div><div class=\"kt-accordion-panel kt-accordion-panel-hidden\"><div class=\"kt-accordion-panel-inner\">\n<p>Hospital Memorial Arthur Ramos<\/p>\n<\/div><\/div><\/div>\n\n\n\n<div class=\"wp-block-kadence-pane kt-accordion-pane kt-accordion-pane-2 kt-pane4201_30de36-6e\"><div class=\"kt-accordion-header-wrap\"><button class=\"kt-blocks-accordion-header kt-acccordion-button-label-show\"><span class=\"kt-blocks-accordion-title-wrap\"><span class=\"kt-blocks-accordion-title\">BAHIA | 5 hospitals<\/span><\/span><span class=\"kt-blocks-accordion-icon-trigger\"><\/span><\/button><\/div><div class=\"kt-accordion-panel kt-accordion-panel-hidden\"><div class=\"kt-accordion-panel-inner\">\n<p>Hospital Alian\u00e7a<br>Hospital Cardio Pulmonar<br>Hospital S\u00e3o Rafael<br>Hospital Santa Em\u00edlia<br>Hospital Aeroporto<\/p>\n<\/div><\/div><\/div>\n\n\n\n<div class=\"wp-block-kadence-pane kt-accordion-pane kt-accordion-pane-3 kt-pane4201_005f84-a3\"><div class=\"kt-accordion-header-wrap\"><button class=\"kt-blocks-accordion-header kt-acccordion-button-label-show\"><span class=\"kt-blocks-accordion-title-wrap\"><span class=\"kt-blocks-accordion-title\">CEAR\u00c1 | 1 hospital<\/span><\/span><span class=\"kt-blocks-accordion-icon-trigger\"><\/span><\/button><\/div><div class=\"kt-accordion-panel kt-accordion-panel-hidden\"><div class=\"kt-accordion-panel-inner\">\n<p>Hospital S\u00e3o Carlos<\/p>\n<\/div><\/div><\/div>\n\n\n\n<div class=\"wp-block-kadence-pane kt-accordion-pane kt-accordion-pane-4 kt-pane4201_7cd2f2-ed\"><div class=\"kt-accordion-header-wrap\"><button class=\"kt-blocks-accordion-header kt-acccordion-button-label-show\"><span class=\"kt-blocks-accordion-title-wrap\"><span class=\"kt-blocks-accordion-title\">DISTRITO FEDERAL | 4 hospitals<\/span><\/span><span class=\"kt-blocks-accordion-icon-trigger\"><\/span><\/button><\/div><div class=\"kt-accordion-panel kt-accordion-panel-hidden\"><div class=\"kt-accordion-panel-inner\">\n<p>Hospital Cora\u00e7\u00e3o do Brasil<br>Hospital Santa Helena<br>Hospital Santa Luzia<br>Hospital DF Star<\/p>\n<\/div><\/div><\/div>\n\n\n\n<div class=\"wp-block-kadence-pane kt-accordion-pane kt-accordion-pane-5 kt-pane4201_a45cde-35\"><div class=\"kt-accordion-header-wrap\"><button class=\"kt-blocks-accordion-header kt-acccordion-button-label-show\"><span class=\"kt-blocks-accordion-title-wrap\"><span class=\"kt-blocks-accordion-title\">MARANH\u00c3O | 1 hospital<\/span><\/span><span class=\"kt-blocks-accordion-icon-trigger\"><\/span><\/button><\/div><div class=\"kt-accordion-panel kt-accordion-panel-hidden\"><div class=\"kt-accordion-panel-inner\">\n<p>UDI Hospital<\/p>\n<\/div><\/div><\/div>\n\n\n\n<div class=\"wp-block-kadence-pane kt-accordion-pane kt-accordion-pane-6 kt-pane4201_d4d0d8-42\"><div class=\"kt-accordion-header-wrap\"><button class=\"kt-blocks-accordion-header kt-acccordion-button-label-show\"><span class=\"kt-blocks-accordion-title-wrap\"><span class=\"kt-blocks-accordion-title\">MATO GROSSO DO SUL | 2 hospitals<\/span><\/span><span class=\"kt-blocks-accordion-icon-trigger\"><\/span><\/button><\/div><div class=\"kt-accordion-panel kt-accordion-panel-hidden\"><div class=\"kt-accordion-panel-inner\">\n<p>Hospital Proncor<br>Hospital Santa Marina<\/p>\n<\/div><\/div><\/div>\n\n\n\n<div class=\"wp-block-kadence-pane kt-accordion-pane kt-accordion-pane-7 kt-pane4201_41b791-f9\"><div class=\"kt-accordion-header-wrap\"><button class=\"kt-blocks-accordion-header kt-acccordion-button-label-show\"><span class=\"kt-blocks-accordion-title-wrap\"><span class=\"kt-blocks-accordion-title\">MINAS GERAIS | 1 hospital<\/span><\/span><span class=\"kt-blocks-accordion-icon-trigger\"><\/span><\/button><\/div><div class=\"kt-accordion-panel kt-accordion-panel-hidden\"><div class=\"kt-accordion-panel-inner\">\n<p>Hospital Biocor<\/p>\n<\/div><\/div><\/div>\n\n\n\n<div class=\"wp-block-kadence-pane kt-accordion-pane kt-accordion-pane-8 kt-pane4201_1fedbb-c6\"><div class=\"kt-accordion-header-wrap\"><button class=\"kt-blocks-accordion-header kt-acccordion-button-label-show\"><span class=\"kt-blocks-accordion-title-wrap\"><span class=\"kt-blocks-accordion-title\">PAR\u00c1 | 2 hospitals<\/span><\/span><span class=\"kt-blocks-accordion-icon-trigger\"><\/span><\/button><\/div><div class=\"kt-accordion-panel kt-accordion-panel-hidden\"><div class=\"kt-accordion-panel-inner\">\n<p>Hospital Yutaka Takeda\u00b9<br>Hospital Cinco de Outubro\u00b9<\/p>\n\n\n\n<p class=\"has-small-font-size\">\u00b9 Managed hospital<\/p>\n<\/div><\/div><\/div>\n\n\n\n<div class=\"wp-block-kadence-pane kt-accordion-pane kt-accordion-pane-9 kt-pane4201_f07472-66\"><div class=\"kt-accordion-header-wrap\"><button class=\"kt-blocks-accordion-header kt-acccordion-button-label-show\"><span class=\"kt-blocks-accordion-title-wrap\"><span class=\"kt-blocks-accordion-title\">PARAN\u00c1 | 1 hospitals<\/span><\/span><span class=\"kt-blocks-accordion-icon-trigger\"><\/span><\/button><\/div><div class=\"kt-accordion-panel kt-accordion-panel-hidden\"><div class=\"kt-accordion-panel-inner\">\n<p>Hospital Santa Cruz<\/p>\n<\/div><\/div><\/div>\n\n\n\n<div class=\"wp-block-kadence-pane kt-accordion-pane kt-accordion-pane-10 kt-pane4201_624210-fe\"><div class=\"kt-accordion-header-wrap\"><button class=\"kt-blocks-accordion-header kt-acccordion-button-label-show\"><span class=\"kt-blocks-accordion-title-wrap\"><span class=\"kt-blocks-accordion-title\">PARA\u00cdBA | 2 hospitals<\/span><\/span><span class=\"kt-blocks-accordion-icon-trigger\"><\/span><\/button><\/div><div class=\"kt-accordion-panel kt-accordion-panel-hidden\"><div class=\"kt-accordion-panel-inner\">\n<p>Hospital Nossa Senhora das Neves<br>Hospital Nossa Senhora das Neves<br>(Epitacio)<\/p>\n<\/div><\/div><\/div>\n\n\n\n<div class=\"wp-block-kadence-pane kt-accordion-pane kt-accordion-pane-11 kt-pane4201_fddc07-e4\"><div class=\"kt-accordion-header-wrap\"><button class=\"kt-blocks-accordion-header kt-acccordion-button-label-show\"><span class=\"kt-blocks-accordion-title-wrap\"><span class=\"kt-blocks-accordion-title\">PERNAMBUCO | 4 hospitals<\/span><\/span><span class=\"kt-blocks-accordion-icon-trigger\"><\/span><\/button><\/div><div class=\"kt-accordion-panel kt-accordion-panel-hidden\"><div class=\"kt-accordion-panel-inner\">\n<p>Hospital Esperan\u00e7a Olinda<br>Hospital Esperan\u00e7a Recife<br>Hospital Memorial S\u00e3o Jos\u00e9<br>Hospital S\u00e3o Marcos<\/p>\n<\/div><\/div><\/div>\n\n\n\n<div class=\"wp-block-kadence-pane kt-accordion-pane kt-accordion-pane-12 kt-pane4201_78c017-65\"><div class=\"kt-accordion-header-wrap\"><button class=\"kt-blocks-accordion-header kt-acccordion-button-label-show\"><span class=\"kt-blocks-accordion-title-wrap\"><span class=\"kt-blocks-accordion-title\">RIO DE JANEIRO | 22 hospitals<\/span><\/span><span class=\"kt-blocks-accordion-icon-trigger\"><\/span><\/button><\/div><div class=\"kt-accordion-panel kt-accordion-panel-hidden\"><div class=\"kt-accordion-panel-inner\">\n<p>Cl\u00ednica S\u00e3o Vicente<br>Hospital Badim<br>Hospital Balbino<br>Hospital Bangu<br>Hospital Barra D\u2019Or<br>Hospital Caxias D\u2019Or<br>Hospital Copa D\u2019Or<br>Hospital CopaStar<br>Hospital Gl\u00f3ria D\u2019Or<br>Hospital Niter\u00f3i D\u2019Or<br>Hospital Norte D\u2019Or<br>Hospital Oeste D\u2019Or<br>Hospital Quinta D\u2019Or<br>Hospital Real D\u2019Or<br>Hospital Rio Barra<br>Hospital Rios D\u2019Or<br>Hospital Samer<br>Hospital Jutta Batista<br>Hospital Perinatal Laranjeiras<br>Hospital Perinatal Barra<br>S\u00e3o Lucas Hospital de Cl\u00ednicas<br>Hospital Estadual da Crian\u00e7a\u00b9<\/p>\n\n\n\n<p class=\"has-small-font-size\" style=\"margin-top:0px\">\u00b9Managed hospital<\/p>\n<\/div><\/div><\/div>\n\n\n\n<div class=\"wp-block-kadence-pane kt-accordion-pane kt-accordion-pane-13 kt-pane4201_eb834c-3b\"><div class=\"kt-accordion-header-wrap\"><button class=\"kt-blocks-accordion-header kt-acccordion-button-label-show\"><span class=\"kt-blocks-accordion-title-wrap\"><span class=\"kt-blocks-accordion-title\">S\u00c3O PAULO | 26 hospitals<\/span><\/span><span class=\"kt-blocks-accordion-icon-trigger\"><\/span><\/button><\/div><div class=\"kt-accordion-panel kt-accordion-panel-hidden\"><div class=\"kt-accordion-panel-inner\">\n<p>Hospital Alpha Med<br>Hospital Brasil Mau\u00e1<br>Hospital Central do Tatuap\u00e9<br>Hospital Assun\u00e7\u00e3o<br>Hospital Bartira<br>Hospital Central Leste<br>Hospital da Crian\u00e7a<br>Hospital de Cl\u00ednicas Ant\u00f4nio Afonso<br>Hospital e Maternidade Brasil<br>Hospital e Maternidade Ribeir\u00e3o Pires<br>Hospital e Maternidade S\u00e3o Luiz An\u00e1lia Franco<br>Hospital e Maternidade S\u00e3o Luiz Itaim<br>Hospital e Maternidade S\u00e3o Luiz S\u00e3o Caetano<br>Hospital S\u00e3o Luiz Osasco<br>Hospital Novo Atibaia<br>Hospital Orthoservice<br>Hospital Santa Isabel<br>Hospital Central Sul<br>Hospital S\u00e3o Luiz Jabaquara<br>Hospital S\u00e3o Luiz Morumbi<br>Hospital Villa Lobos<br>Hospital Vivalle<br>Hospital IFOR<br>Hospital Vila Nova Star<br>Maternidade S\u00e3o Luiz Star<br>Hospital e Maternidade S\u00e3o Luiz Campinas<\/p>\n<\/div><\/div><\/div>\n\n\n\n<div class=\"wp-block-kadence-pane kt-accordion-pane kt-accordion-pane-14 kt-pane4201_acba1f-89\"><div class=\"kt-accordion-header-wrap\"><button class=\"kt-blocks-accordion-header kt-acccordion-button-label-show\"><span class=\"kt-blocks-accordion-title-wrap\"><span class=\"kt-blocks-accordion-title\">SERGIPE | 1 hospital<\/span><\/span><span class=\"kt-blocks-accordion-icon-trigger\"><\/span><\/button><\/div><div class=\"kt-accordion-panel kt-accordion-panel-hidden\"><div class=\"kt-accordion-panel-inner\">\n<p>Hospital S\u00e3o Lucas<\/p>\n<\/div><\/div><\/div>\n<\/div><\/div><\/div>\n<\/div><\/div>\n\n<\/div><\/div>\n\n\n<div style=\"height:50px\" aria-hidden=\"true\" class=\"wp-block-spacer\"><\/div>\n\n\n<div class=\"kb-row-layout-wrap kb-row-layout-id4201_5900ff-97 alignnone kt-row-has-bg wp-block-kadence-rowlayout\"><div class=\"kt-row-column-wrap kt-has-2-columns kt-row-layout-right-golden kt-tab-layout-inherit kt-mobile-layout-row kt-row-valign-top\">\n\n<div class=\"wp-block-kadence-column kadence-column4201_658e4b-a9\"><div class=\"kt-inside-inner-col\">\n<h3 class=\"wp-block-heading has-kb-palette-1-color has-text-color has-link-color wp-elements-e7881baaed97a34ed1f3d2ec5609e124\"><em>D'Or Consultoria<\/em><\/h3>\n\n\n\n<p>Operating in seven Brazilian states, D\u2019Or Consultoria provides operational, risk and health management; market consultancy, diagnosis and evaluation; marketing services and specialized communication.<\/p>\n\n\n<div class=\"kb-row-layout-wrap kb-row-layout-id4201_0e81af-7c alignnone wp-block-kadence-rowlayout\"><div class=\"kt-row-column-wrap kt-has-1-columns kt-row-layout-equal kt-tab-layout-inherit kt-mobile-layout-row kt-row-valign-top\">\n\n<div class=\"wp-block-kadence-column kadence-column4201_1f09fe-84\"><div class=\"kt-inside-inner-col\">\n<p class=\"has-kb-palette-3-color has-text-color has-link-color wp-elements-59807698c40a02ed4353dc204ac83cce\" style=\"margin-top:0;margin-right:0;margin-bottom:0;margin-left:0\"><strong>BRL<\/strong><\/p>\n\n\n\n<p class=\"has-kb-palette-3-color has-text-color has-link-color wp-elements-9e590fe02766d6f45a48bf138f46c6a5\" style=\"margin-top:0px;margin-bottom:0px;font-size:72px\">5<\/p>\n\n\n\n<p class=\"has-kb-palette-3-color has-text-color has-link-color wp-elements-06f4d4fedaba725b6578f97d671a9fa0\" style=\"margin-top:0px;margin-bottom:0px\"><strong>BILLION<\/strong><\/p>\n\n\n\n<p class=\"has-text-color has-link-color wp-elements-2920bb64ee0168dcc279cac05da55f1c\" style=\"color:#ffffff;margin-top:0px;margin-bottom:0px\">Premium amount<\/p>\n\n\n\n<div class=\"wp-block-kadence-spacer aligncenter kt-block-spacer-4201_6881eb-13\"><div class=\"kt-block-spacer kt-block-spacer-halign-center\"><hr class=\"kt-divider\"\/><\/div><\/div>\n\n\n\n<div class=\"wp-block-kadence-column kadence-column4201_99c715-f9\"><div class=\"kt-inside-inner-col\">\n<p style=\"margin-top:0px;margin-bottom:0px;font-size:72px\">3,400<\/p>\n\n\n\n<p style=\"margin-top:0;margin-right:0;margin-bottom:0;margin-left:0\"><strong>CUSTOMERS<\/strong><\/p>\n<\/div><\/div>\n\n\n\n<div class=\"wp-block-kadence-spacer aligncenter kt-block-spacer-4201_47ef81-6d\"><div class=\"kt-block-spacer kt-block-spacer-halign-center\"><hr class=\"kt-divider\"\/><\/div><\/div>\n\n\n\n<p style=\"margin-top:0px;margin-bottom:0px;font-size:72px\">2.5<\/p>\n\n\n\n<p style=\"margin-top:0px;margin-bottom:0px\"><strong>MILION<\/strong><\/p>\n\n\n\n<p class=\"has-text-color has-link-color wp-elements-6e113871155a4387a84c785f9f062d3a\" style=\"color:#ffffff;margin-top:0px;margin-bottom:0px\">Lives under management<\/p>\n\n\n\n<div class=\"wp-block-kadence-spacer aligncenter kt-block-spacer-4201_522829-0b\"><div class=\"kt-block-spacer kt-block-spacer-halign-center\"><hr class=\"kt-divider\"\/><\/div><\/div>\n\n\n\n<p style=\"margin-top:0px;margin-bottom:0px;font-size:72px\">900<\/p>\n\n\n\n<p style=\"margin-top:0px;margin-bottom:0px\"><strong>EMPLOYEES<\/strong><\/p>\n<\/div><\/div>\n\n<\/div><\/div><\/div><\/div>\n\n\n\n<div class=\"wp-block-kadence-column kadence-column4201_162d6c-84\"><div class=\"kt-inside-inner-col\"><\/div><\/div>\n\n<\/div><\/div>\n\n\n<div style=\"height:50px\" aria-hidden=\"true\" class=\"wp-block-spacer\"><\/div>\n\n\n<div class=\"kb-row-layout-wrap kb-row-layout-id4201_a92f4c-66 alignnone has-kb-palette-1-background-color kt-row-has-bg wp-block-kadence-rowlayout\"><div class=\"kt-row-column-wrap kt-has-2-columns kt-row-layout-equal kt-tab-layout-inherit kt-mobile-layout-row kt-row-valign-top\">\n\n<div class=\"wp-block-kadence-column kadence-column4201_e6803e-fd\"><div class=\"kt-inside-inner-col\">\n<h3 class=\"wp-block-heading has-kb-palette-3-color has-text-color has-link-color wp-elements-ab4781d271c39638b977b15a45cca2df\"><em>Oncologia D\u2019Or<\/em><\/h3>\n\n\n\n<p>Oncologia D\u2019Or, our specialized oncology care structure, operates more than 55 units in 10 Brazilian states (Rio de Janeiro, S\u00e3o Paulo, Maranh\u00e3o, Bahia, Pernambuco, Para\u00edba, Cear\u00e1, Sergipe, Alagoas and Paran\u00e1) and the Federal District. Offering world-class services, these units have more than 480 physicians and around 1,374 employees from different academic backgrounds, who are dedicated to the diagnosis and treatment of various types of solid tumors and the group of diseases characterized by the multiplication of blood cells (hematologic neoplasms).<\/p>\n\n\n\n<p>In 2023, Oncologia D\u2019Or inaugurated a new molecular pathology laboratory, in partnership with IDOR. The unit will enable faster and more accurate diagnosis, without the need to send samples abroad for analysis (<strong><a href=\"https:\/\/rededor2023.blendon.com.br\/en\/presentation\/who-we-are\/\" target=\"_blank\" rel=\"noreferrer noopener\">more information on this here<\/a><\/strong>). The oncology, pathology and other specialty teams work together all the time, discussing the appropriate therapeutic approach for the patient\u2019s individual needs.<\/p>\n\n\n\n<p>In 2023, an average of 52,900 care services were carried out each month, applying the different treatments to approximately 29,000 patients. We must emphasize the first hepatic radioembolization with Yttrium-90 in Brazil\u2019s Midwest region, carried out by Hospital DF Star. This radiotherapy directly treats diseased cells a therapeutic option for liver tumors, such as primary liver cancer (hepatocellular carcinoma), and liver metastases, such as colorectal tumors.<\/p>\n<\/div><\/div>\n\n\n\n<div class=\"wp-block-kadence-column kadence-column4201_bdaf95-3b kvs-sm-false\"><div class=\"kt-inside-inner-col\">\n<div class=\"wp-block-kadence-column kadence-column4201_f184c5-dc\"><div class=\"kt-inside-inner-col\">\n<div class=\"wp-block-kadence-column kadence-column4201_bc6691-77\"><div class=\"kt-inside-inner-col\">\n<p class=\"has-kb-palette-3-color has-text-color has-link-color wp-elements-c38f8a6eea2fa6417ba706c2dc3007a0\" style=\"margin-top:0px;margin-bottom:0px;font-size:72px\">55<\/p>\n\n\n\n<p class=\"has-kb-palette-3-color has-text-color has-link-color wp-elements-55bd93b77fb69ee9b9309e5b6cb3cdd4\" style=\"font-style:normal;font-weight:700;text-transform:uppercase\">ClInics<\/p>\n<\/div><\/div>\n<\/div><\/div>\n<\/div><\/div>\n\n<\/div><\/div>\n\n<div class=\"kb-row-layout-wrap kb-row-layout-id4201_9a5365-2a alignnone kt-row-has-bg wp-block-kadence-rowlayout\"><div class=\"kt-row-column-wrap kt-has-4-columns kt-row-layout-equal kt-tab-layout-inherit kt-mobile-layout-row kt-row-valign-top\">\n\n<div class=\"wp-block-kadence-column kadence-column4201_57481a-21\"><div class=\"kt-inside-inner-col\">\n<p style=\"margin-top:0px;margin-bottom:0px;font-size:48px\">52,900<\/p>\n\n\n\n<p class=\"has-text-color has-link-color wp-elements-4b6503efbf73a679aad9b3a0a7dad478\" style=\"color:#ffffff;font-style:normal;font-weight:700\">consultations per month on average<\/p>\n<\/div><\/div>\n\n\n\n<div class=\"wp-block-kadence-column kadence-column4201_c848fd-88\"><div class=\"kt-inside-inner-col\">\n<p style=\"margin-top:0px;margin-bottom:0px;font-size:48px\">29,780<\/p>\n\n\n\n<p class=\"has-text-color has-link-color wp-elements-5f3e8fb4822d919a9ae7b75af50058d6\" style=\"color:#ffffff;font-style:normal;font-weight:700\">patients per month on average<\/p>\n<\/div><\/div>\n\n\n\n<div class=\"wp-block-kadence-column kadence-column4201_cc2a0e-b6\"><div class=\"kt-inside-inner-col\">\n<p style=\"margin-top:0px;margin-bottom:0px;font-style:normal;font-weight:700;text-transform:uppercase\">COVERED BY<\/p>\n\n\n\n<p style=\"margin-top:0px;margin-bottom:0px;font-size:48px\">170<\/p>\n\n\n\n<p class=\"has-text-color has-link-color wp-elements-ac71e2139adda9cc286b35479027a3af\" style=\"color:#ffffff;font-style:normal;font-weight:700\">healthcare plans<\/p>\n<\/div><\/div>\n\n\n\n<div class=\"wp-block-kadence-column kadence-column4201_c3cd10-f4\"><div class=\"kt-inside-inner-col\">\n<p style=\"margin-top:0px;margin-bottom:0px;font-style:normal;font-weight:700;text-transform:uppercase\">UNITS OPENED IN 2023:<\/p>\n\n\n\n<p class=\"has-text-color has-link-color wp-elements-227d1c776a15f3dec7d46cb796321554\" style=\"color:#ffffff;font-style:normal;font-weight:700\">ONCOLOGIA D\u2019OR RIBEIR\u00c3O PRETO<\/p>\n<\/div><\/div>\n\n<\/div><\/div>\n\n\n<div style=\"height:80px\" aria-hidden=\"true\" class=\"wp-block-spacer\"><\/div>\n\n\n\n<p>The integrated work of clinical oncologists, hematologists, pathologists, radiologists and physicians from other specialties involved in cancer treatment in each of our hospitals is one of the advantages of Oncologia D'Or. This integrated working model enables faster diagnosis and more efficient treatment strategies. The model also benefits from daily multidisciplinary meetings (called Tumor Boards) to discuss cases online, bringing oncologists from all the regional units closer to Rede D'Or's physicians involved in cancer patient care across Brazil.<\/p>\n\n\n\n<p>We have extensively worked on different fronts in projects already in place at Oncologia D'Or. The Green Line project, for example, continued to deliver excellence in patient care, making it easier to schedule exams and surgeries, thus reinforcing the differential advantage of a single integrated flow between the oncology diagnosis, surgery and treatment units of Oncologia D'Or and Rede D'Or hospitals.<\/p>\n\n\n\n<p>Thus, the project continued to help cancer patients throughout all the necessary stages in the group's structures, speeding up diagnosis and consequently reducing the time it takes to start treatment, which in turn increases the chances of a better prognosis. The national Oncogenetics project has strengthened precision medicine within the Company, enabling patients to anticipate possible health problems.<\/p>\n\n\n\n<p>Oncologia D'Or's app optimizes the routine of patients undergoing cancer treatment, as it is an essential tool for them to keep track of information on their journey, such as a list of the medicines they are taking. details of exams, scheduled appointments, prescriptions and personalized medical advice. The app also allows patients receiving outpatient cancer care to record symptoms and vital signs, which can be done daily, so that their case can be monitored by the medical team.<\/p>\n\n\n\n<p>Moreover, a nursing professional (called a reception nurse) has the mission of acting as a coordinator in the patients' line of care. guiding them throughout their treatment to facilitate processes and boost results, providing greater comfort and agility for patients and their families.<\/p>\n\n\n\n<p>The new <a href=\"https:\/\/www.rededorsaoluiz.com.br\/onco\/oncologiador\/\" target=\"_blank\" rel=\"noreferrer noopener\">Oncologia D'Or<\/a> website is also an important milestone in 2023, offering better navigability, high-quality information and data about our structure, eg., clinic addresses, information on the clinical staff and accepted healthcare plans. This is another improvement to complement a good patient experience at our clinics.<\/p>\n\n\n\n<div style=\"height:80px\" aria-hidden=\"true\" class=\"wp-block-spacer\"><\/div>\n\n\n<div class=\"kb-row-layout-wrap kb-row-layout-id4201_fc61d9-c3 alignnone has-kb-palette-3-background-color kt-row-has-bg wp-block-kadence-rowlayout\"><div class=\"kt-row-column-wrap kt-has-1-columns kt-row-layout-equal kt-tab-layout-inherit kt-mobile-layout-row kt-row-valign-top\">\n\n<div class=\"wp-block-kadence-column kadence-column4201_0a683b-e2\"><div class=\"kt-inside-inner-col\">\n<h4 class=\"wp-block-heading has-text-color has-link-color wp-elements-19ce476e99b34350a7b05e625437a7d8\" style=\"color:#009fe3\">Sponsorship of medical-scientific events<\/h4>\n\n\n\n<p>In 2023, Oncologia D\u2019Or supported the most varied medical-scientific events organized by the main Brazilian medical societies in the specialties of colorectal surgery, hematology, gynecology, mastology and urology.<\/p>\n\n\n\n<div style=\"height:40px\" aria-hidden=\"true\" class=\"wp-block-spacer\"><\/div>\n\n\n\n<div class=\"wp-block-kadence-accordion alignnone\"><div class=\"kt-accordion-wrap kt-accordion-id4201_d61483-f5 kt-accordion-has-17-panes kt-active-pane-0 kt-accordion-block kt-pane-header-alignment-left kt-accodion-icon-style-basic kt-accodion-icon-side-right\" style=\"max-width:none\"><div class=\"kt-accordion-inner-wrap\" data-allow-multiple-open=\"true\" data-start-open=\"none\">\n<div class=\"wp-block-kadence-pane kt-accordion-pane kt-accordion-pane-1 kt-pane4201_3e7517-27\"><div class=\"kt-accordion-header-wrap\"><button class=\"kt-blocks-accordion-header kt-acccordion-button-label-show\"><span class=\"kt-blocks-accordion-title-wrap\"><span class=\"kt-blocks-accordion-title\">Events for patients<\/span><\/span><span class=\"kt-blocks-accordion-icon-trigger\"><\/span><\/button><\/div><div class=\"kt-accordion-panel kt-accordion-panel-hidden\"><div class=\"kt-accordion-panel-inner\">\n<p>Monthly events were held for patients, addressing their main topics of interest. The Encontros Oncologia D\u2019Or (Oncologia D\u2019Or Meetings) project in Rio de Janeiro was maintained, alternating between online and in-person formats; in S\u00e3o Paulo, the project took place every two months; and the Bahia regional office joined the project in special sessions, scheduled according to the demand for certain topics. The project also resulted in a 10-episode web series for Oncologia D\u2019Or\u2019s YouTube channel and had a special in-person edition for Pink October, which was part of the activation calendar for patients in the O Ano Todo Rosa (Pink All Year) campaign.<\/p>\n<\/div><\/div><\/div>\n\n\n\n<div class=\"wp-block-kadence-pane kt-accordion-pane kt-accordion-pane-2 kt-pane4201_af4497-e8\"><div class=\"kt-accordion-header-wrap\"><button class=\"kt-blocks-accordion-header kt-acccordion-button-label-show\"><span class=\"kt-blocks-accordion-title-wrap\"><span class=\"kt-blocks-accordion-title\">Oncologia D\u2019Or 2023 International Congress<\/span><\/span><span class=\"kt-blocks-accordion-icon-trigger\"><\/span><\/button><\/div><div class=\"kt-accordion-panel kt-accordion-panel-hidden\"><div class=\"kt-accordion-panel-inner\">\n<p>The <a href=\"https:\/\/eventosoncologiador.com.br\/congresso2023\/\" target=\"_blank\" rel=\"noreferrer noopener\">8<sup>th<\/sup> Oncologia D\u2019Or International Congress<\/a> atreached a record number of attendees \u2014 more than 6,000 people registered \u2014, and exhibitors \u2014 17 partner brands present on three floors of the event \u2014, with 300 speakers gathered to discuss the latest developments in cancer diagnosis and treatment, divided into seven rooms with simultaneous modules.<\/p>\n\n\n\n<p>International and Brazilian guests were part of this historic edition, which took place in April at the Windsor Oce\u00e2nico Hotel\u2019s convention center in Rio de Janeiro.<\/p>\n\n\n\n<p>The event\u2019s wide program discussed the latest and most important developments in the diagnosis and treatment of cancer, including topics such as robotic surgery, organ transplants, integration of specialties, lines of care, new molecular tests, interventions for treating pain and clinical research, with a broad participation of IDOR.<\/p>\n<\/div><\/div><\/div>\n\n\n\n<div class=\"wp-block-kadence-pane kt-accordion-pane kt-accordion-pane-16 kt-pane4201_5acacc-b7\"><div class=\"kt-accordion-header-wrap\"><button class=\"kt-blocks-accordion-header kt-acccordion-button-label-show\"><span class=\"kt-blocks-accordion-title-wrap\"><span class=\"kt-blocks-accordion-title\">Hybrid International Symposia<\/span><\/span><span class=\"kt-blocks-accordion-icon-trigger\"><\/span><\/button><\/div><div class=\"kt-accordion-panel kt-accordion-panel-hidden\"><div class=\"kt-accordion-panel-inner\">\n<p>With the resumption of face-to-face events, in 2023, Oncologia D\u2019Or held its medical meetings and its six scientific symposia in person (some in the hybrid format). The Company held the 8th Oncologia D\u2019Or International Uro-oncology Symposium, in Salvador (June); the 8<sup>th<\/sup> Oncologia D\u2019Or International Lung Cancer Symposium, in Recife (August); the First Oncologia D\u2019Or International Gynecologic Cancer Symposium, in Rio de Janeiro (September); the 10<sup>th<\/sup> Oncologia D\u2019Or International Gastrointestinal Cancer Symposium, in Bras\u00edlia (September); the 9<sup>th<\/sup> International Breast Cancer Symposium, in Fortaleza (October); and the 8<sup>th<\/sup> Oncologia D\u2019Or International Hematology Symposium, in S\u00e3o Paulo (November).<\/p>\n\n\n\n<p>The symposia were attended by 195 nationally and internationally renowned speakers, during the six meetings, with almost 3,291 registrations and nearly 200 participants, 896 of whom attended in person and 130 online, to follow more than 80 hours of original scientific knowledge on the main advances in oncology<\/p>\n<\/div><\/div><\/div>\n\n\n\n<div class=\"wp-block-kadence-pane kt-accordion-pane kt-accordion-pane-17 kt-pane4201_c4871c-fb\"><div class=\"kt-accordion-header-wrap\"><button class=\"kt-blocks-accordion-header kt-acccordion-button-label-show\"><span class=\"kt-blocks-accordion-title-wrap\"><span class=\"kt-blocks-accordion-title\">National Pink October events<\/span><\/span><span class=\"kt-blocks-accordion-icon-trigger\"><\/span><\/button><\/div><div class=\"kt-accordion-panel kt-accordion-panel-hidden\"><div class=\"kt-accordion-panel-inner\">\n<p>In 2023, we expanded events for patients in the Pink October campaign, with activations of the Oncologia D\u2019Or\u2019s <strong><a href=\"https:\/\/www.rededorsaoluiz.com.br\/onco\/oncologiador\/campanha\/oanotodorosa\" target=\"_blank\" rel=\"noreferrer noopener\">Ano Todo Rosa<\/a> <\/strong>campaign in different regions. The aim was to raise awareness of breast cancer in the month in which the world shines a light on the subject, while delivering the content of Oncologia D\u2019Or website, which is available all year round, in order to inform people about ways of preventing and treating this type of tumor. The main events were:<\/p>\n\n\n\n<ul class=\"wp-block-list\">\n<li>Street Run for Life (Salvador);<\/li>\n\n\n\n<li>Event with Frevo dance classes and light show at fine artist Francisco Brennand\u2019s Crystal Tower (Recife);<\/li>\n\n\n\n<li>Papo pela Vida (Chatting about life) \u2013 Talk Show with specialists and guests and parade with patients (S\u00e3o Paulo);<\/li>\n\n\n\n<li>Dance event and talk sessions with professionals (Fortaleza);<\/li>\n\n\n\n<li>Morning with work out sessions at Morro da Urca (Rio de Janeiro);<\/li>\n\n\n\n<li>Encontro Delas: Edi\u00e7\u00e3o Especial O Ano Todo Rosa (Women Together: Pink All Year Special Edition) \u2013 Talk session with guests (Rio de Janeiro);<\/li>\n\n\n\n<li>Unraveling Breast Cancer Myths - morning lecture for the NGO \u201cMarque esse Gol\u201d, for women undergoing breast cancer treatment, and guided tour of the recently renovated Flamengo Museum (Rio de Janeiro); and<\/li>\n\n\n\n<li>O Ano Todo Rosa street run (Bras\u00edlia).<\/li>\n<\/ul>\n\n\n\n<figure class=\"wp-block-image size-large\"><img loading=\"lazy\" decoding=\"async\" width=\"1024\" height=\"396\" src=\"https:\/\/rededor2023.blendon.com.br\/wp-content\/uploads\/2024\/04\/eventos-nacionais-do-outubro-rosa-1024x396.webp\" alt=\"\" class=\"wp-image-1252\" srcset=\"https:\/\/rededor2023.blendon.com.br\/wp-content\/uploads\/2024\/04\/eventos-nacionais-do-outubro-rosa-1024x396.webp 1024w, https:\/\/rededor2023.blendon.com.br\/wp-content\/uploads\/2024\/04\/eventos-nacionais-do-outubro-rosa-300x116.webp 300w, https:\/\/rededor2023.blendon.com.br\/wp-content\/uploads\/2024\/04\/eventos-nacionais-do-outubro-rosa-768x297.webp 768w, https:\/\/rededor2023.blendon.com.br\/wp-content\/uploads\/2024\/04\/eventos-nacionais-do-outubro-rosa.webp 1200w\" sizes=\"(max-width: 1024px) 100vw, 1024px\" \/><figcaption class=\"wp-element-caption\">the Oncologia D\u2019Or\u2019s Ano Todo Rosa campaign<\/figcaption><\/figure>\n<\/div><\/div><\/div>\n<\/div><\/div><\/div>\n<\/div><\/div>\n\n<\/div><\/div>\n\n\n<div style=\"height:80px\" aria-hidden=\"true\" class=\"wp-block-spacer\"><\/div>\n\n\n<div class=\"kb-row-layout-wrap kb-row-layout-id4201_c98c49-de alignnone kt-row-has-bg wp-block-kadence-rowlayout\"><div class=\"kt-row-column-wrap kt-has-2-columns kt-row-layout-equal kt-tab-layout-inherit kt-mobile-layout-row kt-row-valign-top\">\n\n<div class=\"wp-block-kadence-column kadence-column4201_5e3540-d9\"><div class=\"kt-inside-inner-col\"><\/div><\/div>\n\n\n\n<div class=\"wp-block-kadence-column kadence-column4201_837d14-78\"><div class=\"kt-inside-inner-col\">\n<h4 class=\"wp-block-heading has-kb-palette-2-color has-text-color has-link-color wp-elements-29851af49bd5be1bf1d9be4b22972dc4\">Oncology pharmacies<\/h4>\n\n\n\n<p>We also have oncology pharmacies, which are essential for ensuring the quality of drug-based therapies (such as chemotherapy, target therapy, immunotherapy, hormone therapy, radiotherapy and bone marrow transplantation, called antineoplastic therapies), helping to guarantee greater safety, speed and savings in drug preparation processes.<\/p>\n\n\n\n<p>Throughout 2023, the pharmacy team implemented the processes to use the Data Matrix code (a two-dimensional matrix barcode) to automatically import batch and expiry data into the hospital\u2019s IT system, without the need to print identification labels. This allows for the traceability of drugs, keeping a record of their history from the moment they are received until the moment they are used, as well as eliminating the possibility of information errors and impacts on the pharmacy\u2019s inventory management. The process allows for greater speed and security, optimizing the operational time of the pharmacy\u2019s team.<\/p>\n<\/div><\/div>\n\n<\/div><\/div>\n\n\n<div style=\"height:80px\" aria-hidden=\"true\" class=\"wp-block-spacer\"><\/div>\n\n\n\n<h4 class=\"wp-block-heading\">New units and certifications<\/h4>\n\n\n\n<p>In 2023, we opened new Oncologia D\u2019Or units in different Brazilian regions. In S\u00e3o Bernardo do Campo (SP), the Oncologia D\u2019Or clinic opened at a new address, in the same space as the Rede D\u2019Or Medical Center. Oncologia D\u2019Or Itaim opened in the Visionare Medical Center, in the Itaim neighborhood in S\u00e3o Paulo. In Rio de Janeiro, the Oncologia D\u2019Or Campo Grande unit also began operating in a new space.<\/p>\n\n\n\n<p>In this reporting cycle, the following units were certified:<\/p>\n\n\n\n<ul class=\"wp-block-list\">\n<li>Pio X, Taguatinga, Biosphere and Anchieta units \u2013 JCI recertification;<\/li>\n\n\n\n<li>Pio X Unit \u2013 QOPI (ASCO) recertification.<\/li>\n<\/ul>\n\n\n\n<div style=\"height:80px\" aria-hidden=\"true\" class=\"wp-block-spacer\"><\/div>\n\n\n<div class=\"kb-row-layout-wrap kb-row-layout-id4201_a626cf-81 alignnone kt-row-has-bg wp-block-kadence-rowlayout\"><div class=\"kt-row-column-wrap kt-has-1-columns kt-row-layout-equal kt-tab-layout-inherit kt-mobile-layout-row kt-row-valign-top\">\n\n<div class=\"wp-block-kadence-column kadence-column4201_22db76-90\"><div class=\"kt-inside-inner-col\">\n<h3 class=\"wp-block-heading has-kb-palette-7-color has-text-color has-link-color wp-elements-fdc8d5932997f26fea3850c7dd357476\">SulAm\u00e9rica<\/h3>\n\n\n\n<p class=\"has-kb-palette-3-color has-text-color has-link-color wp-elements-5645a74f4a65b066830b1069561e1f0a\"><strong>GRI 2-6<\/strong><\/p>\n\n\n\n<p>On December 23, 2022, our value proposition was significantly enhanced by the completion of the business combination with SulAm\u00e9rica \u2014 one of Brazil\u2019s leading independent insurance companies. Operating in the segments of healthcare, dental care, life and personal accident insurance; asset management; and private pension products, SulAm\u00e9rica had more than 7 million customers spread across Brazil by year-end 2023.<\/p>\n\n\n\n<p>In a challenging year for the supplementary healthcare sector, the insurance company focused on reducing administrative expenses and gaining synergies from the integration of its businesses, seeking greater efficiency while maintaining its essence. SulAm\u00e9rica\u2019s financial statements, as of 2023, have already been incorporated into Rede D\u2019Or\u2019s balance sheet. SulAm\u00e9rica recoded a 14.6% increase in net revenue, totaling R$27 billion. Consolidated claims ratio, an important sector indicator, fell by 2.1 percentage points in 2023 versus 2022, ending the consolidated year at 86.4%.<\/p>\n\n\n\n<p>SulAm\u00e9rica ended the year with a positive balance, related to the growth in the number of beneficiaries, adding close to 40,000 new lives, considering health and dental care plans. This result arises from several strategies adopted, ranging from the fight against fraud to the launch of products, including the intelligent network of hospitals and laboratories with national or regional coverage at competitive prices. The investments in cross-sell initiatives and customer activation, which standardized, automated and tailored approaches and communication. In addition to a continuous campaign and offer routine, several multidisciplinary projects were implemented, focused on improving data visualization, such as linking customers with brokers, and a business platform for brokers to work on commercial opportunities.<\/p>\n\n\n\n<p>Another important step was to control the parameters of claims, thus curbing fraud, reviewing the operational strategy and investing in technology in the beneficiary relationship interface.<\/p>\n\n\n\n<div class=\"wp-block-kadence-column kadence-column4201_bf5daa-c9\"><div class=\"kt-inside-inner-col\"><\/div><\/div>\n\n\n\n<div style=\"height:40px\" aria-hidden=\"true\" class=\"wp-block-spacer\"><\/div>\n\n\n<div class=\"kb-row-layout-wrap kb-row-layout-id4201_6f98a2-25 alignnone wp-block-kadence-rowlayout\"><div class=\"kt-row-column-wrap kt-has-1-columns kt-row-layout-equal kt-tab-layout-inherit kt-mobile-layout-row kt-row-valign-top\">\n\n<div class=\"wp-block-kadence-column kadence-column4201_a142e6-cb\"><div class=\"kt-inside-inner-col\">\n<h4 class=\"wp-block-heading has-kb-palette-7-color has-text-color has-link-color wp-elements-fac344baa4fe9aa4a36b6050f555e904\">Fighting Fraud<\/h4>\n\n\n\n<p><br>SulAm\u00e9rica, like the entire sector, has seen a substantial growth in fraud against healthcare plans. For this reason, in 2023, the company sought to raise awareness among beneficiaries, service providers, client companies and brokers about the correct use of the benefit, which is essential to maintaining the sustainability of supplementary healthcare. In addition to joining the campaigns promoted by the Brazilian Association of Healthcare Plans (Abramge, in Portuguese) and the Brazilian Federation for Private Health Insurance and Plans (FenaSa\u00fade, in Portuguese), SulAm\u00e9rica invested in technological resources to map abuses and signs of fraud in the use of the plan. The company also adopted a new approach in its communications and developed a targeted communication plan.<\/p>\n\n\n\n<p>Studies show that cost of claims for people impacted by the communication reduced by almost 30%. Given its success, the project will continue and be expanded to other operations. SulAm\u00e9rica will invest in technology to improve its algorithm to have a timelier response.<\/p>\n\n\n\n<p>The company also expects to make progress in mapping advertisers for a daily routine of solutions, and advanced measurement tools will be implemented in order to guarantee efficient results.<br><\/p>\n<\/div><\/div>\n\n<\/div><\/div>\n\n\n<div style=\"height:80px\" aria-hidden=\"true\" class=\"wp-block-spacer\"><\/div>\n\n\n\n<h4 class=\"wp-block-heading has-kb-palette-3-color has-text-color has-link-color wp-elements-d19edc3fc9064487c7a5e148fae65fd5\">Relacionamento com os stakeholders<\/h4>\n\n\n\n<div class=\"wp-block-kadence-accordion alignnone\"><div class=\"kt-accordion-wrap kt-accordion-id4201_fdc6e6-e1 kt-accordion-has-21-panes kt-active-pane-0 kt-accordion-block kt-pane-header-alignment-left kt-accodion-icon-style-basic kt-accodion-icon-side-right\" style=\"max-width:none\"><div class=\"kt-accordion-inner-wrap\" data-allow-multiple-open=\"true\" data-start-open=\"none\">\n<div class=\"wp-block-kadence-pane kt-accordion-pane kt-accordion-pane-1 kt-pane4201_1e6109-26\"><div class=\"kt-accordion-header-wrap\"><button class=\"kt-blocks-accordion-header kt-acccordion-button-label-show\"><span class=\"kt-blocks-accordion-title-wrap\"><span class=\"kt-blocks-accordion-title\">Beneficiaries<\/span><\/span><span class=\"kt-blocks-accordion-icon-trigger\"><\/span><\/button><\/div><div class=\"kt-accordion-panel kt-accordion-panel-hidden\"><div class=\"kt-accordion-panel-inner\">\n<p>SulAm\u00e9rica has improved its beneficiary service and relationship by reinforcing its purpose of improving people\u2019s lives, ensuring access to quality healthcare and delivering the best clinical outcome. The app, one of the main points of contact between beneficiaries and the company, continued to receive investments to provide a more fluid user experience.<\/p>\n\n\n\n<p>Digital resources stood out throughout 2023 as we sought to promote services that facilitate and speed up access to healthcare, such as appointment scheduling, online visits in various specialties, medication prescriptions, exam guides, doctor\u2019s notes, reimbursement via the app and with biometrics. We also promoted the use of Labln, a home laboratory service, offering beneficiaries convenience and agility.<\/p>\n\n\n\n<p>In order to strengthen its main advantage, which is high-quality care services, the insurer has sought, among other initiatives, to work on lines of care, with a team of physicians and specialists to monitor the patient\u2019s entire health journey. Likewise, it has improved initiatives aimed at disease prevention, by offering periodic examinations and raising awareness among corporate customers about healthcare offers for its employees.<a href=\"#_msocom_6\"><\/a><\/p>\n<\/div><\/div><\/div>\n\n\n\n<div class=\"wp-block-kadence-pane kt-accordion-pane kt-accordion-pane-2 kt-pane4201_275d34-e1\"><div class=\"kt-accordion-header-wrap\"><button class=\"kt-blocks-accordion-header kt-acccordion-button-label-show\"><span class=\"kt-blocks-accordion-title-wrap\"><span class=\"kt-blocks-accordion-title\">Customers\/Companies<\/span><\/span><span class=\"kt-blocks-accordion-icon-trigger\"><\/span><\/button><\/div><div class=\"kt-accordion-panel kt-accordion-panel-hidden\"><div class=\"kt-accordion-panel-inner\">\n<p>During 2023, SulAm\u00e9rica continued the strategy of delivering value to its Health and Dental customers. We revised contracts, introducing or increasing co- pay; revised reimbursement multiples; and reinforced actions to fight fraud. This allowed better adjustment negotiations with corporate customers, focusing on positive results for everyone.<\/p>\n\n\n\n<p>The dental plan was another action to increase the benefits offered to health beneficiaries of companies in the SME+, Corporate and Managed segments, expanding the benefits offered to these clients. The company also worked to strengthen its relationships and give visibility to its strategic paths, including communication actions, events, sponsorships and partnerships structured since the implementation of contracts.<\/p>\n<\/div><\/div><\/div>\n\n\n\n<div class=\"wp-block-kadence-pane kt-accordion-pane kt-accordion-pane-19 kt-pane4201_5bc052-07\"><div class=\"kt-accordion-header-wrap\"><button class=\"kt-blocks-accordion-header kt-acccordion-button-label-show\"><span class=\"kt-blocks-accordion-title-wrap\"><span class=\"kt-blocks-accordion-title\">Agents<\/span><\/span><span class=\"kt-blocks-accordion-icon-trigger\"><\/span><\/button><\/div><div class=\"kt-accordion-panel kt-accordion-panel-hidden\"><div class=\"kt-accordion-panel-inner\">\n<p>Our network of over 37,000 agents was a crucial element of the actions designed to strengthen our relationships. SulAm\u00e9rica recognized the unique characteristics of each region with specific actions and the launch of regional products. One of the most important launches of the year was the new portfolio of dental services, restructured to reach more beneficiaries.<\/p>\n\n\n\n<p>In 2023, we promoted Onda Laranja (Orange Wave), an event that highlights SulAm\u00e9rica\u2019s color, in 20 states, strengthening our relationship to over 6,000 brokers, reinforcing the company\u2019s competitive advantages and bringing us closer to our salesforce, thus boosting sustainable growth.<\/p>\n<\/div><\/div><\/div>\n\n\n\n<div class=\"wp-block-kadence-pane kt-accordion-pane kt-accordion-pane-20 kt-pane4201_77bd89-e7\"><div class=\"kt-accordion-header-wrap\"><button class=\"kt-blocks-accordion-header kt-acccordion-button-label-show\"><span class=\"kt-blocks-accordion-title-wrap\"><span class=\"kt-blocks-accordion-title\">Physicians<\/span><\/span><span class=\"kt-blocks-accordion-icon-trigger\"><\/span><\/button><\/div><div class=\"kt-accordion-panel kt-accordion-panel-hidden\"><div class=\"kt-accordion-panel-inner\">\n<p>Structuring a robust event agenda and having a frequent and consistent communication network is key to strengthening the partnership with SulAm\u00e9rica\u2019s more than 10 thousand service providers, including physicians, hospitals, clinics and laboratories. In 2023, SulAm\u00e9rica invested heavily in expanding the accredited network in some regions, especially Minas Gerais. More than 450 new service providers were included in the network, as well as thousands of specialties for service, reaffirming the Company\u2019s commitment to expanding access to healthcare and strengthening its presence in the region.<\/p>\n<\/div><\/div><\/div>\n<\/div><\/div><\/div>\n\n\n\n<div style=\"height:80px\" aria-hidden=\"true\" class=\"wp-block-spacer\"><\/div>\n\n\n<div class=\"kb-row-layout-wrap kb-row-layout-id4201_b59aeb-ec alignnone has-kb-palette-7-background-color kt-row-has-bg wp-block-kadence-rowlayout\"><div class=\"kt-row-column-wrap kt-has-1-columns kt-row-layout-equal kt-tab-layout-inherit kt-mobile-layout-row kt-row-valign-top\">\n\n<div class=\"wp-block-kadence-column kadence-column4201_c32d73-a1\"><div class=\"kt-inside-inner-col\">\n<h4 class=\"wp-block-heading has-kb-palette-3-color has-text-color has-link-color wp-elements-3a570b96f2c394f0db0056bcb53e8cc9\">New Products<\/h4>\n\n\n\n<p>One of the solutions adopted to contribute to business sustainability, both for the operator and its client companies, was to invest in the sale of products with co participation, offering a more affordable price to end users and raising awareness among beneficiaries about the best way to use the health insurance (avoiding wastage and reporting fraud).<\/p>\n\n\n\n<p>Aimed at pursuing profitability, new regional products were launched to offer a range of alternatives that meet the characteristics and demands of each Brazilian region.<\/p>\n\n\n\n<p>This business strategy, combined with customer relationship, has resulted in an increase in the number of beneficiaries of 8.7% in the period from 2021 to 2023, which represents more than 4.9 million beneficiaries of health and dental insurance.<\/p>\n\n\n\n<p><strong>Products launched in 2023<\/strong><\/p>\n\n\n\n<ul class=\"wp-block-list\">\n<li><em>Novo Portf\u00f3lio Odonto<\/em><\/li>\n\n\n\n<li><em>Direto Aracaj\u00fa<\/em><\/li>\n\n\n\n<li><em>Direto Nacional SP<\/em><\/li>\n\n\n\n<li><em>Direto Nacional RJ<\/em><\/li>\n\n\n\n<li><em>Direto Nacional Fortaleza<\/em><\/li>\n\n\n\n<li><em>Direto Nacional Salvador<\/em><\/li>\n\n\n\n<li><em>Direto Nacional BH<\/em><\/li>\n\n\n\n<li><em>Direto Recife<\/em><\/li>\n\n\n\n<li><em>Especial Mais SP Capital<\/em><\/li>\n\n\n\n<li><em>Especial Mais SP Interior 1 (Campinas)<\/em><\/li>\n\n\n\n<li><em>Especial Mais SP Interior 3 (Ribeir\u00e3o)<\/em><\/li>\n\n\n\n<li><em>Especial Salvador<\/em><\/li>\n\n\n\n<li><em>Especial Mais Interior 2<\/em><\/li>\n\n\n\n<li><em>Especial Mais Direto Aracaju<\/em><\/li>\n<\/ul>\n<\/div><\/div>\n\n<\/div><\/div>\n\n\n<div style=\"height:80px\" aria-hidden=\"true\" class=\"wp-block-spacer\"><\/div>\n\n\n\n<h4 class=\"wp-block-heading has-kb-palette-3-color has-text-color has-link-color wp-elements-6789e7bd7ee0e4a56559d059fa3b8c0c\">Incentivized projects<\/h4>\n\n\n\n<p>In 2023, SulAm\u00e9rica sponsored three projects by using the Culture and Sports Laws. Focused on broadening access to culture and leisure, the company continued its partnership with the Ouro Preto Orchestra, promoting an open concert for 15,000 people, at Villa Lobos Park, in S\u00e3o Paulo (SP), with the special participation of singer Diogo Nogueira. Together with the orchestra, the company also sponsored the Ouro Preto Orchestra Academy, which is responsible for accelerating the careers of 17 young musicians. As regards sports, to encourage people to exercise, we promoted another edition of the Move project, a free arena for 2,000 people in Villa Lobos Park, with street running and walking, dance classes, Pilates, activities for children and consultations with a nutritionist.<\/p>\n\n\n\n<div style=\"height:80px\" aria-hidden=\"true\" class=\"wp-block-spacer\"><\/div>\n\n\n\n<h4 class=\"wp-block-heading has-kb-palette-3-color has-text-color has-link-color wp-elements-32b46ea5e776135cda4654127d4837a6\">SulAmerica Investimentos<\/h4>\n\n\n\n<p>In 2023, SulAm\u00e9rica Investimentos reaffirmed its commitment to the ongoing pursuit of excellence in asset management and fiduciary principles. The company stood out among the country\u2019s leading independent asset managers and was recognized as the Best Investment Grade Fixed Income Pension Manager by the Valor \/ FGV ranking and the Best Fixed Income Asset in the Guia de Fundos FGV (FGV Fund Guide), in the group of specialist managers. It has reached BRL 63 billion in assets under management and administration, more than 200,000 shareholders and BRL 18 billion in private credit assets.<\/p>\n\n\n\n<p>For the 14<sup>th<\/sup> consecutive year, Standard &amp; Poor\u2019s rated SulAm\u00e9rica Investimentos with the highest score in its evaluation of investment fund managers. The confirmation of the top rating \u201cAMP-1 \u2014 Very Strong\u201d reflects the business\u2019 good profile and financial structure; disciplined investment processes, aligned with best management practices; diversified product portfolio; company strategy; and good fiduciary principles, as well as the team\u2019s expertise.<\/p>\n\n\n\n<p>Repeating such an achievement shows the company\u2019s ongoing concern with improving processes, strict risk control and transparency in customer relationship.<\/p>\n\n\n\n<div style=\"height:40px\" aria-hidden=\"true\" class=\"wp-block-spacer\"><\/div>\n\n\n\n<p class=\"has-text-align-center has-kb-palette-3-color has-text-color has-link-color wp-elements-822f6ce71397ff4f1da6143c02345f4d\"><strong>SulAm\u00e9rica in numbers<\/strong><\/p>\n\n\n<div class=\"kb-row-layout-wrap kb-row-layout-id4201_2580af-aa alignnone wp-block-kadence-rowlayout\"><div class=\"kt-row-column-wrap kt-has-4-columns kt-row-layout-two-grid kt-tab-layout-inherit kt-mobile-layout-row kt-row-valign-top\">\n\n<div class=\"wp-block-kadence-column kadence-column4201_5cf733-0f\"><div class=\"kt-inside-inner-col\">\n<p class=\"has-kb-palette-3-color has-text-color has-link-color wp-elements-f9f46dd39cce67db8aeb57fc9fe9be59\" style=\"margin-top:0px;margin-bottom:0px;font-style:normal;font-weight:700;text-transform:uppercase\">BRL<\/p>\n\n\n\n<p class=\"has-kb-palette-3-color has-text-color has-link-color wp-elements-24cc4447b9b05dd445dcdc9bf556dcf8\" style=\"margin-top:0px;margin-bottom:0px;font-size:48px\">27<\/p>\n\n\n\n<p class=\"has-kb-palette-3-color has-text-color has-link-color wp-elements-d12ce75f8d47743fa6a89979d3f2c85b\" style=\"margin-top:0px;margin-bottom:0px;font-size:18px;font-style:normal;font-weight:700\">billion<\/p>\n\n\n\n<p class=\"has-kb-palette-3-color has-text-color has-link-color wp-elements-70339a5fb33020046dde9414d1693c6d\" style=\"font-style:normal;font-weight:700;text-transform:uppercase\">NET REVENUE<\/p>\n<\/div><\/div>\n\n\n\n<div class=\"wp-block-kadence-column kadence-column4201_305874-74\"><div class=\"kt-inside-inner-col\">\n<p class=\"has-kb-palette-3-color has-text-color has-link-color wp-elements-0556f346724c3b60e5f59460b33a184a\" style=\"margin-top:0px;margin-bottom:0px;font-size:48px\">59%<\/p>\n\n\n\n<p class=\"has-kb-palette-3-color has-text-color has-link-color wp-elements-3a9b5f5937355abfbbc0bfe5ed748476\" style=\"font-style:normal;font-weight:700;text-transform:uppercase\">OF LEADERSHIP AND EXECUTIVE LEADERSHIP POSITIONS HELD BY WOMEN<\/p>\n<\/div><\/div>\n\n\n\n<div class=\"wp-block-kadence-column kadence-column4201_8f1091-b1\"><div class=\"kt-inside-inner-col\">\n<p class=\"has-kb-palette-3-color has-text-color has-link-color wp-elements-e3e97dac2c4e3dec8d24320a5a8fe4dd\" style=\"margin-top:0px;margin-bottom:0px;font-size:48px\">37,000<\/p>\n\n\n\n<p class=\"has-kb-palette-3-color has-text-color has-link-color wp-elements-69ad574c877eb4021417e16597b41c21\" style=\"font-style:normal;font-weight:700;text-transform:uppercase\">ACTIVE AGENTS<\/p>\n<\/div><\/div>\n\n\n\n<div class=\"wp-block-kadence-column kadence-column4201_46a005-47\"><div class=\"kt-inside-inner-col\">\n<p class=\"has-kb-palette-3-color has-text-color has-link-color wp-elements-40c8a9c020665d4d3c9bab835f38e0ce\" style=\"margin-top:0px;margin-bottom:0px;font-size:48px\">4.9<\/p>\n\n\n\n<p class=\"has-kb-palette-3-color has-text-color has-link-color wp-elements-30bd79f01745e41a42bdb6336f146e8b\" style=\"margin-top:0px;margin-bottom:0px;font-size:18px;font-style:normal;font-weight:700\">million<\/p>\n\n\n\n<p class=\"has-kb-palette-3-color has-text-color has-link-color wp-elements-bbbfbbde6618ad8ae3af91e102c7a3a6\" style=\"font-style:normal;font-weight:700;text-transform:uppercase\">BENEFICIARIES<\/p>\n<\/div><\/div>\n\n<\/div><\/div>\n\n\n<div style=\"height:24px\" aria-hidden=\"true\" class=\"wp-block-spacer\"><\/div>\n\n\n\n<p>More information about SulAm\u00e9rica is available on the <a href=\"https:\/\/sulamericasaudeintegral.com.br\/\" target=\"_blank\" rel=\"noreferrer noopener\">company's website<\/a> or through the<a href=\"https:\/\/ri.sulamerica.com.br\/\"> <\/a><a href=\"https:\/\/ri.sulamerica.com.br\/\" target=\"_blank\" rel=\"noreferrer noopener\"> Investor Relations channel<\/a>.<\/p>\n<\/div><\/div>\n\n<\/div><\/div>\n\n\n<div style=\"height:50px\" aria-hidden=\"true\" class=\"wp-block-spacer\"><\/div>\n\n\n<div class=\"kb-row-layout-wrap kb-row-layout-id4201_ae7b74-aa alignnone wp-block-kadence-rowlayout\"><div class=\"kt-row-column-wrap kt-has-1-columns kt-row-layout-equal kt-tab-layout-inherit kt-mobile-layout-row kt-row-valign-top\">\n\n<div class=\"wp-block-kadence-column kadence-column4201_c809db-6d\"><div class=\"kt-inside-inner-col\">\n<h3 class=\"wp-block-heading has-kb-palette-3-color has-text-color has-link-color wp-elements-b315080b77a3107361195b68bb5368bd\"><em>Laborat\u00f3rios Richet<\/em><\/h3>\n\n\n\n<p>Acquired in 2018, Laborat\u00f3rios Richet are advanced diagnostic and immunization centers, with 11 units for carrying out medical laboratory tests and diagnostic imaging. With a team of around 450 employees, it operates 10 units in the city of Rio de Janeiro and 1 in Niter\u00f3i (RJ).<\/p>\n\n\n\n<p>Richet operates both in hospitals and in partnership with clinics specializing in fertility, executive check- ups, geriatrics, sports medicine, nutritional support and occupational medicine. It offers a laboratory service structure for clinical research centers with technical, operational and logistic support.<\/p>\n\n\n<div class=\"kb-row-layout-wrap kb-row-layout-id4201_92eee5-14 alignnone wp-block-kadence-rowlayout\"><div class=\"kt-row-column-wrap kt-has-1-columns kt-row-layout-equal kt-tab-layout-inherit kt-mobile-layout-row kt-row-valign-top\">\n\n<div class=\"wp-block-kadence-column kadence-column4201_df89c5-d3\"><div class=\"kt-inside-inner-col\"><\/div><\/div>\n\n<\/div><\/div><\/div><\/div>\n\n<\/div><\/div>\n\n<div class=\"wp-block-image mobile-only\">\n<figure class=\"aligncenter size-large\"><img loading=\"lazy\" decoding=\"async\" width=\"1024\" height=\"590\" src=\"https:\/\/rededor2023.blendon.com.br\/wp-content\/uploads\/2024\/04\/laboratorios-richet-bg-1024x590.webp\" alt=\"\" class=\"wp-image-1279\" srcset=\"https:\/\/rededor2023.blendon.com.br\/wp-content\/uploads\/2024\/04\/laboratorios-richet-bg-1024x590.webp 1024w, https:\/\/rededor2023.blendon.com.br\/wp-content\/uploads\/2024\/04\/laboratorios-richet-bg-300x173.webp 300w, https:\/\/rededor2023.blendon.com.br\/wp-content\/uploads\/2024\/04\/laboratorios-richet-bg-768x442.webp 768w, https:\/\/rededor2023.blendon.com.br\/wp-content\/uploads\/2024\/04\/laboratorios-richet-bg.webp 1200w\" sizes=\"(max-width: 1024px) 100vw, 1024px\" \/><\/figure><\/div>\n\n<div class=\"kb-row-layout-wrap kb-row-layout-id4201_f98008-b1 alignnone kt-row-has-bg wp-block-kadence-rowlayout\"><div class=\"kt-row-column-wrap kt-has-3-columns kt-row-layout-equal kt-tab-layout-inherit kt-mobile-layout-row kt-row-valign-bottom\">\n\n<div class=\"wp-block-kadence-column kadence-column4201_826a24-61\"><div class=\"kt-inside-inner-col\">\n<p style=\"margin-top:0px;margin-bottom:0px;font-style:normal;font-weight:700;text-transform:uppercase\">Laborat\u00f3rios Richet<\/p>\n\n\n\n<p class=\"has-text-color has-link-color wp-elements-2c57ba3045c9f9b909af6bd90dea7265\" style=\"color:#ffffff;font-style:normal;font-weight:700\">are advanced diagnostic and immunization centers<\/p>\n<\/div><\/div>\n\n\n\n<div class=\"wp-block-kadence-column kadence-column4201_ebce5e-3e\"><div class=\"kt-inside-inner-col\">\n<p style=\"margin-top:0px;margin-bottom:0px;font-size:48px\">11<\/p>\n\n\n\n<p class=\"has-text-color has-link-color wp-elements-22316b40716e3fc1b908fb8baf1bb3e9\" style=\"color:#ffffff;font-style:normal;font-weight:700\">units laboratory tests and diagnostic imaging<\/p>\n<\/div><\/div>\n\n\n\n<div class=\"wp-block-kadence-column kadence-column4201_db37d0-32\"><div class=\"kt-inside-inner-col\">\n<p style=\"margin-top:0px;margin-bottom:0px;font-size:48px\">450<\/p>\n\n\n\n<p style=\"margin-top:0px;margin-bottom:0px;font-style:normal;font-weight:700;text-transform:uppercase\">EMPLOYEES<\/p>\n\n\n\n<p class=\"has-text-color has-link-color wp-elements-79aff6c40ceeaa404c7269ae1af3ec79\" style=\"color:#ffffff;font-style:normal;font-weight:700\">With a team of around<\/p>\n<\/div><\/div>\n\n<\/div><\/div>\n\n\n<div style=\"height:120px\" aria-hidden=\"true\" class=\"wp-block-spacer\"><\/div>\n\n\n<div class=\"kb-row-layout-wrap kb-row-layout-id4201_56570d-74 alignnone kt-row-has-bg wp-block-kadence-rowlayout\"><div class=\"kt-row-column-wrap kt-has-2-columns kt-row-layout-equal kt-tab-layout-inherit kt-mobile-layout-row kt-row-valign-middle\">\n\n<div class=\"wp-block-kadence-column kadence-column4201_ce135d-83\"><div class=\"kt-inside-inner-col\">\n<h3 class=\"wp-block-heading has-kb-palette-3-color has-text-color has-link-color wp-elements-99fed8bca2838878e9e3ce3c9ebdd72e\">Instituto D\u2019Or de Pesquisa e Ensino [D\u2019Or Institute for Research and Education]<\/h3>\n\n\n\n<p>Through D\u2019Or Institute for Research and Education (IDOR), we contribute to the production of knowledge; establish partnerships with universities, as well as research and teaching institutions, both in Brazil and abroad; and, at the same time, invest in training and developing professionals in different health fields. This is yet another way in which we seek to contribute to society and the country\u2019s healthcare industry.<\/p>\n\n\n\n<p><a href=\"#_Instituto_IDOR\" target=\"_blank\" rel=\"noreferrer noopener\">Read more about IDOR.<\/a><\/p>\n<\/div><\/div>\n\n\n\n<div class=\"wp-block-kadence-column kadence-column4201_c147d4-5c\"><div class=\"kt-inside-inner-col\"><div class=\"wp-block-image mobile-only\">\n<figure class=\"aligncenter size-large\"><img loading=\"lazy\" decoding=\"async\" width=\"1024\" height=\"597\" src=\"https:\/\/rededor2023.blendon.com.br\/wp-content\/uploads\/2024\/04\/instituto-dor-de-pesquisa-e-ensino-1024x597.webp\" alt=\"\" class=\"wp-image-1286\" srcset=\"https:\/\/rededor2023.blendon.com.br\/wp-content\/uploads\/2024\/04\/instituto-dor-de-pesquisa-e-ensino-1024x597.webp 1024w, https:\/\/rededor2023.blendon.com.br\/wp-content\/uploads\/2024\/04\/instituto-dor-de-pesquisa-e-ensino-300x175.webp 300w, https:\/\/rededor2023.blendon.com.br\/wp-content\/uploads\/2024\/04\/instituto-dor-de-pesquisa-e-ensino-768x448.webp 768w, https:\/\/rededor2023.blendon.com.br\/wp-content\/uploads\/2024\/04\/instituto-dor-de-pesquisa-e-ensino-1536x896.webp 1536w, https:\/\/rededor2023.blendon.com.br\/wp-content\/uploads\/2024\/04\/instituto-dor-de-pesquisa-e-ensino.webp 1920w\" sizes=\"(max-width: 1024px) 100vw, 1024px\" \/><\/figure><\/div><\/div><\/div>\n\n<\/div><\/div>","protected":false},"excerpt":{"rendered":"<p>Rede D'Or Operating for 45 years, we are Rede D\u2019Or S\u00e3o Luiz S.A. (corporate name), a privately held, publicly traded Company that is a benchmark in technical quality and Latin America\u2019s largest integrated healthcare network. We are present in 13 Brazilian states and the Federal District, and our administrative headquarters is located in S\u00e3o Paulo, [&hellip;]<\/p>\n","protected":false},"author":1,"featured_media":2611,"parent":4239,"menu_order":0,"comment_status":"closed","ping_status":"closed","template":"","meta":{"inline_featured_image":false,"footnotes":""},"class_list":["post-4201","page","type-page","status-publish","has-post-thumbnail","hentry"],"acf":[],"_links":{"self":[{"href":"https:\/\/rededor2023.blendon.com.br\/en\/wp-json\/wp\/v2\/pages\/4201"}],"collection":[{"href":"https:\/\/rededor2023.blendon.com.br\/en\/wp-json\/wp\/v2\/pages"}],"about":[{"href":"https:\/\/rededor2023.blendon.com.br\/en\/wp-json\/wp\/v2\/types\/page"}],"author":[{"embeddable":true,"href":"https:\/\/rededor2023.blendon.com.br\/en\/wp-json\/wp\/v2\/users\/1"}],"replies":[{"embeddable":true,"href":"https:\/\/rededor2023.blendon.com.br\/en\/wp-json\/wp\/v2\/comments?post=4201"}],"version-history":[{"count":90,"href":"https:\/\/rededor2023.blendon.com.br\/en\/wp-json\/wp\/v2\/pages\/4201\/revisions"}],"predecessor-version":[{"id":6338,"href":"https:\/\/rededor2023.blendon.com.br\/en\/wp-json\/wp\/v2\/pages\/4201\/revisions\/6338"}],"up":[{"embeddable":true,"href":"https:\/\/rededor2023.blendon.com.br\/en\/wp-json\/wp\/v2\/pages\/4239"}],"wp:featuredmedia":[{"embeddable":true,"href":"https:\/\/rededor2023.blendon.com.br\/en\/wp-json\/wp\/v2\/media\/2611"}],"wp:attachment":[{"href":"https:\/\/rededor2023.blendon.com.br\/en\/wp-json\/wp\/v2\/media?parent=4201"}],"curies":[{"name":"wp","href":"https:\/\/api.w.org\/{rel}","templated":true}]}}